{"id":65,"date":"2022-03-21T19:20:03","date_gmt":"2022-03-21T18:20:03","guid":{"rendered":"https:\/\/tpl.laziska.pl\/?page_id=65"},"modified":"2026-01-06T21:40:21","modified_gmt":"2026-01-06T20:40:21","slug":"z-historii","status":"publish","type":"page","link":"https:\/\/tpl.laziska.pl\/index.php\/z-historii\/","title":{"rendered":"Z historii"},"content":{"rendered":"\n<p><\/p>\n\n\n\n<p>W wolnych g\u0142osach i wnioskach cz\u0142onk\u00f3w towarzystwa cz\u0119sto podejmowany jest temat potrzeby zachowywania dokument\u00f3w i pami\u0105tek przesz\u0142o\u015bci. Trzeba jednak do tego miejsca, gdzie artefakty znalaz\u0142yby si\u0119 pod czu\u0142ym okiem fachowca- opiekuna, z my\u015bl\u0105 o ich wyeksponowaniu w przysz\u0142o\u015bci. Sprawa utworzenia miejskiej izby tradycji lub plac\u00f3wki muzealnej, miejsca, kt\u00f3re przechowywa\u0142oby i udost\u0119pnia\u0142o materia\u0142y zwi\u0105zane z histori\u0105 \u0141azisk G\u00f3rnych to marzenie naszego towarzystwa.<\/p>\n\n\n\n<p><strong>2025 rok<\/strong><\/p>\n\n\n\n<p>14 stycznia &#8211; spotkanie kol\u0119dowe dla cz\u0142onk\u00f3w i przyjaci\u00f3\u0142 towarzystwa<\/p>\n\n\n\n<p>11 lutego &#8211; prelekcja we wsp\u00f3\u0142pracy z policj\u0105 &#8211; Oszustwa internetowe. Na co powinni\u015bmy zwr\u00f3ci\u0107 uwag\u0119?<\/p>\n\n\n\n<p>Zwiedzanie Izby Pami\u0119ci przy KWK &#8222;Boles\u0142aw \u015amia\u0142y&#8221; w \u0141aziskachG\u00f3rnych &#8211; udzia\u0142 czlonk\u00f3w towarzystwa (26 kwietnia)<\/p>\n\n\n\n<p>X Turniej Wiedzy o \u0141aziskach &#8211; konkurs dla m\u0142odzie\u017cy (3 czerwca)<\/p>\n\n\n\n<p>21 czerwca &#8211; kolejna edycja \u015bcie\u017cki historycznej<\/p>\n\n\n\n<p>2 lipca &#8211; prelekcja o mieszka\u0144cach i w\u0142a\u015bcicielach naszego miasta<\/p>\n\n\n\n<p>Organizacja i fina\u0142 VII gry terenowej &#8222;Poznaj swoje miasto jeszcze lepiej&#8221;<\/p>\n\n\n\n<p>10 pa\u017adziernika &#8211; Wycieczka do \u017bywca dla cz\u0142onk\u00f3w Towarzystwa<\/p>\n\n\n\n<p>Fina\u0142 Konkursu literackiego i Konkursu Fotograficznego (28 pa\u017adziernika)<\/p>\n\n\n\n<p>Organizacja konkursu regionalnego dla przedszkoli (6 listopada)<\/p>\n\n\n\n<p>Spotkanie z Magdalen\u0105 Walczyk &#8211; Autork\u0105 ksi\u0105\u017cek wznowionych zwi\u0105zanych z nauk\u0105 regionalizmu<\/p>\n\n\n\n<p>Spotkanie ze starym filmem (po\u0142\u0105czone z konkursem i degustacj\u0105) 28 listopada<\/p>\n\n\n\n<p><strong>2024 rok<\/strong><\/p>\n\n\n\n<p>Spotkanie kol\u0119dowo &#8211; noworoczne dla sympatyk\u00f3w biblioteki i Towarzystwa Przyjaci\u00f3\u0142 \u0141azisk <\/p>\n\n\n\n<p>Spotkanie po\u015bwi\u0119cone Tragedii G\u00f3rno\u015bl\u0105skiej po\u0142\u0105czone z wyk\u0142adem &#8211; wspomnieniami potomk\u00f3w deportowanych, z\u0142o\u017ceniem kwiat\u00f3w pod pami\u0105tkow\u0105 tablic\u0105 (29 stycznia)<\/p>\n\n\n\n<p>Schrony Schron bojowy Sowiniec. Pomimo niesprzyjaj\u0105cej pogody opowie\u015bci Pana Arka rozgrza\u0142y uczestnik\u00f3w spotkania (21 kwietnia)<\/p>\n\n\n\n<p>Z wizyt\u0105 w Izbie Tadycji KWK Boles\u0142aw \u015amia\u0142y oraz na dyspozytorni (18 maja)<\/p>\n\n\n\n<p>Odwiedziny w \u0142aziskim muzeum historii NRD<\/p>\n\n\n\n<p>\u015awi\u0119toja\u0144ski Turniej Wiedzy o \u0141aziskach (23 maja)<\/p>\n\n\n\n<p>Rozdanie nagr\u00f3d w konkursie Wiedzy o \u0141aziskach<\/p>\n\n\n\n<p>Prelekcja o powstaniach \u015bl\u0105skich<\/p>\n\n\n\n<p>Wycieczka cz\u0142onk\u00f3w TP\u0141 do Pszczyny<\/p>\n\n\n\n<p>Rozdanie nagr\u00f3d w Konkursie Fotograficznym<\/p>\n\n\n\n<p>Konkurs regionalny wiedzowo &#8211; artystyczny dla przedszkolak\u00f3w<\/p>\n\n\n\n<p><\/p>\n\n\n\n<p><\/p>\n\n\n\n<p><strong>2023 rok<\/strong><\/p>\n\n\n\n<p>Spotkanie kol\u0119dowo &#8211; noworoczne dla sympatyk\u00f3w biblioteki i Towarzystwa Przyjaci\u00f3\u0142 \u0141azisk <\/p>\n\n\n\n<p>Spotkanie po\u015bwi\u0119cone Tragedii G\u00f3rno\u015bl\u0105skiej po\u0142\u0105czone z wyk\u0142adem oraz projekcj\u0105 filmu &#8222;Skrywane biografie&#8221; (22 lutego) <\/p>\n\n\n\n<p>Realizacje projekt\u00f3w &#8222;Szlakiem kobiet&#8221; oraz &#8222;\u0141aziskie tajemnice&#8221; <\/p>\n\n\n\n<p>Konkurs dla \u0142aziskich przedszkoli &#8222;Moje miejsce na ziemi&#8221; <\/p>\n\n\n\n<p><\/p>\n\n\n\n<p><\/p>\n\n\n\n<p><strong>2022 rok <\/strong><\/p>\n\n\n\n<p> Wybranie w maju nowego Zarz\u0105du Towarzystwa<\/p>\n\n\n\n<p>VII \u015awi\u0119toja\u0144ski Turniej Wiedzy o \u0141aziskach (7 czerwca)<\/p>\n\n\n\n<p>Organizacja spacer\u00f3w historycznych &#8222;\u0141aziskie \u015bcie\u017cki historyczne&#8221;<\/p>\n\n\n\n<p>Restauracja pomnika &#8211; grobu nauczycielki Janiny Walich\u00f3wny<\/p>\n\n\n\n<p><strong>Konkurs Fotograficzny<\/strong> &#8221; \u0141aziskie osiedla&#8221; (17 listopada)  <\/p>\n\n\n\n<p>Konkurs &#8222;\u0141aziska G\u00f3rne &#8211; moje miejsce na ziemi&#8221; (24 listopada)<\/p>\n\n\n\n<p>Og\u0142oszenie wynik\u00f3w Konkursu &#8222;\u0141aziska G\u00f3rne &#8211; moje miejsce na ziemi&#8221; <\/p>\n\n\n\n<p>Og\u0142oszenie wynik\u00f3w VI konkursu fotograficznego pod has\u0142em &#8222;\u0141aziskie osiedla&#8221; (16 grudnia)<\/p>\n\n\n\n<p><\/p>\n\n\n\n<p><strong>2021<\/strong> <strong>rok <\/strong><\/p>\n\n\n\n<p><\/p>\n\n\n\n<p>Wydanie &nbsp;w formie publikacji prac z Konkursu Poetyckiego \u201e\u0141aziskie inspiracje architektur\u0105\u201d<\/p>\n\n\n\n<p><\/p>\n\n\n\n<p>&nbsp;Wydanie z zestawy widok\u00f3wek pt. \u201e\u0141aziska G\u00f3rne \u2013 tak si\u0119 zmienia\u0142o\u201d &nbsp;<\/p>\n\n\n\n<p><\/p>\n\n\n\n<p>Wydanie&nbsp;kalendarza na rok 2022 <\/p>\n\n\n\n<p><\/p>\n\n\n\n<p>Przeprowadzenie Konkursu Poetyckiego \u201eTo, co lubi\u0119 w \u0141aziskach G\u00f3rnych\u201d<\/p>\n\n\n\n<p><\/p>\n\n\n\n<p>Przeprowadzenie Konkursu Fotograficznego \u201eObiekty rekreacji i wypoczynku dla mieszka\u0144c\u00f3w w \u0141aziskach G\u00f3rnych\u201d<\/p>\n\n\n\n<p><\/p>\n\n\n\n<p>Przeprowadzenie Konkursu Plastycznego \u201dMoje ulubione<strong> <\/strong>miejsce, widok, obiekt w \u0141aziskach G\u00f3rnych\u201d <\/p>\n\n\n\n<p><\/p>\n\n\n\n<p>Przeprowadzenie Konkursu Fotograficznego pt. \u201eMoja szko\u0142a, moje ulubione miejsce w \u0141aziskach G\u00f3rnych\u201d <\/p>\n\n\n\n<p><\/p>\n\n\n\n<p>Wydanie w formie publikacji prac z konkursu poetyckiego \u201e\u0141aziskie inspiracje architektura\u201d <\/p>\n\n\n\n<p><\/p>\n\n\n\n<p>Wspomaganie lokalnych wydarze\u0144 kulturalnych i sportowych<\/p>\n\n\n\n<p><\/p>\n\n\n\n<p>Przeprowadzenie gry terenowej \u201ePoznaj swoje&nbsp; miasto jeszcze lepiej\u201d <\/p>\n\n\n\n<p><\/p>\n\n\n\n<p id=\"block-2b302e89-8abe-43d1-a2d1-f2a83bd5a344\"><strong>2019 rok<\/strong><\/p>\n\n\n\n<p id=\"block-2c6f3949-c080-4fbc-b8b8-42bd9f93fac9\">Organizacja pi\u0105tej edycji&nbsp;Turnieju Wiedzy o \u0141aziskach G\u00f3rnych \u201eHistoria i dzie\u0144 dzisiejszy \u0141azisk G\u00f3rnych. Dzieje \u0141azisk od \u015aredniowiecza do XXI wieku\u201d.<\/p>\n\n\n\n<p id=\"block-81fc67ef-a68c-434a-903f-aea76b2a27c5\">Organizacja czwartej edycji Konkursu Fotograficznego \u201d\u0141aziskie krajobrazy\u201d<\/p>\n\n\n\n<p id=\"block-af551e79-c87e-4557-bd00-68e350268887\">Organizacja Konkursu Poetyckiego \u201e\u0141aziskie inspiracje architektury\u201d<\/p>\n\n\n\n<p id=\"block-ca9ceeac-15c1-4e52-be09-dc132cf3d31f\">Organizacja drugiej edycji&nbsp;gry terenowej \u201ePoznaj swoje miasto jeszcze lepiej\u201d<\/p>\n\n\n\n<p id=\"block-4a7b340c-d0b3-4544-abf2-4047a779b00f\">Wydanie w formie publikacji opracowania o \u0142aziskiej kopalni i ulicy Marta Waleska oraz&nbsp; widok\u00f3wek z fotografiami&nbsp;\u0142aziskich krajobraz\u00f3w<\/p>\n\n\n\n<p id=\"block-d588eaf0-0c17-402b-83ff-bc58046a8df0\">Wspomaganie lokalnych wydarze\u0144 kulturalnych i sportowych<\/p>\n\n\n\n<p><strong>2018 rok<\/strong><\/p>\n\n\n\n<p><\/p>\n\n\n\n<p>Wydanie ksi\u0105\u017cki \u201eKopalnia Martha Valeska \u2013 Marta Waleska ulica\u201d <\/p>\n\n\n\n<p><\/p>\n\n\n\n<p>Wydanie zestaw\u00f3w&nbsp;poczt\u00f3wek pt. \u201eEkologiczne \u0141aziska -30-Lecie TP\u0141\u201d<\/p>\n\n\n\n<p><\/p>\n\n\n\n<p>Przeprowadzenie gry terenowej \u201ePoznaj swoje miasto jeszcze lepiej\u201d skierowanej do uczni\u00f3w &nbsp;Szk\u00f3\u0142 Podstawowych z \u0141azisk G\u00f3rnych <\/p>\n\n\n\n<p><\/p>\n\n\n\n<p>Wydanie w formie publikacji drukowanych prac z V konkursu literackiego \u201eMoje wspomnienia z pracy w Elektrowni \u0141aziska\u201d oraz z IV Konkursu Literackiego \u201eWspomnienia z lat II wojny \u015awiatowej\u201d<\/p>\n\n\n\n<p><\/p>\n\n\n\n<p>Zorganizowanie obchod\u00f3w jubileuszu 30-Lecia Towarzystwa Przyjaci\u00f3\u0142 \u0141azisk. Odby\u0142y si\u0119 22.11.2018r.  tym dniu, podczas spotkania, go\u015bciom przedstawiono histori\u0119 TP\u0141, wr\u0119czono statuetki osobom wspieraj\u0105cym i wsp\u00f3\u0142pracuj\u0105cym z TP\u0141. Obchodom towarzyszy\u0142a wystawa wydawnictw z lat 2001 \u2013 2018. Odby\u0142o si\u0119 te\u017c spotkanie z Krystianem Pinocym autorem ksi\u0105\u017cki \u201eKopalnia Martha Valeska \u2013 Marta Waleska ulica\u201d.  Program artystyczny przygotowa\u0142o Ko\u0142o M\u0142odzie\u017cowe TP\u0141 przy SP nr 4. Imprezie towarzyszy\u0142a wystawa prac z Konkursu Plastycznego o \u0141aziskach.<\/p>\n\n\n\n<p><\/p>\n\n\n\n<p>Opracowania wniosk\u00f3w o przyznanie nagrody w konkursach: \u201e\u0141aziszczanin Roku \u201d oraz \u201eZas\u0142u\u017cony tw\u00f3rca i animator kultury\u201d<\/p>\n\n\n\n<p><\/p>\n\n\n\n<p>Zorganizowanie wsp\u00f3lnie z PiMBP w \u0141aziskach G\u00f3rnych spotkania kol\u0119dowo-noworocznego <\/p>\n\n\n\n<p><\/p>\n\n\n\n<p>Zorganizowanie IV \u015awi\u0119toja\u0144skiego Turnieju Wiedzy o \u0141aziskach G\u00f3rnych<\/p>\n\n\n\n<p><\/p>\n\n\n\n<p>Przeprowadzenie Konkursu Fotograficznego \u201e\u0141aziskie Krajobrazy\u201d<\/p>\n\n\n\n<p><\/p>\n\n\n\n<p>Wydanie publikacji \u201e \u0141aziska G\u00f3rne we wspomnieniach mieszka\u0144c\u00f3w\u201d, zawieraj\u0105c\u0105&nbsp; prace&nbsp; z V konkursu Literackiego<\/p>\n\n\n\n<p><\/p>\n\n\n\n<p>Wspomaganie lokalnych wydarze\u0144 kulturalnych i sportowych <\/p>\n\n\n\n<p><\/p>\n\n\n\n<p><strong>2017 rok<\/strong><\/p>\n\n\n\n<p>Utworzenie Ko\u0142a M\u0142odzie\u017cowego TP\u0141 przy Gimnazjum Nr 3 w \u0141aziskach G\u00f3rnych, kt\u00f3re w ramach dzia\u0142alno\u015bci na terenie szko\u0142y przygotowa\u0142o prezentacje multimedialne dotycz\u0105ce lokalnych, \u0142aziskich dzia\u0142aczy, gazetki &#8222;\u0141aziska dawniej i dzi\u015b&#8221;, &#8222;Moja szko\u0142a dawniej i dzi\u015b&#8221;, wzi\u0119li udzia\u0142 w spotkaniu kol\u0119dowym dla cz\u0142onk\u00f3w towarzystwa. <\/p>\n\n\n\n<p><\/p>\n\n\n\n<p>Wydanie 700 zestaw\u00f3w poczt\u00f3wek pt. \u201eEkologiczne \u0141aziska\u201d<\/p>\n\n\n\n<p><\/p>\n\n\n\n<p>Przeprowadzenie III \u015awi\u0119toja\u0144skiego Turnieju Wiedzy o \u0141aziskach \u2013 \u201eHistoria i dzie\u0144 dzisiejszy \u0141azisk G\u00f3rnych. Dzieje \u0141azisk od \u015aredniowiecza do XXI wieku\u201d<\/p>\n\n\n\n<p><\/p>\n\n\n\n<p>Przeprowadzenie Konkursu Literackiego \u201eMoje wspomnienia z pracy w elektrowni\u201d z okazji stulecia Oddzia\u0142u Elektrowni \u201e\u0141aziska\u201d Tauron Wytwarzanie S.A.<\/p>\n\n\n\n<p><\/p>\n\n\n\n<p>Przeprowadzenie VI Konkursu Literackiego \u201eWspomnienia z lat II wojny \u015awiatowej\u201d<\/p>\n\n\n\n<p><\/p>\n\n\n\n<p>Zg\u0142aszanie kandydatur o nagrod\u0119 w konkursach \u201e\u0141aziszczanin Roku \u201d, Honorowy \u0141aziszczanin Roku, \u201eZas\u0142u\u017cony tw\u00f3rca i animator kultury \u201d<\/p>\n\n\n\n<p><\/p>\n\n\n\n<p>Zorganizowanie wsp\u00f3lnie z PiMBP w \u0141aziskach G\u00f3rnych spotkania kol\u0119dowo-noworocznego dla cz\u0142onk\u00f3w TP\u0141 oraz czytelnik\u00f3w PiMBP w \u0141aziskach G\u00f3rnych<\/p>\n\n\n\n<p><\/p>\n\n\n\n<p>Wsparcie imprezy miejskiej IX Bieg Uliczny&nbsp; o \u201e\u0141aziskie Li\u015bcie\u201d im. Alojzego Kalei.&nbsp; <\/p>\n\n\n\n<p><\/p>\n\n\n\n<p>Zorganizowanie prelekcji dr. Marcina Rudego pt. \u201e\u0141aziska na Dawnej Poczt\u00f3wce i Fotografii oraz&nbsp; \u201e\u0141aziskie Krzy\u017ce i Kapliczki Przydro\u017cne\u201d  <\/p>\n\n\n\n<p>Udzia\u0142 w Jubileuszu 10-lecia Zespo\u0142u \u201eCAMERTON\u201dw \u0141aziskach G\u00f3rnych oraz Jubileuszu 35-Lecia Artystycznego Zespo\u0142u Dzieci\u0119cego \u201eRado\u015b\u0107\u201d <\/p>\n\n\n\n<p><\/p>\n\n\n\n<p>Spotkanie z okazji \u015awi\u0119ta Niepodleg\u0142o\u015bci 11-go Listopada, zorganizowane wsp\u00f3lnie z&nbsp; 1 Szczepem Dru\u017cyn Harcerskich i Zuchowych \u201e\u0141aziska\u201d<\/p>\n\n\n\n<p><\/p>\n\n\n\n<p>Wsparcie XVIII edycji Krajowego Konkursu Filmu Amatorskiego o \u201e\u0141aziskie Li\u015bcie\u201d. <\/p>\n\n\n\n<p><\/p>\n\n\n\n<p><\/p>\n","protected":false},"excerpt":{"rendered":"<p>W wolnych g\u0142osach i wnioskach cz\u0142onk\u00f3w towarzystwa cz\u0119sto podejmowany jest temat potrzeby zachowywania dokument\u00f3w i pami\u0105tek przesz\u0142o\u015bci. Trzeba jednak do tego miejsca, gdzie artefakty znalaz\u0142yby si\u0119 pod czu\u0142ym okiem fachowca- opiekuna, z my\u015bl\u0105 o ich wyeksponowaniu w przysz\u0142o\u015bci. Sprawa utworzenia miejskiej izby tradycji lub plac\u00f3wki muzealnej, miejsca, kt\u00f3re przechowywa\u0142oby i udost\u0119pnia\u0142o materia\u0142y zwi\u0105zane z histori\u0105 [&hellip;]<\/p>\n","protected":false},"author":1,"featured_media":0,"parent":0,"menu_order":0,"comment_status":"closed","ping_status":"closed","template":"","meta":{"om_disable_all_campaigns":false,"_monsterinsights_skip_tracking":false,"_monsterinsights_sitenote_active":false,"_monsterinsights_sitenote_note":"","_monsterinsights_sitenote_category":0,"ngg_post_thumbnail":0,"footnotes":""},"class_list":["post-65","page","type-page","status-publish","hentry"],"aioseo_notices":[],"_links":{"self":[{"href":"https:\/\/tpl.laziska.pl\/index.php\/wp-json\/wp\/v2\/pages\/65","targetHints":{"allow":["GET"]}}],"collection":[{"href":"https:\/\/tpl.laziska.pl\/index.php\/wp-json\/wp\/v2\/pages"}],"about":[{"href":"https:\/\/tpl.laziska.pl\/index.php\/wp-json\/wp\/v2\/types\/page"}],"author":[{"embeddable":true,"href":"https:\/\/tpl.laziska.pl\/index.php\/wp-json\/wp\/v2\/users\/1"}],"replies":[{"embeddable":true,"href":"https:\/\/tpl.laziska.pl\/index.php\/wp-json\/wp\/v2\/comments?post=65"}],"version-history":[{"count":45,"href":"https:\/\/tpl.laziska.pl\/index.php\/wp-json\/wp\/v2\/pages\/65\/revisions"}],"predecessor-version":[{"id":1403,"href":"https:\/\/tpl.laziska.pl\/index.php\/wp-json\/wp\/v2\/pages\/65\/revisions\/1403"}],"wp:attachment":[{"href":"https:\/\/tpl.laziska.pl\/index.php\/wp-json\/wp\/v2\/media?parent=65"}],"curies":[{"name":"wp","href":"https:\/\/api.w.org\/{rel}","templated":true}]}}