{"id":130,"date":"2022-04-19T23:55:47","date_gmt":"2022-04-19T21:55:47","guid":{"rendered":"https:\/\/tpl.laziska.pl\/?page_id=130"},"modified":"2026-03-23T22:26:25","modified_gmt":"2026-03-23T21:26:25","slug":"aktualnosci","status":"publish","type":"page","link":"https:\/\/tpl.laziska.pl\/","title":{"rendered":"Aktualno\u015bci"},"content":{"rendered":"\n<p><\/p>\n\n\n<div class=\"wp-block-image\">\n<figure class=\"aligncenter size-large is-resized\"><img loading=\"lazy\" decoding=\"async\" width=\"1024\" height=\"1024\" src=\"https:\/\/tpl.laziska.pl\/wp-content\/uploads\/2026\/03\/646128263_917803287669175_2804544137838563195_n-1024x1024.jpg\" alt=\"\" class=\"wp-image-1461\" style=\"width:454px;height:auto\" srcset=\"https:\/\/tpl.laziska.pl\/wp-content\/uploads\/2026\/03\/646128263_917803287669175_2804544137838563195_n-1024x1024.jpg 1024w, https:\/\/tpl.laziska.pl\/wp-content\/uploads\/2026\/03\/646128263_917803287669175_2804544137838563195_n-300x300.jpg 300w, https:\/\/tpl.laziska.pl\/wp-content\/uploads\/2026\/03\/646128263_917803287669175_2804544137838563195_n-150x150.jpg 150w, https:\/\/tpl.laziska.pl\/wp-content\/uploads\/2026\/03\/646128263_917803287669175_2804544137838563195_n-768x768.jpg 768w, https:\/\/tpl.laziska.pl\/wp-content\/uploads\/2026\/03\/646128263_917803287669175_2804544137838563195_n-1536x1536.jpg 1536w, https:\/\/tpl.laziska.pl\/wp-content\/uploads\/2026\/03\/646128263_917803287669175_2804544137838563195_n.jpg 1600w\" sizes=\"auto, (max-width: 1024px) 100vw, 1024px\" \/><\/figure>\n<\/div>\n\n\n<p><\/p>\n\n\n\n<p>Spotkanie na BIS- \u0141aziska G\u00f3rne na starej ta\u015bmie to tytu\u0142 kolejnego wyj\u0105tkowego wieczoru zorganizowanego przez nas. Dzi\u0119kujemy za obecno\u015b\u0107 i entuzjazm. Cieszymy si\u0119, \u017ce zaszczepiamy zainteresowanie naszym miastem tak\u017ce w\u015br\u00f3d m\u0142odzie\u017cy.<\/p>\n\n\n\n<p><\/p>\n\n\n<div class=\"wp-block-image\">\n<figure class=\"aligncenter size-large is-resized\"><img loading=\"lazy\" decoding=\"async\" width=\"1024\" height=\"768\" src=\"https:\/\/tpl.laziska.pl\/wp-content\/uploads\/2026\/03\/649679710_923787723737398_2317013284408244357_n-1024x768.jpg\" alt=\"\" class=\"wp-image-1464\" style=\"width:461px;height:auto\" srcset=\"https:\/\/tpl.laziska.pl\/wp-content\/uploads\/2026\/03\/649679710_923787723737398_2317013284408244357_n-1024x768.jpg 1024w, https:\/\/tpl.laziska.pl\/wp-content\/uploads\/2026\/03\/649679710_923787723737398_2317013284408244357_n-300x225.jpg 300w, https:\/\/tpl.laziska.pl\/wp-content\/uploads\/2026\/03\/649679710_923787723737398_2317013284408244357_n-768x576.jpg 768w, https:\/\/tpl.laziska.pl\/wp-content\/uploads\/2026\/03\/649679710_923787723737398_2317013284408244357_n-1536x1152.jpg 1536w, https:\/\/tpl.laziska.pl\/wp-content\/uploads\/2026\/03\/649679710_923787723737398_2317013284408244357_n.jpg 2048w\" sizes=\"auto, (max-width: 1024px) 100vw, 1024px\" \/><\/figure>\n<\/div>\n\n\n<hr class=\"wp-block-separator has-alpha-channel-opacity\"\/>\n\n\n\n<p>Pami\u0119tamy&#8230;<\/p>\n\n\n\n<p>W Dniu Pami\u0119ci o Tragedii G\u00f3rno\u015bl\u0105skiej tradycyjnie w naszym mie\u015bcie upami\u0119tniono ofiary deportacji do ZSRR. W\u0142adze miasta oraz powiatu, \u0142aziscy radni, mieszka\u0144cy, a tak\u017ce przedstawiciele Komisariatu Policji w \u0141aziskach G\u00f3rnych, Stra\u017cy Miejskiej w \u0141aziskach G\u00f3rnych oraz  Komenda Powiatowa Stra\u017cy Po\u017carnej w Miko\u0142\u00f3wie, Ochotnicza Stra\u017c Po\u017carna w \u0141aziskach G\u00f3rnych , 1 Szczep Dru\u017cyn Harcerskich i Zuchowych oraz przedstawiciele naszego Towarzystwa minut\u0105 ciszy uczcili pami\u0119\u0107 ofiar, z\u0142o\u017cyli te\u017c kwiaty i zapalili znicze pod tablic\u0105 pami\u0105tkow\u0105, znajduj\u0105c\u0105 si\u0119 na \u015bcianie Urz\u0119du Miejskiego.<\/p>\n\n\n\n<p><\/p>\n\n\n\n<figure class=\"wp-block-gallery has-nested-images columns-default is-cropped wp-block-gallery-1 is-layout-flex wp-block-gallery-is-layout-flex\">\n<figure class=\"wp-block-image size-large is-resized\"><img loading=\"lazy\" decoding=\"async\" width=\"1024\" height=\"683\" data-id=\"1456\" src=\"https:\/\/tpl.laziska.pl\/wp-content\/uploads\/2026\/03\/618597947_1510475287751188_1920755520075606881_n-1024x683.jpg\" alt=\"\" class=\"wp-image-1456\" style=\"width:366px;height:auto\" srcset=\"https:\/\/tpl.laziska.pl\/wp-content\/uploads\/2026\/03\/618597947_1510475287751188_1920755520075606881_n-1024x683.jpg 1024w, https:\/\/tpl.laziska.pl\/wp-content\/uploads\/2026\/03\/618597947_1510475287751188_1920755520075606881_n-300x200.jpg 300w, https:\/\/tpl.laziska.pl\/wp-content\/uploads\/2026\/03\/618597947_1510475287751188_1920755520075606881_n-768x512.jpg 768w, https:\/\/tpl.laziska.pl\/wp-content\/uploads\/2026\/03\/618597947_1510475287751188_1920755520075606881_n-1536x1024.jpg 1536w, https:\/\/tpl.laziska.pl\/wp-content\/uploads\/2026\/03\/618597947_1510475287751188_1920755520075606881_n.jpg 2048w\" sizes=\"auto, (max-width: 1024px) 100vw, 1024px\" \/><\/figure>\n\n\n\n<figure class=\"wp-block-image size-large is-resized\"><img loading=\"lazy\" decoding=\"async\" width=\"1024\" height=\"837\" data-id=\"1457\" src=\"https:\/\/tpl.laziska.pl\/wp-content\/uploads\/2026\/03\/618612997_1510475617751155_1317747623115377190_n-1024x837.jpg\" alt=\"\" class=\"wp-image-1457\" style=\"width:380px;height:auto\" srcset=\"https:\/\/tpl.laziska.pl\/wp-content\/uploads\/2026\/03\/618612997_1510475617751155_1317747623115377190_n-1024x837.jpg 1024w, https:\/\/tpl.laziska.pl\/wp-content\/uploads\/2026\/03\/618612997_1510475617751155_1317747623115377190_n-300x245.jpg 300w, https:\/\/tpl.laziska.pl\/wp-content\/uploads\/2026\/03\/618612997_1510475617751155_1317747623115377190_n-768x628.jpg 768w, https:\/\/tpl.laziska.pl\/wp-content\/uploads\/2026\/03\/618612997_1510475617751155_1317747623115377190_n-1536x1256.jpg 1536w, https:\/\/tpl.laziska.pl\/wp-content\/uploads\/2026\/03\/618612997_1510475617751155_1317747623115377190_n.jpg 2048w\" sizes=\"auto, (max-width: 1024px) 100vw, 1024px\" \/><\/figure>\n<\/figure>\n\n\n\n<p><\/p>\n\n\n\n<p>\ud835\udc13\ud835\udc2b\ud835\udc1a\ud835\udc20\ud835\udc1e\ud835\udc1d\ud835\udc22\ud835\udc1a \ud835\udc06\ud835\udc28\u0301\ud835\udc2b\ud835\udc27\ud835\udc28\ud835\udc2c\u0301\ud835\udc25\ud835\udc1a\u0328\ud835\udc2c\ud835\udc24\ud835\udc1a \ud835\udc33 \ud835\udc29\ud835\udc1e\ud835\udc2b\ud835\udc2c\ud835\udc29\ud835\udc1e\ud835\udc24\ud835\udc2d\ud835\udc32\ud835\udc30\ud835\udc32 \ud835\udc24\ud835\udc28\ud835\udc26\ud835\udc2e\ud835\udc27\ud835\udc22\ud835\udc2c\ud835\udc2d\ud835\udc32\ud835\udc1c\ud835\udc33\ud835\udc27\ud835\udc32\ud835\udc1c\ud835\udc21 \ud835\udc28\ud835\udc1b\ud835\udc28\ud835\udc33\ud835\udc28\u0301\ud835\udc30 \ud835\udc29\ud835\udc2b\ud835\udc1a\ud835\udc1c\ud835\udc32 by\u0142a tematem spotkania zorganizowanego w Miejskiej Bibliotece Publicznej w \u0141aziskach G\u00f3rnych. By\u0142o to niezwykle poruszaj\u0105ce wydarzenie, kt\u00f3re pozwoli\u0142o spojrze\u0107 na trudn\u0105 i niejednoznaczn\u0105 histori\u0119 G\u00f3rnego \u015al\u0105ska z perspektywy lokalnych do\u015bwiadcze\u0144 i osobistych los\u00f3w jego mieszka\u0144c\u00f3w. Prelegenci \u2013 \ud835\udc13\ud835\udc28\ud835\udc26\ud835\udc1a\ud835\udc2c\ud835\udc33 \ud835\udc11\ud835\udc1a\ud835\udc2d\ud835\udc24\ud835\udc1a oraz \ud835\udc00\ud835\udc2b\ud835\udc24\ud835\udc1a\ud835\udc1d\ud835\udc22\ud835\udc2e\ud835\udc2c\ud835\udc33 \ud835\udc0e\ud835\udc2d\ud835\udc2b\ud835\udc1e\u0328\ud835\udc1b\ud835\udc1a \u2013 wprowadzili zebranych w zawi\u0142\u0105 histori\u0119 los\u00f3w G\u00f3rno\u015bl\u0105zak\u00f3w schy\u0142ku lat 30. oraz lat 40. XX wieku, ukazuj\u0105c dramatyczne konsekwencje wydarze\u0144 tamtego czasu. Uczestnicy poznali histori\u0119 komunistycznych oboz\u00f3w pracy, m.in. Rosengarten w Mys\u0142owicach, Centralnego Obozu Pracy Jaworzno czy obozu Zgoda w \u015awi\u0119toch\u0142owicach, a tak\u017ce oboz\u00f3w pracy dla je\u0144c\u00f3w wojennych, zlokalizowanych w \u0141aziskach. Szczeg\u00f3lne miejsce zaj\u0119\u0142y wspomnienia samych \u0141aziszczan. O tragicznych wydarzeniach 1945 roku, w filmie \ud835\udc07\ud835\udc1e\ud835\udc27\ud835\udc2b\ud835\udc32\ud835\udc24\ud835\udc1a \ud835\udc0b\ud835\udc1a\ud835\udc2d\ud835\udc2e\ud835\udc2c\ud835\udc24\ud835\udc1a \ud835\udc46\ud835\udc58\ud835\udc5f\ud835\udc66\ud835\udc64\ud835\udc4e\ud835\udc5b\ud835\udc52 \ud835\udc4f\ud835\udc56\ud835\udc5c\ud835\udc54\ud835\udc5f\ud835\udc4e\ud835\udc53\ud835\udc56\ud835\udc52, opowiadali \ud835\udc05\ud835\udc2b\ud835\udc1a\ud835\udc27\ud835\udc1c\ud835\udc22\ud835\udc2c\ud835\udc33\ud835\udc1e\ud835\udc24 \ud835\udc12\ud835\udc28\ud835\udc2c\ud835\udc27\ud835\udc1a oraz \ud835\udc01\ud835\udc1e\ud835\udc2b\ud835\udc27\ud835\udc1a\ud835\udc2b\ud835\udc1d \ud835\udc02\ud835\udc22\ud835\udc2c\ud835\udc33\ud835\udc1e\ud835\udc30\ud835\udc2c\ud835\udc24\ud835\udc22 \u2013 nie\u017cyj\u0105cy ju\u017c \u0141aziszczanie, wywiezieni w g\u0142\u0105b Rosji, gdzie do\u015bwiadczyli prawdziwej gehenny. Spotkanie by\u0142o nie tylko lekcj\u0105 historii, ale tak\u017ce wa\u017cnym momentem pami\u0119ci i refleksji \u2013 dla jednych bolesnym powrotem do osobistych wspomnie\u0144, dla innych odkrywaniem nieznanych dot\u0105d kart dziej\u00f3w naszego regionu.<\/p>\n\n\n\n<p><\/p>\n\n\n\n<figure class=\"wp-block-gallery has-nested-images columns-default is-cropped wp-block-gallery-2 is-layout-flex wp-block-gallery-is-layout-flex\"><div class=\"wp-block-image\">\n<figure class=\"aligncenter size-large\"><img loading=\"lazy\" decoding=\"async\" width=\"1024\" height=\"636\" data-id=\"1460\" src=\"https:\/\/tpl.laziska.pl\/wp-content\/uploads\/2026\/03\/627402705_1521611059970944_5215195743783002258_n-1-1024x636.jpg\" alt=\"\" class=\"wp-image-1460\" srcset=\"https:\/\/tpl.laziska.pl\/wp-content\/uploads\/2026\/03\/627402705_1521611059970944_5215195743783002258_n-1-1024x636.jpg 1024w, https:\/\/tpl.laziska.pl\/wp-content\/uploads\/2026\/03\/627402705_1521611059970944_5215195743783002258_n-1-300x186.jpg 300w, https:\/\/tpl.laziska.pl\/wp-content\/uploads\/2026\/03\/627402705_1521611059970944_5215195743783002258_n-1-768x477.jpg 768w, https:\/\/tpl.laziska.pl\/wp-content\/uploads\/2026\/03\/627402705_1521611059970944_5215195743783002258_n-1-1536x954.jpg 1536w, https:\/\/tpl.laziska.pl\/wp-content\/uploads\/2026\/03\/627402705_1521611059970944_5215195743783002258_n-1.jpg 2048w\" sizes=\"auto, (max-width: 1024px) 100vw, 1024px\" \/><\/figure>\n<\/div><\/figure>\n\n\n\n<p><\/p>\n\n\n\n<hr class=\"wp-block-separator has-alpha-channel-opacity\"\/>\n\n\n\n<p>\u015awi\u0105teczny nastr\u00f3j rozgo\u015bci\u0142 si\u0119 na dobre w Miejskiej Bibliotece w \u0141aziskach G\u00f3rnych, a wszystko za spraw\u0105 kol\u0119dowania zorganizowanego przez Towarzystwo Przyjaci\u00f3\u0142 \u0141azisk. Po przywitaniu i z\u0142o\u017ceniu \u017cycze\u0144, zesp\u00f3\u0142 muzyczny ze Szko\u0142y Podstawowej nr 1, kierowany przez nauczycielk\u0119 Justyn\u0119 Sosn\u0119, zaprosi\u0142 do wsp\u00f3lnego kol\u0119dowania. Podczas koncertu w \u015bwi\u0105tecznym repertuarze zaprezentowa\u0142y si\u0119 r\u00f3wnie\u017c solistki Natalia Gembara oraz Lena Kr\u00f3l, a tak\u017ce absolwentka SP4, a obecna uczennica I LO im. Karola Miarki &#8211; Julia Otr\u0119ba. W drugiej cz\u0119\u015bci \u015bwi\u0105tecznego spotkania to przybyli go\u015bcie w\u0142\u0105czyli si\u0119 do wsp\u00f3lnego \u015bpiewu. O akompaniament zadba\u0142a Monika Otr\u0119ba. \u015awi\u0105teczne spotkanie zorganizowane w bibliotece cieszy\u0142o si\u0119 ogromnym zainteresowaniem. Do wsp\u00f3lnego kol\u0119dowania w\u0142\u0105czyli si\u0119 r\u00f3wnie\u017c wiceburmistrz Jan Ratka, przewodnicz\u0105cy Rady Miejskiej Tadeusz Kr\u00f3l, radny Grzegorz Pieter oraz dyrektor MBP Katarzyna Syryjczyk-S\u0142omska.<\/p>\n\n\n\n<figure class=\"wp-block-gallery has-nested-images columns-default is-cropped wp-block-gallery-3 is-layout-flex wp-block-gallery-is-layout-flex\">\n<figure class=\"wp-block-image size-large\"><img loading=\"lazy\" decoding=\"async\" width=\"590\" height=\"495\" data-id=\"1394\" src=\"https:\/\/tpl.laziska.pl\/wp-content\/uploads\/2026\/01\/600243179_860306183418886_1410279569615378743_n.jpg\" alt=\"\" class=\"wp-image-1394\" srcset=\"https:\/\/tpl.laziska.pl\/wp-content\/uploads\/2026\/01\/600243179_860306183418886_1410279569615378743_n.jpg 590w, https:\/\/tpl.laziska.pl\/wp-content\/uploads\/2026\/01\/600243179_860306183418886_1410279569615378743_n-300x252.jpg 300w\" sizes=\"auto, (max-width: 590px) 100vw, 590px\" \/><\/figure>\n<\/figure>\n\n\n\n<hr class=\"wp-block-separator has-alpha-channel-opacity\"\/>\n\n\n\n<p><\/p>\n\n\n\n<p>28 listopada niezwyk\u0142e wydarzenie zgromadzi\u0142o zar\u00f3wno senior\u00f3w, jak i m\u0142odych \u0142aziszczan \u017cywo zainteresowanych histori\u0105 naszego miasta. Zacz\u0119li\u015bmy od projekcji wywiadu z legend\u0105 miasta, Augustynem Pach\u0105, nast\u0119pnie zobaczyli\u015bmy \u201eZomek\u201d oraz fragmenty wydarzenia \u201e\u0141aziskie Barwy M\u0142odo\u015bci\u201d. Wprowadzenia dokona\u0142 Tomasz Ratka zaznajamiaj\u0105c zebranych z technik\u0105 filmowania w ubieg\u0142ym wieku. Wisienk\u0105 na torcie by\u0142 film kr\u0119cony przez Telewizj\u0119 Katowice w 1987 roku z okazji 700-lecia naszego miasta. Film, przekazany do nas na wielkiej szpuli, zosta\u0142 poddany digitalizacji, dzi\u0119ki czemu mo\u017cliwa by\u0142a projekcja. Pocz\u0119stunek sfinansowano ze \u015brodk\u00f3w Miasto \u0141aziska G\u00f3rne.<\/p>\n\n\n<div class=\"wp-block-image\">\n<figure class=\"aligncenter size-large is-resized\"><img loading=\"lazy\" decoding=\"async\" width=\"1024\" height=\"768\" src=\"https:\/\/tpl.laziska.pl\/wp-content\/uploads\/2025\/12\/588737077_1463780379087346_4182040370538243101_n-2-1024x768.jpg\" alt=\"\" class=\"wp-image-1345\" style=\"width:451px;height:338px\" srcset=\"https:\/\/tpl.laziska.pl\/wp-content\/uploads\/2025\/12\/588737077_1463780379087346_4182040370538243101_n-2-1024x768.jpg 1024w, https:\/\/tpl.laziska.pl\/wp-content\/uploads\/2025\/12\/588737077_1463780379087346_4182040370538243101_n-2-300x225.jpg 300w, https:\/\/tpl.laziska.pl\/wp-content\/uploads\/2025\/12\/588737077_1463780379087346_4182040370538243101_n-2-768x576.jpg 768w, https:\/\/tpl.laziska.pl\/wp-content\/uploads\/2025\/12\/588737077_1463780379087346_4182040370538243101_n-2-1536x1152.jpg 1536w, https:\/\/tpl.laziska.pl\/wp-content\/uploads\/2025\/12\/588737077_1463780379087346_4182040370538243101_n-2.jpg 2048w\" sizes=\"auto, (max-width: 1024px) 100vw, 1024px\" \/><\/figure>\n<\/div>\n\n\n<p><\/p>\n\n\n\n<p>W pi\u0105tek, 28 listopada o godz.18.00 zapraszamy do Miejskiej Biblioteki w \u0141aziskach G\u00f3rnych na projekcj\u0119 filmu o naszym mie\u015bcie, kt\u00f3ry zosta\u0142 nakr\u0119cony przez telewizj\u0119 Katowice w 1987 roku z okazji 700 &#8211; lecia naszego miasta.<\/p>\n\n\n\n<p>Film dzi\u015b uchodzi za unikat gatunku, poniewa\u017c przedstawia nasze miasto z perspektywy jego historii, reporta\u017cu o rozwoju i \u017cyciu mieszka\u0144c\u00f3w. Podczas spotkania, cz\u0142onkowie Towarzystwa Przyjaci\u00f3\u0142 \u0141azisk z przyjemno\u015bci\u0105 przedstawi\u0105 go\u015bciom sprz\u0119t filmowy, jaki by\u0142 u\u017cywany w tamtych czasach, opowiedz\u0105 o metodach kr\u0119cenia reporta\u017cy oraz technice ich projekcji na ekranie.<\/p>\n\n\n<div class=\"wp-block-image\">\n<figure class=\"aligncenter size-large is-resized\"><img loading=\"lazy\" decoding=\"async\" width=\"1024\" height=\"1024\" src=\"https:\/\/tpl.laziska.pl\/wp-content\/uploads\/2025\/12\/586730733_1453119560153428_5581703104259571681_n-1024x1024.jpg\" alt=\"\" class=\"wp-image-1330\" style=\"width:509px;height:509px\" srcset=\"https:\/\/tpl.laziska.pl\/wp-content\/uploads\/2025\/12\/586730733_1453119560153428_5581703104259571681_n-1024x1024.jpg 1024w, https:\/\/tpl.laziska.pl\/wp-content\/uploads\/2025\/12\/586730733_1453119560153428_5581703104259571681_n-300x300.jpg 300w, https:\/\/tpl.laziska.pl\/wp-content\/uploads\/2025\/12\/586730733_1453119560153428_5581703104259571681_n-150x150.jpg 150w, https:\/\/tpl.laziska.pl\/wp-content\/uploads\/2025\/12\/586730733_1453119560153428_5581703104259571681_n-768x768.jpg 768w, https:\/\/tpl.laziska.pl\/wp-content\/uploads\/2025\/12\/586730733_1453119560153428_5581703104259571681_n-1536x1536.jpg 1536w, https:\/\/tpl.laziska.pl\/wp-content\/uploads\/2025\/12\/586730733_1453119560153428_5581703104259571681_n.jpg 1600w\" sizes=\"auto, (max-width: 1024px) 100vw, 1024px\" \/><\/figure>\n<\/div>\n\n\n<hr class=\"wp-block-separator has-alpha-channel-opacity\"\/>\n\n\n\n<p>Spotkanie autorskie z Magdalen\u0105 Walczyk ju\u017c za nami.<\/p>\n\n\n\n<p>Frekwencja przeros\u0142a nasze oczekiwania. Ogromna to rado\u015b\u0107 widzie\u0107, jak wielu z Pa\u0144stwa bliskie sercu s\u0105 nasza tradycja, j\u0119zyk, zwyczaje. Dzi\u0119kujemy za Wasz\u0105 obecno\u015b\u0107. Wielkie podzi\u0119kowania dla autorki, kt\u00f3rej energia, wra\u017cliwo\u015b\u0107 i ogromna wiedza uczyni\u0142y to spotkanie wyjatkowym. By\u0142 nawet konkurs gwary dla publiczno\u015bci. Prezentowane pozycje, kt\u00f3rych jeste\u015bmy wydawc\u0105, z pewno\u015bci\u0105 b\u0119d\u0105 inspiracj\u0105 dla nauczycieli i nie tylko, na \u015bcie\u017ckach edukacji regionalnej. Zwie\u0144czeniem spotkania by\u0142y autografy, po kt\u00f3re do autorki ustawi\u0142a si\u0119 spora kolejka ch\u0119tnych. <\/p>\n\n\n\n<p><\/p>\n\n\n\n<p>Zapraszamy na spotkanie z Autork\u0105 wznowionych wyda\u0144 ksi\u0105\u017cek&#8230;<\/p>\n\n\n\n<p><\/p>\n\n\n<div class=\"wp-block-image\">\n<figure class=\"aligncenter size-full is-resized\"><img loading=\"lazy\" decoding=\"async\" width=\"859\" height=\"720\" src=\"https:\/\/tpl.laziska.pl\/wp-content\/uploads\/2025\/12\/579374103_1447151277416923_7448288263172599647_n-1.jpg\" alt=\"\" class=\"wp-image-1350\" style=\"width:549px;height:460px\" srcset=\"https:\/\/tpl.laziska.pl\/wp-content\/uploads\/2025\/12\/579374103_1447151277416923_7448288263172599647_n-1.jpg 859w, https:\/\/tpl.laziska.pl\/wp-content\/uploads\/2025\/12\/579374103_1447151277416923_7448288263172599647_n-1-300x251.jpg 300w, https:\/\/tpl.laziska.pl\/wp-content\/uploads\/2025\/12\/579374103_1447151277416923_7448288263172599647_n-1-768x644.jpg 768w\" sizes=\"auto, (max-width: 859px) 100vw, 859px\" \/><\/figure>\n<\/div>\n\n\n<p><\/p>\n\n\n\n<hr class=\"wp-block-separator has-alpha-channel-opacity\"\/>\n\n\n\n<p><em>Zapr\u014fsz\u014dm na tref z napr\u014fwd\u00e3 dobr\u014dm \u015bl\u014dnsk\u014dm literatur\u014dm. Kamraci k\u014dnkursowi napr\u014fwda piyknie pisz\u014dm po \u015bl\u014dnsku. Ciesz\u00e3 sie i\u017ce byd\u00e3 m\u014dg przeczyta\u0107 moje \u0142aziske utwory. Wiersze i rozpr\u014fwki. Nieskromnie je \u017cech z nich barzo dumny. S\u014dm mi fest bliskie. Bydzie piykny tref<\/em>&#8230; \/S. Fudala\/<\/p>\n\n\n\n<p><\/p>\n\n\n\n<p>28 pa\u017adziernika jury konkursowe przyzna\u0142o nagrody w dw\u00f3ch organizowanych konkursach: literackim \u201ePo \u015bl\u0105sku o \u0141aziskach G\u00f3rnych\u201d oraz fotograficznym \u201e\u0141aziskie zabytki\u201d. W konkursie literackim nagrody otrzymali: I miejsce S\u0142awomir Fudala; II miejsce Krzysztof Herzog; III miejsce Romuald Czuczejko. Wyr\u00f3\u017cnienie otrzyma\u0142 J\u00f3zef Sojka.<\/p>\n\n\n\n<p>W Konkursie fotograficznym \u201e\u0141aziskie zabytki\u201d I miejsce w kategorii doros\u0142ych otrzyma\u0142 Micha\u0142 Szczyrba. W kategorii m\u0142odzie\u017cowej nagrod\u0119 otrzyma\u0142 za I miejsce Igor Gruszka, II miejsce Hanna Bednarz; III miejsce Karolina Podlasek; wyr\u00f3\u017cnienie \u2013 Lena Podlasek.<\/p>\n\n\n\n<p>To by\u0142o spotkanie pe\u0142ne inspiracji, przepe\u0142nione opowie\u015bciami o regionie, tradycji i naszych \u0141aziskach. Gratulujemy Laureatom. Pocz\u0119stunek  i nagrody sfinansowano ze \u015brodk\u00f3w Miasto \u0141aziska G\u00f3rne.<\/p>\n\n\n<div class=\"wp-block-image\">\n<figure class=\"aligncenter size-full is-resized\"><img loading=\"lazy\" decoding=\"async\" width=\"940\" height=\"788\" src=\"https:\/\/tpl.laziska.pl\/wp-content\/uploads\/2025\/12\/565640319_814588837990621_5274223483122635878_n.jpg\" alt=\"\" class=\"wp-image-1309\" style=\"width:495px;height:415px\" srcset=\"https:\/\/tpl.laziska.pl\/wp-content\/uploads\/2025\/12\/565640319_814588837990621_5274223483122635878_n.jpg 940w, https:\/\/tpl.laziska.pl\/wp-content\/uploads\/2025\/12\/565640319_814588837990621_5274223483122635878_n-300x251.jpg 300w, https:\/\/tpl.laziska.pl\/wp-content\/uploads\/2025\/12\/565640319_814588837990621_5274223483122635878_n-768x644.jpg 768w\" sizes=\"auto, (max-width: 940px) 100vw, 940px\" \/><\/figure>\n<\/div>\n\n\n<p><\/p>\n\n\n\n<hr class=\"wp-block-separator has-alpha-channel-opacity\"\/>\n\n\n\n<p>6 listopada 2025 r. odby\u0142a si\u0119 V edycja konkursu dla przedszkoli \u201e\u0141aziska G\u00f3rne- moje miejsce na ziemi\u201d. Frekwencja przeros\u0142a nasze oczekiwania, bowiem w tej edycji wzi\u0119\u0142y udzia\u0142 wszystkie \u0142aziskie przedszkola. Dzieci sze\u015bciu trzyosobowych dru\u017cyn, wykaza\u0142y si\u0119 znajomo\u015bci\u0105 \u015bl\u0105skiego, wa\u017cnych dla miasta miejsc i postaci, zar\u00f3wno tych prawdziwych jak i legendarnych. Prezentowane w strojach regionalnych scenki spotka\u0142y si\u0119 z du\u017cym aplauzem publiczno\u015bci. By\u0142o te\u017c wsp\u00f3lne \u015bpiewanie. Rywalizacja by\u0142a wyr\u00f3wnana.<\/p>\n\n\n\n<p>Ostatecznie na podium 3 dru\u017cyny:<\/p>\n\n\n\n<p>1 miejsce &#8211; Przedszkole nr 2<\/p>\n\n\n\n<p>2 miejsce &#8211; Przedszkole nr 4<\/p>\n\n\n\n<p>3 miejsce &#8211; oddzia\u0142 przedszkolny SP6.<\/p>\n\n\n\n<p>Dzi\u0119kujemy nauczycielom za przygotowanie dzieci, dyrektorom przedszkoli oraz rodzicom za obecno\u015b\u0107. Dzi\u0119kujemy jury \u2013 S\u0142awomirowi Fudali oraz Ewelinie Szu\u015bcik za prac\u0119 w komisji.<\/p>\n\n\n\n<p>Wielkie podzi\u0119kowania dla pracownik\u00f3w Miejskiej Biblioteki Publicznej za pomoc w organizacji.<\/p>\n\n\n\n<p>Gratulujemy wszystkim uczestnikom i do zobaczenia za rok<\/p>\n\n\n\n<figure class=\"wp-block-gallery has-nested-images columns-default is-cropped wp-block-gallery-4 is-layout-flex wp-block-gallery-is-layout-flex\"><div class=\"wp-block-image\">\n<figure class=\"aligncenter size-large\"><img loading=\"lazy\" decoding=\"async\" width=\"1024\" height=\"768\" data-id=\"1285\" src=\"https:\/\/tpl.laziska.pl\/wp-content\/uploads\/2025\/12\/576890618_1442161301249254_8642172406531309472_n-1024x768.jpg\" alt=\"\" class=\"wp-image-1285\" srcset=\"https:\/\/tpl.laziska.pl\/wp-content\/uploads\/2025\/12\/576890618_1442161301249254_8642172406531309472_n-1024x768.jpg 1024w, https:\/\/tpl.laziska.pl\/wp-content\/uploads\/2025\/12\/576890618_1442161301249254_8642172406531309472_n-300x225.jpg 300w, https:\/\/tpl.laziska.pl\/wp-content\/uploads\/2025\/12\/576890618_1442161301249254_8642172406531309472_n-768x576.jpg 768w, https:\/\/tpl.laziska.pl\/wp-content\/uploads\/2025\/12\/576890618_1442161301249254_8642172406531309472_n-1536x1152.jpg 1536w, https:\/\/tpl.laziska.pl\/wp-content\/uploads\/2025\/12\/576890618_1442161301249254_8642172406531309472_n.jpg 1600w\" sizes=\"auto, (max-width: 1024px) 100vw, 1024px\" \/><\/figure>\n<\/div><\/figure>\n\n\n\n<p><\/p>\n\n\n\n<hr class=\"wp-block-separator has-alpha-channel-opacity\"\/>\n\n\n\n<p>Mieli\u015bmy okazj\u0119 zwiedza\u0107 \u017bywiec i Muzeum w Browarze w \u017bywcu. Pogoda nie by\u0142a nam przychylna, ale entuzjam uczestnik\u00f3w rekompensowa\u0142 te niedogodno\u015bci. To by\u0142a swoista podr\u00f3\u017c w czasie. Pi\u0119kny rynek, ratusz, ko\u015bci\u00f3\u0142 parafialny z XVI wieku, pa\u0142ac Habsburg\u00f3w i cudny park zachwyci\u0142y nas wszystkich. Zwie\u0144czeniem wycieczki by\u0142a wizyta w Muzeum Browaru \u017bywiec po\u0142\u0105czona z degustacj\u0105. Dzi\u0119kujemy wszystkim uczestnikom za obecno\u015b\u0107 i zapraszamy na kolejne wydarzenia.<\/p>\n\n\n<div class=\"wp-block-image\">\n<figure class=\"aligncenter size-large is-resized\"><img loading=\"lazy\" decoding=\"async\" width=\"1024\" height=\"1024\" src=\"https:\/\/tpl.laziska.pl\/wp-content\/uploads\/2025\/12\/565687124_812350708214434_7649600551304092642_n-1024x1024.jpg\" alt=\"\" class=\"wp-image-1266\" style=\"width:560px;height:560px\" srcset=\"https:\/\/tpl.laziska.pl\/wp-content\/uploads\/2025\/12\/565687124_812350708214434_7649600551304092642_n-1024x1024.jpg 1024w, https:\/\/tpl.laziska.pl\/wp-content\/uploads\/2025\/12\/565687124_812350708214434_7649600551304092642_n-300x300.jpg 300w, https:\/\/tpl.laziska.pl\/wp-content\/uploads\/2025\/12\/565687124_812350708214434_7649600551304092642_n-150x150.jpg 150w, https:\/\/tpl.laziska.pl\/wp-content\/uploads\/2025\/12\/565687124_812350708214434_7649600551304092642_n-768x768.jpg 768w, https:\/\/tpl.laziska.pl\/wp-content\/uploads\/2025\/12\/565687124_812350708214434_7649600551304092642_n-1536x1536.jpg 1536w, https:\/\/tpl.laziska.pl\/wp-content\/uploads\/2025\/12\/565687124_812350708214434_7649600551304092642_n.jpg 2048w\" sizes=\"auto, (max-width: 1024px) 100vw, 1024px\" \/><\/figure>\n<\/div>\n\n\n<p><\/p>\n\n\n<div class=\"wp-block-image\">\n<figure class=\"aligncenter size-full\"><img loading=\"lazy\" decoding=\"async\" width=\"509\" height=\"720\" src=\"https:\/\/tpl.laziska.pl\/wp-content\/uploads\/2025\/12\/558162463_798078586308313_6921165968883092485_n.jpg\" alt=\"\" class=\"wp-image-1261\" srcset=\"https:\/\/tpl.laziska.pl\/wp-content\/uploads\/2025\/12\/558162463_798078586308313_6921165968883092485_n.jpg 509w, https:\/\/tpl.laziska.pl\/wp-content\/uploads\/2025\/12\/558162463_798078586308313_6921165968883092485_n-212x300.jpg 212w\" sizes=\"auto, (max-width: 509px) 100vw, 509px\" \/><\/figure>\n<\/div>\n\n\n<p><\/p>\n\n\n\n<hr class=\"wp-block-separator has-alpha-channel-opacity\"\/>\n\n\n\n<p class=\"has-text-align-center\"><strong>Zapraszamy<\/strong><\/p>\n\n\n\n<p>Podziel si\u0119 Twoj\u0105 opowie\u015bci\u0105 o naszym mie\u015bcie w j\u0119zyku \u015bl\u0105skim&#8230; <\/p>\n\n\n\n<p class=\"has-text-align-center\"><strong>Dy\u0107 poradzisz&#8230;<\/strong><\/p>\n\n\n<div class=\"wp-block-image\">\n<figure class=\"aligncenter size-large is-resized\"><img loading=\"lazy\" decoding=\"async\" width=\"724\" height=\"1024\" src=\"https:\/\/tpl.laziska.pl\/wp-content\/uploads\/2025\/08\/IMG-20250804-WA0003-724x1024.jpg\" alt=\"\" class=\"wp-image-1255\" style=\"width:603px;height:853px\" srcset=\"https:\/\/tpl.laziska.pl\/wp-content\/uploads\/2025\/08\/IMG-20250804-WA0003-724x1024.jpg 724w, https:\/\/tpl.laziska.pl\/wp-content\/uploads\/2025\/08\/IMG-20250804-WA0003-212x300.jpg 212w, https:\/\/tpl.laziska.pl\/wp-content\/uploads\/2025\/08\/IMG-20250804-WA0003-768x1086.jpg 768w, https:\/\/tpl.laziska.pl\/wp-content\/uploads\/2025\/08\/IMG-20250804-WA0003-1086x1536.jpg 1086w, https:\/\/tpl.laziska.pl\/wp-content\/uploads\/2025\/08\/IMG-20250804-WA0003.jpg 1131w\" sizes=\"auto, (max-width: 724px) 100vw, 724px\" \/><\/figure>\n<\/div>\n\n\n<hr class=\"wp-block-separator has-alpha-channel-opacity\"\/>\n\n\n\n<p class=\"has-text-align-center\"><strong>Zapraszamy do udzia\u0142u w konkursach&#8230; Na zdj\u0119cia czekamy do 15 pa\u017adziernika 2025 roku<\/strong><\/p>\n\n\n<div class=\"wp-block-image\">\n<figure class=\"aligncenter size-full\"><img loading=\"lazy\" decoding=\"async\" width=\"940\" height=\"788\" src=\"https:\/\/tpl.laziska.pl\/wp-content\/uploads\/2025\/08\/IMG-20250804-WA0004.jpg\" alt=\"\" class=\"wp-image-1254\" srcset=\"https:\/\/tpl.laziska.pl\/wp-content\/uploads\/2025\/08\/IMG-20250804-WA0004.jpg 940w, https:\/\/tpl.laziska.pl\/wp-content\/uploads\/2025\/08\/IMG-20250804-WA0004-300x251.jpg 300w, https:\/\/tpl.laziska.pl\/wp-content\/uploads\/2025\/08\/IMG-20250804-WA0004-768x644.jpg 768w\" sizes=\"auto, (max-width: 940px) 100vw, 940px\" \/><\/figure>\n<\/div>\n\n\n<hr class=\"wp-block-separator has-alpha-channel-opacity\"\/>\n\n\n\n<p>Odby\u0142a si\u0119 si\u0119 VII edycja gry terenowej \u201ePoznaj swoje miasto jeszcze lepiej\u201d.<\/p>\n\n\n\n<p>W konkursie wzi\u0119\u0142o udzia\u0142 pi\u0119\u0107 trzyosobowych dru\u017cyn. Tym razem pogoda pokrzy\u017cowa\u0142a plany i uniemo\u017cliwi\u0142a w\u0119dr\u00f3wk\u0119 po \u015bci\u015ble wytyczonej trasie. Konkurs odby\u0142 si\u0119 wi\u0119c stacjonarnie. Zadania \u2013 jak zawsze zr\u00f3\u017cnicowane zwi\u0105zane by\u0142y z histori\u0105 g\u00f3rnictwa na naszym terenie, gwar\u0105, elementami stroju g\u00f3rnika itp. Ostatnim elementem spotkania by\u0142a prezentacja po\u0142\u0105czona z wyk\u0142adem, przygotowana przez Arkadiusza Otremb\u0119, cz\u0142onka Towarzystwa Przyjaci\u00f3\u0142 \u0141azisk.<\/p>\n\n\n\n<p>I miejsce zaj\u0119\u0142a dru\u017cyna z SP6, II- SP4, III-SP3, IV- SP2 , V-SP1.<\/p>\n\n\n\n<p>Dzi\u0119kujemy nauczycielom SP 4 &#8211; Annie Wicie oraz Jolancie Niewiadomskiej za nieocenion\u0105 wsp\u00f3\u0142prac\u0119 przy organizacji konkursu. Gratulujemy zwyci\u0119zcom i dzi\u0119kujemy wszystkim uczestnikom i nauczycielom za obecno\u015b\u0107.<\/p>\n\n\n<div class=\"wp-block-image\">\n<figure class=\"aligncenter size-large is-resized\"><img loading=\"lazy\" decoding=\"async\" width=\"1024\" height=\"768\" src=\"https:\/\/tpl.laziska.pl\/wp-content\/uploads\/2025\/12\/569867173_817306701052168_2606675063735782839_n-1024x768.jpg\" alt=\"\" class=\"wp-image-1271\" style=\"width:403px;height:302px\" srcset=\"https:\/\/tpl.laziska.pl\/wp-content\/uploads\/2025\/12\/569867173_817306701052168_2606675063735782839_n-1024x768.jpg 1024w, https:\/\/tpl.laziska.pl\/wp-content\/uploads\/2025\/12\/569867173_817306701052168_2606675063735782839_n-300x225.jpg 300w, https:\/\/tpl.laziska.pl\/wp-content\/uploads\/2025\/12\/569867173_817306701052168_2606675063735782839_n-768x576.jpg 768w, https:\/\/tpl.laziska.pl\/wp-content\/uploads\/2025\/12\/569867173_817306701052168_2606675063735782839_n-1536x1152.jpg 1536w, https:\/\/tpl.laziska.pl\/wp-content\/uploads\/2025\/12\/569867173_817306701052168_2606675063735782839_n.jpg 2048w\" sizes=\"auto, (max-width: 1024px) 100vw, 1024px\" \/><\/figure>\n<\/div>\n\n\n<hr class=\"wp-block-separator has-alpha-channel-opacity\"\/>\n\n\n\n<p>2 lipca zaprosili\u015bmy mieszka\u0144c\u00f3w do Miejskiej Biblioteki Publicznej na prelekcj\u0119 po\u015bwi\u0119con\u0105 mieszka\u0144com i w\u0142a\u015bcicielom naszego miasta na przestrzeni dziej\u00f3w. Nasza historia wci\u0105\u017c intryguje, zaskakuj\u0105 fakty i ro\u015bniemy w dum\u0119&#8230; <\/p>\n\n\n\n<figure class=\"wp-block-gallery has-nested-images columns-default is-cropped wp-block-gallery-5 is-layout-flex wp-block-gallery-is-layout-flex\">\n<figure class=\"wp-block-image size-large\"><img loading=\"lazy\" decoding=\"async\" width=\"600\" height=\"450\" data-id=\"1232\" src=\"https:\/\/tpl.laziska.pl\/wp-content\/uploads\/2025\/08\/514408515_1325171099614942_6929566851255266067_n-1.jpg\" alt=\"\" class=\"wp-image-1232\" srcset=\"https:\/\/tpl.laziska.pl\/wp-content\/uploads\/2025\/08\/514408515_1325171099614942_6929566851255266067_n-1.jpg 600w, https:\/\/tpl.laziska.pl\/wp-content\/uploads\/2025\/08\/514408515_1325171099614942_6929566851255266067_n-1-300x225.jpg 300w\" sizes=\"auto, (max-width: 600px) 100vw, 600px\" \/><\/figure>\n\n\n\n<figure class=\"wp-block-image size-large\"><img loading=\"lazy\" decoding=\"async\" width=\"1024\" height=\"768\" data-id=\"1233\" src=\"https:\/\/tpl.laziska.pl\/wp-content\/uploads\/2025\/08\/514667331_1325171249614927_2850897344229426558_n-1-1024x768.jpg\" alt=\"\" class=\"wp-image-1233\" srcset=\"https:\/\/tpl.laziska.pl\/wp-content\/uploads\/2025\/08\/514667331_1325171249614927_2850897344229426558_n-1-1024x768.jpg 1024w, https:\/\/tpl.laziska.pl\/wp-content\/uploads\/2025\/08\/514667331_1325171249614927_2850897344229426558_n-1-300x225.jpg 300w, https:\/\/tpl.laziska.pl\/wp-content\/uploads\/2025\/08\/514667331_1325171249614927_2850897344229426558_n-1-768x576.jpg 768w, https:\/\/tpl.laziska.pl\/wp-content\/uploads\/2025\/08\/514667331_1325171249614927_2850897344229426558_n-1-1536x1152.jpg 1536w, https:\/\/tpl.laziska.pl\/wp-content\/uploads\/2025\/08\/514667331_1325171249614927_2850897344229426558_n-1.jpg 2048w\" sizes=\"auto, (max-width: 1024px) 100vw, 1024px\" \/><\/figure>\n\n\n\n<figure class=\"wp-block-image size-large\"><img loading=\"lazy\" decoding=\"async\" width=\"600\" height=\"450\" data-id=\"1230\" src=\"https:\/\/tpl.laziska.pl\/wp-content\/uploads\/2025\/08\/515283814_1325171242948261_6173423305235335758_n-1.jpg\" alt=\"\" class=\"wp-image-1230\" srcset=\"https:\/\/tpl.laziska.pl\/wp-content\/uploads\/2025\/08\/515283814_1325171242948261_6173423305235335758_n-1.jpg 600w, https:\/\/tpl.laziska.pl\/wp-content\/uploads\/2025\/08\/515283814_1325171242948261_6173423305235335758_n-1-300x225.jpg 300w\" sizes=\"auto, (max-width: 600px) 100vw, 600px\" \/><\/figure>\n\n\n\n<figure class=\"wp-block-image size-large\"><img loading=\"lazy\" decoding=\"async\" width=\"1024\" height=\"768\" data-id=\"1236\" src=\"https:\/\/tpl.laziska.pl\/wp-content\/uploads\/2025\/08\/515507554_1325171166281602_1686399614439906365_n-1-1024x768.jpg\" alt=\"\" class=\"wp-image-1236\" srcset=\"https:\/\/tpl.laziska.pl\/wp-content\/uploads\/2025\/08\/515507554_1325171166281602_1686399614439906365_n-1-1024x768.jpg 1024w, https:\/\/tpl.laziska.pl\/wp-content\/uploads\/2025\/08\/515507554_1325171166281602_1686399614439906365_n-1-300x225.jpg 300w, https:\/\/tpl.laziska.pl\/wp-content\/uploads\/2025\/08\/515507554_1325171166281602_1686399614439906365_n-1-768x576.jpg 768w, https:\/\/tpl.laziska.pl\/wp-content\/uploads\/2025\/08\/515507554_1325171166281602_1686399614439906365_n-1-1536x1152.jpg 1536w, https:\/\/tpl.laziska.pl\/wp-content\/uploads\/2025\/08\/515507554_1325171166281602_1686399614439906365_n-1.jpg 2048w\" sizes=\"auto, (max-width: 1024px) 100vw, 1024px\" \/><\/figure>\n\n\n\n<figure class=\"wp-block-image size-large\"><img loading=\"lazy\" decoding=\"async\" width=\"1024\" height=\"768\" data-id=\"1238\" src=\"https:\/\/tpl.laziska.pl\/wp-content\/uploads\/2025\/08\/515508159_1325171212948264_6969442277570363519_n-1024x768.jpg\" alt=\"\" class=\"wp-image-1238\" srcset=\"https:\/\/tpl.laziska.pl\/wp-content\/uploads\/2025\/08\/515508159_1325171212948264_6969442277570363519_n-1024x768.jpg 1024w, https:\/\/tpl.laziska.pl\/wp-content\/uploads\/2025\/08\/515508159_1325171212948264_6969442277570363519_n-300x225.jpg 300w, https:\/\/tpl.laziska.pl\/wp-content\/uploads\/2025\/08\/515508159_1325171212948264_6969442277570363519_n-768x576.jpg 768w, https:\/\/tpl.laziska.pl\/wp-content\/uploads\/2025\/08\/515508159_1325171212948264_6969442277570363519_n-1536x1152.jpg 1536w, https:\/\/tpl.laziska.pl\/wp-content\/uploads\/2025\/08\/515508159_1325171212948264_6969442277570363519_n.jpg 2048w\" sizes=\"auto, (max-width: 1024px) 100vw, 1024px\" \/><\/figure>\n\n\n\n<figure class=\"wp-block-image size-large\"><img loading=\"lazy\" decoding=\"async\" width=\"600\" height=\"450\" data-id=\"1231\" src=\"https:\/\/tpl.laziska.pl\/wp-content\/uploads\/2025\/08\/515508297_1325171146281604_5251740005564313704_n.jpg\" alt=\"\" class=\"wp-image-1231\" srcset=\"https:\/\/tpl.laziska.pl\/wp-content\/uploads\/2025\/08\/515508297_1325171146281604_5251740005564313704_n.jpg 600w, https:\/\/tpl.laziska.pl\/wp-content\/uploads\/2025\/08\/515508297_1325171146281604_5251740005564313704_n-300x225.jpg 300w\" sizes=\"auto, (max-width: 600px) 100vw, 600px\" \/><\/figure>\n\n\n\n<figure class=\"wp-block-image size-large\"><img loading=\"lazy\" decoding=\"async\" width=\"600\" height=\"450\" data-id=\"1229\" src=\"https:\/\/tpl.laziska.pl\/wp-content\/uploads\/2025\/08\/515509152_1325171239614928_6382731948927461934_n.jpg\" alt=\"\" class=\"wp-image-1229\" srcset=\"https:\/\/tpl.laziska.pl\/wp-content\/uploads\/2025\/08\/515509152_1325171239614928_6382731948927461934_n.jpg 600w, https:\/\/tpl.laziska.pl\/wp-content\/uploads\/2025\/08\/515509152_1325171239614928_6382731948927461934_n-300x225.jpg 300w\" sizes=\"auto, (max-width: 600px) 100vw, 600px\" \/><\/figure>\n\n\n\n<figure class=\"wp-block-image size-large\"><img loading=\"lazy\" decoding=\"async\" width=\"1024\" height=\"768\" data-id=\"1234\" src=\"https:\/\/tpl.laziska.pl\/wp-content\/uploads\/2025\/08\/515529268_1325171379614914_5606305912641393530_n-1024x768.jpg\" alt=\"\" class=\"wp-image-1234\" srcset=\"https:\/\/tpl.laziska.pl\/wp-content\/uploads\/2025\/08\/515529268_1325171379614914_5606305912641393530_n-1024x768.jpg 1024w, https:\/\/tpl.laziska.pl\/wp-content\/uploads\/2025\/08\/515529268_1325171379614914_5606305912641393530_n-300x225.jpg 300w, https:\/\/tpl.laziska.pl\/wp-content\/uploads\/2025\/08\/515529268_1325171379614914_5606305912641393530_n-768x576.jpg 768w, https:\/\/tpl.laziska.pl\/wp-content\/uploads\/2025\/08\/515529268_1325171379614914_5606305912641393530_n-1536x1152.jpg 1536w, https:\/\/tpl.laziska.pl\/wp-content\/uploads\/2025\/08\/515529268_1325171379614914_5606305912641393530_n.jpg 2048w\" sizes=\"auto, (max-width: 1024px) 100vw, 1024px\" \/><\/figure>\n\n\n\n<figure class=\"wp-block-image size-large\"><img loading=\"lazy\" decoding=\"async\" width=\"1024\" height=\"768\" data-id=\"1235\" src=\"https:\/\/tpl.laziska.pl\/wp-content\/uploads\/2025\/08\/515684214_1325171402948245_4851136449926105588_n-1024x768.jpg\" alt=\"\" class=\"wp-image-1235\" srcset=\"https:\/\/tpl.laziska.pl\/wp-content\/uploads\/2025\/08\/515684214_1325171402948245_4851136449926105588_n-1024x768.jpg 1024w, https:\/\/tpl.laziska.pl\/wp-content\/uploads\/2025\/08\/515684214_1325171402948245_4851136449926105588_n-300x225.jpg 300w, https:\/\/tpl.laziska.pl\/wp-content\/uploads\/2025\/08\/515684214_1325171402948245_4851136449926105588_n-768x576.jpg 768w, https:\/\/tpl.laziska.pl\/wp-content\/uploads\/2025\/08\/515684214_1325171402948245_4851136449926105588_n-1536x1152.jpg 1536w, https:\/\/tpl.laziska.pl\/wp-content\/uploads\/2025\/08\/515684214_1325171402948245_4851136449926105588_n.jpg 2048w\" sizes=\"auto, (max-width: 1024px) 100vw, 1024px\" \/><\/figure>\n\n\n\n<figure class=\"wp-block-image size-large\"><img loading=\"lazy\" decoding=\"async\" width=\"1024\" height=\"768\" data-id=\"1237\" src=\"https:\/\/tpl.laziska.pl\/wp-content\/uploads\/2025\/08\/515759100_1325171162948269_7310874138478679040_n-1024x768.jpg\" alt=\"\" class=\"wp-image-1237\" srcset=\"https:\/\/tpl.laziska.pl\/wp-content\/uploads\/2025\/08\/515759100_1325171162948269_7310874138478679040_n-1024x768.jpg 1024w, https:\/\/tpl.laziska.pl\/wp-content\/uploads\/2025\/08\/515759100_1325171162948269_7310874138478679040_n-300x225.jpg 300w, https:\/\/tpl.laziska.pl\/wp-content\/uploads\/2025\/08\/515759100_1325171162948269_7310874138478679040_n-768x576.jpg 768w, https:\/\/tpl.laziska.pl\/wp-content\/uploads\/2025\/08\/515759100_1325171162948269_7310874138478679040_n-1536x1152.jpg 1536w, https:\/\/tpl.laziska.pl\/wp-content\/uploads\/2025\/08\/515759100_1325171162948269_7310874138478679040_n.jpg 2048w\" sizes=\"auto, (max-width: 1024px) 100vw, 1024px\" \/><\/figure>\n<\/figure>\n\n\n\n<hr class=\"wp-block-separator has-alpha-channel-opacity\"\/>\n\n\n\n<p><\/p>\n\n\n\n<p><strong>21 czerwca<\/strong> kolejny cudny spacer po naszym mie\u015bcie &#8211; a jak\u017ce &#8211; pi\u0119kna pogoda, doskona\u0142y przewodnik, dopisuj\u0105ce humory&#8230; zapewniamy podczas <strong>\u015bcie\u017cek historycznych<\/strong>. Tym razem poznawali\u015bmy miejsca zwi\u0105zane ze s\u0142ynnymi mieszka\u0144cami \u0141azisk.<\/p>\n\n\n\n<figure class=\"wp-block-gallery has-nested-images columns-default is-cropped wp-block-gallery-6 is-layout-flex wp-block-gallery-is-layout-flex\">\n<figure class=\"wp-block-image size-large\"><img loading=\"lazy\" decoding=\"async\" width=\"1024\" height=\"768\" data-id=\"1204\" src=\"https:\/\/tpl.laziska.pl\/wp-content\/uploads\/2025\/08\/509441186_716729507776555_6377359335997531404_n-1024x768.jpg\" alt=\"\" class=\"wp-image-1204\" srcset=\"https:\/\/tpl.laziska.pl\/wp-content\/uploads\/2025\/08\/509441186_716729507776555_6377359335997531404_n-1024x768.jpg 1024w, https:\/\/tpl.laziska.pl\/wp-content\/uploads\/2025\/08\/509441186_716729507776555_6377359335997531404_n-300x225.jpg 300w, https:\/\/tpl.laziska.pl\/wp-content\/uploads\/2025\/08\/509441186_716729507776555_6377359335997531404_n-768x576.jpg 768w, https:\/\/tpl.laziska.pl\/wp-content\/uploads\/2025\/08\/509441186_716729507776555_6377359335997531404_n-1536x1152.jpg 1536w, https:\/\/tpl.laziska.pl\/wp-content\/uploads\/2025\/08\/509441186_716729507776555_6377359335997531404_n.jpg 2048w\" sizes=\"auto, (max-width: 1024px) 100vw, 1024px\" \/><\/figure>\n\n\n\n<figure class=\"wp-block-image size-large\"><img loading=\"lazy\" decoding=\"async\" width=\"1024\" height=\"768\" data-id=\"1205\" src=\"https:\/\/tpl.laziska.pl\/wp-content\/uploads\/2025\/08\/509703179_716729907776515_5569357958019627892_n-1024x768.jpg\" alt=\"\" class=\"wp-image-1205\" srcset=\"https:\/\/tpl.laziska.pl\/wp-content\/uploads\/2025\/08\/509703179_716729907776515_5569357958019627892_n-1024x768.jpg 1024w, https:\/\/tpl.laziska.pl\/wp-content\/uploads\/2025\/08\/509703179_716729907776515_5569357958019627892_n-300x225.jpg 300w, https:\/\/tpl.laziska.pl\/wp-content\/uploads\/2025\/08\/509703179_716729907776515_5569357958019627892_n-768x576.jpg 768w, https:\/\/tpl.laziska.pl\/wp-content\/uploads\/2025\/08\/509703179_716729907776515_5569357958019627892_n-1536x1152.jpg 1536w, https:\/\/tpl.laziska.pl\/wp-content\/uploads\/2025\/08\/509703179_716729907776515_5569357958019627892_n.jpg 2048w\" sizes=\"auto, (max-width: 1024px) 100vw, 1024px\" \/><\/figure>\n\n\n\n<figure class=\"wp-block-image size-large\"><img loading=\"lazy\" decoding=\"async\" width=\"1024\" height=\"768\" data-id=\"1206\" src=\"https:\/\/tpl.laziska.pl\/wp-content\/uploads\/2025\/08\/509899646_716729874443185_7009932837261887728_n-1024x768.jpg\" alt=\"\" class=\"wp-image-1206\" srcset=\"https:\/\/tpl.laziska.pl\/wp-content\/uploads\/2025\/08\/509899646_716729874443185_7009932837261887728_n-1024x768.jpg 1024w, https:\/\/tpl.laziska.pl\/wp-content\/uploads\/2025\/08\/509899646_716729874443185_7009932837261887728_n-300x225.jpg 300w, https:\/\/tpl.laziska.pl\/wp-content\/uploads\/2025\/08\/509899646_716729874443185_7009932837261887728_n-768x576.jpg 768w, https:\/\/tpl.laziska.pl\/wp-content\/uploads\/2025\/08\/509899646_716729874443185_7009932837261887728_n-1536x1152.jpg 1536w, https:\/\/tpl.laziska.pl\/wp-content\/uploads\/2025\/08\/509899646_716729874443185_7009932837261887728_n.jpg 2048w\" sizes=\"auto, (max-width: 1024px) 100vw, 1024px\" \/><\/figure>\n\n\n\n<figure class=\"wp-block-image size-large\"><img loading=\"lazy\" decoding=\"async\" width=\"1024\" height=\"768\" data-id=\"1209\" src=\"https:\/\/tpl.laziska.pl\/wp-content\/uploads\/2025\/08\/510478351_716729817776524_6957504122938025720_n-1024x768.jpg\" alt=\"\" class=\"wp-image-1209\" srcset=\"https:\/\/tpl.laziska.pl\/wp-content\/uploads\/2025\/08\/510478351_716729817776524_6957504122938025720_n-1024x768.jpg 1024w, https:\/\/tpl.laziska.pl\/wp-content\/uploads\/2025\/08\/510478351_716729817776524_6957504122938025720_n-300x225.jpg 300w, https:\/\/tpl.laziska.pl\/wp-content\/uploads\/2025\/08\/510478351_716729817776524_6957504122938025720_n-768x576.jpg 768w, https:\/\/tpl.laziska.pl\/wp-content\/uploads\/2025\/08\/510478351_716729817776524_6957504122938025720_n-1536x1152.jpg 1536w, https:\/\/tpl.laziska.pl\/wp-content\/uploads\/2025\/08\/510478351_716729817776524_6957504122938025720_n.jpg 2048w\" sizes=\"auto, (max-width: 1024px) 100vw, 1024px\" \/><\/figure>\n\n\n\n<figure class=\"wp-block-image size-large\"><img loading=\"lazy\" decoding=\"async\" width=\"1024\" height=\"768\" data-id=\"1207\" src=\"https:\/\/tpl.laziska.pl\/wp-content\/uploads\/2025\/08\/510514831_716729674443205_4886366401241347332_n-1024x768.jpg\" alt=\"\" class=\"wp-image-1207\" srcset=\"https:\/\/tpl.laziska.pl\/wp-content\/uploads\/2025\/08\/510514831_716729674443205_4886366401241347332_n-1024x768.jpg 1024w, https:\/\/tpl.laziska.pl\/wp-content\/uploads\/2025\/08\/510514831_716729674443205_4886366401241347332_n-300x225.jpg 300w, https:\/\/tpl.laziska.pl\/wp-content\/uploads\/2025\/08\/510514831_716729674443205_4886366401241347332_n-768x576.jpg 768w, https:\/\/tpl.laziska.pl\/wp-content\/uploads\/2025\/08\/510514831_716729674443205_4886366401241347332_n-1536x1152.jpg 1536w, https:\/\/tpl.laziska.pl\/wp-content\/uploads\/2025\/08\/510514831_716729674443205_4886366401241347332_n.jpg 2048w\" sizes=\"auto, (max-width: 1024px) 100vw, 1024px\" \/><\/figure>\n\n\n\n<figure class=\"wp-block-image size-large\"><img loading=\"lazy\" decoding=\"async\" width=\"1024\" height=\"768\" data-id=\"1208\" src=\"https:\/\/tpl.laziska.pl\/wp-content\/uploads\/2025\/08\/510961402_716729627776543_4394882876599301501_n-1024x768.jpg\" alt=\"\" class=\"wp-image-1208\" srcset=\"https:\/\/tpl.laziska.pl\/wp-content\/uploads\/2025\/08\/510961402_716729627776543_4394882876599301501_n-1024x768.jpg 1024w, https:\/\/tpl.laziska.pl\/wp-content\/uploads\/2025\/08\/510961402_716729627776543_4394882876599301501_n-300x225.jpg 300w, https:\/\/tpl.laziska.pl\/wp-content\/uploads\/2025\/08\/510961402_716729627776543_4394882876599301501_n-768x576.jpg 768w, https:\/\/tpl.laziska.pl\/wp-content\/uploads\/2025\/08\/510961402_716729627776543_4394882876599301501_n-1536x1152.jpg 1536w, https:\/\/tpl.laziska.pl\/wp-content\/uploads\/2025\/08\/510961402_716729627776543_4394882876599301501_n.jpg 2048w\" sizes=\"auto, (max-width: 1024px) 100vw, 1024px\" \/><\/figure>\n<\/figure>\n\n\n\n<hr class=\"wp-block-separator has-alpha-channel-opacity\"\/>\n\n\n\n<p><\/p>\n\n\n\n<p><\/p>\n\n\n\n<p><strong>3 czerwca<\/strong> odby\u0142 si\u0119 X Turniej &nbsp;Wiedzy o \u0141aziskach &nbsp;&#8211; kolejny raz m\u0142odzie\u017c wykaza\u0142a si\u0119 znajomo\u015bci\u0105 zagadnie\u0144 dotycz\u0105cych naszej miejscowo\u015bci. Za\u015b wszystkich mieszka\u0144c\u00f3w zaprosili\u015bmy 10 czerwca na projekcj\u0119 filmu <strong>Henryka Latuska<\/strong> pt. &#8222;\u0141aziskie kina&#8221;. Projekcja mia\u0142a miejsce Miejskiej Bibliotece Publicznej. Podczas spotkania rozdano nagrody zwyci\u0119zcom konkursu.  &nbsp;<\/p>\n\n\n\n<hr class=\"wp-block-separator has-alpha-channel-opacity\"\/>\n\n\n<div class=\"wp-block-image\">\n<figure class=\"aligncenter size-large is-resized\"><img loading=\"lazy\" decoding=\"async\" width=\"724\" height=\"1024\" src=\"https:\/\/tpl.laziska.pl\/wp-content\/uploads\/2025\/04\/zaproszenie-kwiecien-724x1024.jpg\" alt=\"\" class=\"wp-image-1172\" style=\"width:491px;height:694px\" srcset=\"https:\/\/tpl.laziska.pl\/wp-content\/uploads\/2025\/04\/zaproszenie-kwiecien-724x1024.jpg 724w, https:\/\/tpl.laziska.pl\/wp-content\/uploads\/2025\/04\/zaproszenie-kwiecien-212x300.jpg 212w, https:\/\/tpl.laziska.pl\/wp-content\/uploads\/2025\/04\/zaproszenie-kwiecien-768x1086.jpg 768w, https:\/\/tpl.laziska.pl\/wp-content\/uploads\/2025\/04\/zaproszenie-kwiecien-1087x1536.jpg 1087w, https:\/\/tpl.laziska.pl\/wp-content\/uploads\/2025\/04\/zaproszenie-kwiecien.jpg 1132w\" sizes=\"auto, (max-width: 724px) 100vw, 724px\" \/><\/figure>\n<\/div>\n\n\n<p><\/p>\n\n\n\n<p class=\"has-text-align-center\">Zapraszamy na zwiedzanie Izby Tradycji KWK Boles\u0142aw \u015amia\u0142y. <\/p>\n\n\n\n<p>Zbi\u00f3rka odb\u0119dzie si\u0119 w r. o godz. 9:00 na placu autobusowym w \u0141aziskach \u015arednich. <\/p>\n\n\n\n<p>Zapisy: tpl.laziska@gmail.com<\/p>\n\n\n\n<p><\/p>\n\n\n\n<p class=\"has-text-align-center\"><\/p>\n\n\n\n<p><\/p>\n\n\n\n<hr class=\"wp-block-separator has-alpha-channel-opacity\"\/>\n\n\n\n<p><strong>11 lutego<\/strong> Towarzystwo Przyjaci\u00f3\u0142 \u0141azisk wraz z policj\u0105 miko\u0142owsk\u0105 zaprosi\u0142o mieszka\u0144c\u00f3w miasta i powiatu na spotkanie dotycz\u0105ce wa\u017cnego problemu, jakim s\u0105 powszechne \u2013 okazuje si\u0119, oszustwa internetowe. Debat\u0119 poprowadzi\u0142 m\u0142. asp. Sebastian Kapias. Spotkanie, zorganizowane cieszy\u0142o si\u0119 bardzo du\u017cym zainteresowaniem. Z pewno\u015bci\u0105 wi\u0119ksza \u015bwiadomo\u015b\u0107 tematu wp\u0142ynie r\u00f3wnie\u017c na mniejsz\u0105 liczb\u0119 oszustw w nazym powiecie miko\u0142owskim.<\/p>\n\n\n\n<p><\/p>\n\n\n\n<p><\/p>\n\n\n<div class=\"wp-block-image\">\n<figure class=\"aligncenter size-full is-resized\"><img loading=\"lazy\" decoding=\"async\" width=\"600\" height=\"848\" src=\"https:\/\/tpl.laziska.pl\/wp-content\/uploads\/2025\/04\/zapr-uty-poicja.jpg\" alt=\"\" class=\"wp-image-1169\" style=\"width:487px;height:688px\" srcset=\"https:\/\/tpl.laziska.pl\/wp-content\/uploads\/2025\/04\/zapr-uty-poicja.jpg 600w, https:\/\/tpl.laziska.pl\/wp-content\/uploads\/2025\/04\/zapr-uty-poicja-212x300.jpg 212w\" sizes=\"auto, (max-width: 600px) 100vw, 600px\" \/><\/figure>\n<\/div>\n\n\n<hr class=\"wp-block-separator has-alpha-channel-opacity\"\/>\n\n\n\n<p><\/p>\n\n\n<div class=\"wp-block-image\">\n<figure class=\"aligncenter size-full is-resized\"><img loading=\"lazy\" decoding=\"async\" width=\"600\" height=\"849\" src=\"https:\/\/tpl.laziska.pl\/wp-content\/uploads\/2025\/04\/zaproszenie-koledy.jpg\" alt=\"\" class=\"wp-image-1166\" style=\"width:350px;height:495px\" srcset=\"https:\/\/tpl.laziska.pl\/wp-content\/uploads\/2025\/04\/zaproszenie-koledy.jpg 600w, https:\/\/tpl.laziska.pl\/wp-content\/uploads\/2025\/04\/zaproszenie-koledy-212x300.jpg 212w\" sizes=\"auto, (max-width: 600px) 100vw, 600px\" \/><\/figure>\n<\/div>\n\n\n<p><\/p>\n\n\n\n<p><\/p>\n\n\n\n<p>Za spraw\u0105 Towarzystwa Przyjaci\u00f3\u0142 \u0141azisk i uczni\u00f3w ze Szko\u0142y Podstawowej nr 3 im. M. Kopernika w \u0141aziskach G\u00f3rnych wiecz\u00f3r kol\u0119dowy i <strong>spotkanie noworoczno \u2013 \u015bwi\u0105teczne <\/strong>up\u0142yn\u0119\u0142y w cudownym nastroju. Spotkanie odby\u0142o si\u0119 w siedzibie towarzystwa w Miejskiej Bibliotece Publicznej w \u0141aziskach G\u00f3rnych. Wsp\u00f3lne kol\u0119dowanie przy pocz\u0119stunku przypomnia\u0142o mieszka\u0144com magi\u0119 \u015bwi\u0105t Bo\u017cego Narodzenia. W wydarzeniu wzi\u0119li r\u00f3wnie\u017c udzia\u0142 wiceburmistrz Jan Ratka, przewodnicz\u0105cy Rady Miejskiej Tadeusz Kr\u00f3l, radny powiatowy Adam Ficek, dyrektor SP3 i przewodnicz\u0105ca zarz\u0105du TP\u0141 Monika Kukla oraz dyrekcja \u0142aziskiej biblioteki. Pocz\u0119stunek sfinansowano ze \u015brodk\u00f3w Miasto \u0141aziska G\u00f3rne.<\/p>\n\n\n\n<hr class=\"wp-block-separator has-alpha-channel-opacity\"\/>\n\n\n\n<p><\/p>\n\n\n\n<figure class=\"wp-block-gallery has-nested-images columns-default is-cropped wp-block-gallery-7 is-layout-flex wp-block-gallery-is-layout-flex\">\n<figure class=\"wp-block-image size-large\"><img loading=\"lazy\" decoding=\"async\" width=\"716\" height=\"600\" data-id=\"1163\" src=\"https:\/\/tpl.laziska.pl\/wp-content\/uploads\/2025\/04\/rozdanie-nagrod-10-grudnia-foto.jpg\" alt=\"\" class=\"wp-image-1163\" srcset=\"https:\/\/tpl.laziska.pl\/wp-content\/uploads\/2025\/04\/rozdanie-nagrod-10-grudnia-foto.jpg 716w, https:\/\/tpl.laziska.pl\/wp-content\/uploads\/2025\/04\/rozdanie-nagrod-10-grudnia-foto-300x251.jpg 300w\" sizes=\"auto, (max-width: 716px) 100vw, 716px\" \/><\/figure>\n<\/figure>\n\n\n\n<hr class=\"wp-block-separator has-alpha-channel-opacity\"\/>\n\n\n\n<p class=\"has-text-align-left\"><strong>7 listopada 2024 <\/strong>roku odby\u0142a si\u0119 coroczna edycja konkursu regionalnego&#8230; Nasi milusi\u0144scy \u0142aziscy przedszkolacy rozbroili nas swad\u0105 recytacji, profesjonalnym przygotowaniem prezentacji w j\u0119zyku \u015bl\u0105skim,  znajomo\u015bci\u0105 zagadnie\u0144 dotycz\u0105cych miasta i stworzon\u0105 cudown\u0105 atmosfer\u0105 rado\u015bci. Pocz\u0119stunek i nagrody sfinansowano ze \u015brodk\u00f3w Miasto \u0141aziska G\u00f3rne.<\/p>\n\n\n\n<hr class=\"wp-block-separator has-alpha-channel-opacity\"\/>\n\n\n\n<p class=\"has-text-align-center\"><strong>Zapraszamy <\/strong><\/p>\n\n\n<div class=\"wp-block-image\">\n<figure class=\"aligncenter size-full is-resized\"><img loading=\"lazy\" decoding=\"async\" width=\"940\" height=\"788\" src=\"https:\/\/tpl.laziska.pl\/wp-content\/uploads\/2024\/11\/pszcz.jpg\" alt=\"\" class=\"wp-image-1150\" style=\"width:607px;height:509px\" srcset=\"https:\/\/tpl.laziska.pl\/wp-content\/uploads\/2024\/11\/pszcz.jpg 940w, https:\/\/tpl.laziska.pl\/wp-content\/uploads\/2024\/11\/pszcz-300x251.jpg 300w, https:\/\/tpl.laziska.pl\/wp-content\/uploads\/2024\/11\/pszcz-768x644.jpg 768w\" sizes=\"auto, (max-width: 940px) 100vw, 940px\" \/><\/figure>\n<\/div>\n\n<p>&nbsp;<\/p>\n<p><strong>18 pa\u017adziernika 2024<\/strong> Kolejna, VI edycja Gry Terenowej \u201ePoznaj swoje miasto jeszcze lepiej\u201d ju\u017c za nami. Dzi\u0119kujemy wszystkim uczestnikom za wsp\u00f3lny czas a SP nr3 i SP nr4 za pomoc w realizacji wydarzenia. Ju\u017c po raz sz\u00f3sty TP\u0141 przy wsp\u00f3\u0142pracy Szko\u0142y Podstawowej nr 3 zorganizowa\u0142o gr\u0119 terenow\u0105 pt. Poznaj swoje miasto jeszcze lepiej. Gra odby\u0142a si\u0119 18 pa\u017adziernika. Uczniowie rozpocz\u0119li rywalizacj\u0119 w Muzeum Energetyki w \u0141aziskach G\u00f3rnych. Trzyosobowe dru\u017cyny wraz z opiekunem rozpoczyna\u0142y zabaw\u0119 w pi\u0119ciominutowych odst\u0119pach. Musia\u0142y pokona\u0107 wyznaczon\u0105 tras\u0119. Po drodze czeka\u0142o na nich sze\u015b\u0107 stanowisk, gdzie nauczyciele i cz\u0142onkowie TP\u0141 zadawali pytania, za kt\u00f3re otrzymywali punkty. Trasa przebiega\u0142a ulicami: Wyzwolenia ,Cieszy\u0144ska, K\u0105ty, M\u0142y\u0144sk\u0105, Kieszki, Ko\u015bcieln\u0105, Barlickiego, Placem Ratuszowym. Meta i ostatnie stanowisko z zadaniami znajdowa\u0142o si\u0119 przy ul. Jana Paw\u0142a II w Miejskiej Bibliotece. Zadania by\u0142y zr\u00f3\u017cnicowane: liczy\u0142a si\u0119 spostrzegawczo\u015b\u0107, znajomo\u015b\u0107 fakt\u00f3w dotycz\u0105cych naszego miasta. W grze wzi\u0119\u0142y udzia\u0142 wszystkie \u0142aziskie szko\u0142y podstawowe.<\/p>\n<p>I miejsce- SP6<\/p>\n<p>II miejsce- SP1<\/p>\n<p>III miejsce \u2013 SP2<\/p>\n<p>Tym razem pogoda dopisa\u0142a, a dobre nastroje uczestnik\u00f3w utwierdzi\u0142y nas w przekonaniu, i\u017c nale\u017cy to wydarzenie nadal kontynuowa\u0107.<\/p>\n\n\n<hr class=\"wp-block-separator has-alpha-channel-opacity\"\/>\n\n\n\n<p><\/p>\n\n\n<p><strong>19 pa\u017adziernika 2024<\/strong> Kolejna&nbsp; \u015bcie\u017cka historyczna. Wspania\u0142a pogoda i ciekawe opowie\u015bci dr Marcina Rudego.<\/p>\n<p>&nbsp;<\/p>\n<p>&nbsp;<\/p>\n<div class=\"html-div xdj266r x11i5rnm xat24cr x1mh8g0r xexx8yu x4uap5 x18d9i69 xkhd6sd\" dir=\"auto\">\n<div class=\"html-div xdj266r x11i5rnm xat24cr x1mh8g0r xexx8yu x4uap5 x18d9i69 xkhd6sd\" data-ad-rendering-role=\"message\">\n<div id=\":r4m:\" class=\"x1l90r2v x1pi30zi x1swvt13 x1iorvi4\" data-ad-comet-preview=\"message\" data-ad-preview=\"message\">\n<div class=\"x78zum5 xdt5ytf xz62fqu x16ldp7u\">\n<div class=\"xu06os2 x1ok221b\">\n<div class=\"xdj266r x11i5rnm xat24cr x1mh8g0r x1vvkbs x126k92a\">\n<div dir=\"auto\"><strong>21 wrze\u015bnia 2024<\/strong> Obszar Warowny \u015al\u0105sk by\u0142 tematem \u015bcie\u017cki historycznej, kt\u00f3r\u0105 dla mi\u0142o\u015bnik\u00f3w lokalnej historii poprowadzi\u0142 wczoraj Arkadiusz Otr\u0119ba. Dzi\u0119kujemy wszystkim uczestnikom. Kolejna \u015bcie\u017cka ju\u017c<\/div>\n<div dir=\"auto\">w pa\u017adzierniku.<\/div>\n<\/div>\n<\/div>\n<\/div>\n<\/div>\n<\/div>\n<\/div>\n\n\n<p><\/p>\n\n\n<div class=\"wp-block-image\">\n<figure class=\"aligncenter size-full\"><img loading=\"lazy\" decoding=\"async\" width=\"600\" height=\"503\" src=\"https:\/\/tpl.laziska.pl\/wp-content\/uploads\/2024\/11\/plaka.jpg\" alt=\"\" class=\"wp-image-1092\" srcset=\"https:\/\/tpl.laziska.pl\/wp-content\/uploads\/2024\/11\/plaka.jpg 600w, https:\/\/tpl.laziska.pl\/wp-content\/uploads\/2024\/11\/plaka-300x252.jpg 300w\" sizes=\"auto, (max-width: 600px) 100vw, 600px\" \/><\/figure>\n<\/div>\n\n\n<hr class=\"wp-block-separator has-alpha-channel-opacity\"\/>\n\n\n\n<p><strong>17 wrze\u015bnia 2024<\/strong> Po wakacjach wyruszyli\u015bmy ze zdwojon\u0105 energi\u0105 na dalsze wnikliwe poznawanie naszego miasta. Cykl spotka\u0144 i \u015bcie\u017cek historycznych rozpocz\u0119\u0142o spotkanie historyczne. To by\u0142o inspiruj\u0105ce wydarzenie. Nasza \u015bl\u0105ska historia to nie\u0142atwy i cz\u0119sto skomplikowany temat. Po wyk\u0142adach Arkadiusza Otr\u0119by i Tomasza Ratki pojawili si\u0119 go\u015bcie specjalni, Panowie Robert Garcarzyk i Wojciech T\u0105ta, cz\u0142onkowie grupy rekonstrukcyjnej Karpaty. W strojach z epoki przybli\u017cyli histori\u0119 II Korpusu, jego szlak bojowy i\u2026 losy Misia Wojtka. By\u0142o sporo pyta\u0144, rozm\u00f3w, wspomnie\u0144. Z pewno\u015bci\u0105 to nie ostatnie spotkanie i liczymy na wsp\u00f3\u0142prac\u0119. Dzi\u0119kujemy Pa\u0144stwu za liczny udzia\u0142. Utwierdza nas to w przekonaniu, \u017ce takie wydarzenia s\u0105 potrzebne i nie ukrywamy, \u017ce to bardzo cieszy i motywuje do dzia\u0142ania.<\/p>\n\n\n\n<p><\/p>\n\n\n<div class=\"wp-block-image\">\n<figure class=\"aligncenter size-full is-resized\"><img loading=\"lazy\" decoding=\"async\" width=\"940\" height=\"788\" src=\"https:\/\/tpl.laziska.pl\/wp-content\/uploads\/2024\/11\/458415552_504059779043530_4133059440128741748_n.jpg\" alt=\"\" class=\"wp-image-1075\" style=\"width:673px;height:564px\" srcset=\"https:\/\/tpl.laziska.pl\/wp-content\/uploads\/2024\/11\/458415552_504059779043530_4133059440128741748_n.jpg 940w, https:\/\/tpl.laziska.pl\/wp-content\/uploads\/2024\/11\/458415552_504059779043530_4133059440128741748_n-300x251.jpg 300w, https:\/\/tpl.laziska.pl\/wp-content\/uploads\/2024\/11\/458415552_504059779043530_4133059440128741748_n-768x644.jpg 768w\" sizes=\"auto, (max-width: 940px) 100vw, 940px\" \/><\/figure>\n<\/div>\n\n\n<hr class=\"wp-block-separator aligncenter has-alpha-channel-opacity is-style-default\"\/>\n\n\n<p>&nbsp;<\/p>\n<p><strong>29 czerwca 2024<\/strong> Mieli\u015bmy sw\u00f3j wk\u0142ad w organizacj\u0119 \u015bwietnego przedsi\u0119wzi\u0119cia. Mieszka\u0144c\u00f3w \u0141azisk wraz z Centrum Us\u0142ug Spo\u0142ecznych oraz Miastem \u0141aziska G\u00f3rne zabrali\u015bmy w nostalgiczn\u0105 podr\u00f3\u017c w przesz\u0142o\u015b\u0107 starym zabytkowym autobusem. Frekwencja dopisa\u0142a, wycieczka cieszy\u0142a si\u0119 du\u017cym powodzeniem. Jak za dawnych lat cieplutko i z przygodami . W oparach PRL-u zako\u0144czyli\u015bmy t\u0105 wyj\u0105tkow\u0105 podr\u00f3\u017c. Wielkie podzi\u0119kowania dla pracownik\u00f3w kopalni KWK Boles\u0142aw \u015amia\u0142y za po\u015bwi\u0119cony czas i mo\u017cliwo\u015b\u0107 zobaczenia niedost\u0119pnych na co dzie\u0144 pomieszcze\u0144.<\/p>\n<p>Trasa stanowi\u0142a p\u0119tl\u0119, kt\u00f3ra ukaza\u0142a 12 wa\u017cnych miejsc i si\u0119ga\u0142a do ich histori\u0119.<\/p>\n<p>Trasa wycieczki skupia\u0142a si\u0119 na wa\u017cnych punktach :<\/p>\n<ol>\n<li>Pomniku po\u015bwi\u0119conym bohaterom walk o wyzwolenie spo\u0142eczne i narodowe<\/li>\n<li>Kopalni\u0119 KWK Boles\u0142aw \u015amia\u0142y \u2013 zwiedzaniu z przewodnikiem Izby Tradycji KWK \u201eBoles\u0142aw \u015amia\u0142y\u201d, KWK Boles\u0142aw \u015amia\u0142y<\/li>\n<li>Budynku Dworca PKP \u0141aziska \u015arednie<\/li>\n<li>Zabytkowej Piekarni PSS Spo\u0142em Zgoda<\/li>\n<li>Zabytkowych Familokach<\/li>\n<li>Werku<\/li>\n<li>Hucie \u0141aziska<\/li>\n<li>Osiedlu D\u0142uga-Zwa\u0142owa<\/li>\n<li>Pomniku g\u00f3rnika<\/li>\n<li>Zabytkowej willi dyrektora kopalni (obecnie KWK Boles\u0142aw \u015amia\u0142y)<\/li>\n<li>Amfiteatrze<\/li>\n<li>Zabytkowym budynku Urz\u0119du Miasta<\/li>\n<\/ol>\n<p>Imprez\u0119 Dofinansowano z bud\u017cetu G\u00f3rno\u015bl\u0105sko &#8211; Zag\u0142\u0119biowskiej Metropolii&#8221;<\/p>\n\n\n<figure class=\"wp-block-gallery has-nested-images columns-default is-cropped wp-block-gallery-8 is-layout-flex wp-block-gallery-is-layout-flex\">\n<figure class=\"wp-block-image size-large\"><img loading=\"lazy\" decoding=\"async\" width=\"1024\" height=\"576\" data-id=\"1055\" src=\"https:\/\/tpl.laziska.pl\/wp-content\/uploads\/2024\/11\/au16-1024x576.jpg\" alt=\"\" class=\"wp-image-1055\" srcset=\"https:\/\/tpl.laziska.pl\/wp-content\/uploads\/2024\/11\/au16-1024x576.jpg 1024w, https:\/\/tpl.laziska.pl\/wp-content\/uploads\/2024\/11\/au16-300x169.jpg 300w, https:\/\/tpl.laziska.pl\/wp-content\/uploads\/2024\/11\/au16-768x432.jpg 768w, https:\/\/tpl.laziska.pl\/wp-content\/uploads\/2024\/11\/au16-1536x864.jpg 1536w, https:\/\/tpl.laziska.pl\/wp-content\/uploads\/2024\/11\/au16.jpg 2000w\" sizes=\"auto, (max-width: 1024px) 100vw, 1024px\" \/><\/figure>\n<\/figure>\n\n\n\n<p><\/p>\n\n\n\n<figure class=\"wp-block-image size-full is-resized\"><img loading=\"lazy\" decoding=\"async\" width=\"541\" height=\"438\" src=\"https:\/\/tpl.laziska.pl\/wp-content\/uploads\/2024\/08\/roza-czarna.png\" alt=\"\" class=\"wp-image-1049\" style=\"width:164px;height:132px\" srcset=\"https:\/\/tpl.laziska.pl\/wp-content\/uploads\/2024\/08\/roza-czarna.png 541w, https:\/\/tpl.laziska.pl\/wp-content\/uploads\/2024\/08\/roza-czarna-300x243.png 300w\" sizes=\"auto, (max-width: 541px) 100vw, 541px\" \/><\/figure>\n\n\n\n<p class=\"has-text-align-center\"><strong><em>W \u015brod\u0119 o godz. 10.00 w ko\u015bciele pod wezwaniem<\/em><\/strong><\/p>\n\n\n\n<p class=\"has-text-align-center\"><strong><em>Matki Bo\u017cej Kr\u00f3lowej R\u00f3\u017ca\u0144ca \u015awi\u0119tego w \u0141aziskach G\u00f3rnych<\/em><\/strong><\/p>\n\n\n\n<p class=\"has-text-align-center has-x-large-font-size\"><em><strong>\u017begnamy<\/strong><\/em><\/p>\n\n\n\n<p class=\"has-text-align-center has-x-large-font-size\"><strong><em>\u015a.p. Mariana Jarka<\/em><\/strong><\/p>\n\n\n\n<p class=\"has-text-align-center\"><strong><em>Odszed\u0142 Wspania\u0142y Cz\u0142owiek.<\/em><\/strong><\/p>\n\n\n\n<p class=\"has-text-align-center\"><strong><em>Dla nas&nbsp; by\u0142 wzorem spokoju, opanowania, skromno\u015bci i ogromnej \u017cyczliwo\u015bci.<\/em><\/strong><\/p>\n\n\n\n<p class=\"has-text-align-center\"><strong><em>Dzi\u0119kujemy Ci za wszystko, Marianie<\/em><\/strong><\/p>\n\n\n\n<p class=\"has-text-align-center\"><\/p>\n\n\n\n<p><\/p>\n\n\n\n<p><\/p>\n\n\n\n\n\n<p>Zapraszamy do udzia\u0142u w kolejnej edycji Konkursu Fotograficznego <\/p>\n\n\n\n<p>Tym razem podkre\u015blamy, \u017ce miasto nasze to nie piek\u0142o&#8230; , eksponujemy jego uroki ze szczeg\u00f3lnym uwzgl\u0119dnieniem walor\u00f3w zielonych teren\u00f3w rekreacyjnych. Prace (maksymalnie 3 fotografie, traktowane jako cykl, o wymiarach minimum 15 cm&nbsp; x&nbsp; 21 cm) na papierze fotograficznym (z metryczk\u0105 na odwrocie ka\u017cdej) przes\u0142a\u0107 nale\u017cy organizatorom. Metryczka fotografii zawiera\u0107 powinna: imi\u0119, nazwisko, wiek autora, numer telefonu, kr\u00f3tki opis miejsca (jego lokalizacj\u0119), dat\u0119 wykonanego zdj\u0119cia oraz \u2013 je\u015bli taki b\u0119dzie zamys\u0142 autora \u2013 tytu\u0142 zdj\u0119cia (cyklu zdj\u0119\u0107).&nbsp;<\/p>\n\n\n\n<p>Pe\u0142ny regulamin <strong>w zak\u0142adce &#8222;do pobrania&#8221;<\/strong><\/p>\n\n\n\n<p><strong>Zapraszamy<\/strong> <\/p>\n\n\n\n<p><strong>28 maja o godz. 17.00<\/strong> w sali MBP w \u0141aziskach G\u00f3rnych odb\u0119dzie si\u0119 spotkanie po\u015bwi\u0119cone Powstaniom \u015al\u0105skim. Serdecznie zapraszamy. <\/p>\n\n\n\n<figure class=\"wp-block-gallery has-nested-images columns-default is-cropped wp-block-gallery-9 is-layout-flex wp-block-gallery-is-layout-flex\">\n<figure class=\"wp-block-image size-large\"><img loading=\"lazy\" decoding=\"async\" width=\"940\" height=\"788\" data-id=\"1039\" src=\"https:\/\/tpl.laziska.pl\/wp-content\/uploads\/2024\/05\/zaproszenie.jpg\" alt=\"\" class=\"wp-image-1039\" srcset=\"https:\/\/tpl.laziska.pl\/wp-content\/uploads\/2024\/05\/zaproszenie.jpg 940w, https:\/\/tpl.laziska.pl\/wp-content\/uploads\/2024\/05\/zaproszenie-300x251.jpg 300w, https:\/\/tpl.laziska.pl\/wp-content\/uploads\/2024\/05\/zaproszenie-768x644.jpg 768w\" sizes=\"auto, (max-width: 940px) 100vw, 940px\" \/><\/figure>\n<\/figure>\n\n\n\n<p><\/p>\n\n\n\n<p><strong>18 maja o godz.10.00<\/strong>, wraz z mieszka\u0144cami odwiedzili\u015bmy Izb\u0119 Tradycji KWK Boles\u0142aw \u015amia\u0142y, oraz dyspozytorni\u0119. Dzi\u0119kujemy naszemu przewodnikowi, cz\u0142onkowi Towarzystwa Panu <strong>Miros\u0142awowi Le\u015bniewskiemu<\/strong> za organizacj\u0119 spotkania. <\/p>\n\n\n\n<p>Towarzystwo Przyjaci\u00f3\u0142 \u0141azisk zaprosi\u0142o mieszka\u0144c\u00f3w naszego miasta na niezwyk\u0142\u0105 podr\u00f3\u017c w czasie. Mieli\u015bmy okazj\u0119 odwiedzi\u0107 \u0142aziskie <strong>muzeum historii NRD<\/strong>, kt\u00f3re znajduje si\u0119 w prywatnym domu pasjonata tego okresu &#8211; <strong>Tomasza Ratki<\/strong>. By\u0142a to wyj\u0105tkowa podr\u00f3\u017c\u2026 &nbsp;okraszone wieloma anegdotami i ciekawostkami na temat historii Niemiec Wschodnich, muru berli\u0144skiego i reali\u00f3w panuj\u0105cych po jego obu stronach opowie\u015bci zapada\u0142y w pami\u0119\u0107. Na uczestnik\u00f3w &#8211; poza zwiedzaniem muzeum \u2013 czeka\u0142y niespodzianki. Wyj\u0105tkowa sceneria, m.in. samochody z tamtej epoki, a tak\u017ce umundurowanie, osprz\u0119t, zasieki czy budka wartownicza podtrzymywa\u0142y iluzj\u0119 bycia w innym miejscu i czasie. Wej\u015bcie na teren muzeum mo\u017cliwe by\u0142o jedynie po zaakceptowaniu &#8222;wniosku o wjazd do NRD&#8221; . Dzi\u0119kujemy za mo\u017cliwo\u015b\u0107 uczestniczenia w tej lekcji historii.<\/p>\n\n\n\n<p><\/p>\n\n\n\n<p><strong>21 kwietnia 2024<\/strong> roku \u0142aziszczanie mieli okazj\u0119 pozna\u0107 schron bojowy Sowiniec. Pomimo niesprzyjaj\u0105cej pogody opowie\u015bci Pana Arka rozgrza\u0142y uczestnik\u00f3w spotkania.<\/p>\n\n\n\n<p><\/p>\n\n\n\n<p>We wsp\u00f3\u0142pracy z Policj\u0105 w Miko\u0142owie TP\u0141 organizuje <strong>spotkanie<\/strong>, na kt\u00f3re serdecznie zaprasza. Tematem spotkania b\u0119d\u0105 <strong>oszustwa internetowe<\/strong> oraz to, na co powinni\u015bmy zwr\u00f3ci\u0107 uwag\u0119, gdzie szuka\u0107 pomocy w razie problem\u00f3w. Spotkanie odb\u0119dzie si\u0119 <strong>15 lutego o godz. 17.00<\/strong> w Miejskiej Bibliotece Publicznej w \u0141aziskach G\u00f3rnych. Zapraszamy <\/p>\n\n\n\n<figure class=\"wp-block-gallery has-nested-images columns-default is-cropped wp-block-gallery-10 is-layout-flex wp-block-gallery-is-layout-flex\">\n<figure class=\"wp-block-image size-large\"><img loading=\"lazy\" decoding=\"async\" width=\"724\" height=\"1024\" data-id=\"942\" src=\"https:\/\/tpl.laziska.pl\/wp-content\/uploads\/2024\/02\/426179991_907149604750429_4066155981515409415_n-724x1024.jpg\" alt=\"\" class=\"wp-image-942\" srcset=\"https:\/\/tpl.laziska.pl\/wp-content\/uploads\/2024\/02\/426179991_907149604750429_4066155981515409415_n-724x1024.jpg 724w, https:\/\/tpl.laziska.pl\/wp-content\/uploads\/2024\/02\/426179991_907149604750429_4066155981515409415_n-212x300.jpg 212w, https:\/\/tpl.laziska.pl\/wp-content\/uploads\/2024\/02\/426179991_907149604750429_4066155981515409415_n-768x1086.jpg 768w, https:\/\/tpl.laziska.pl\/wp-content\/uploads\/2024\/02\/426179991_907149604750429_4066155981515409415_n-1087x1536.jpg 1087w, https:\/\/tpl.laziska.pl\/wp-content\/uploads\/2024\/02\/426179991_907149604750429_4066155981515409415_n.jpg 1132w\" sizes=\"auto, (max-width: 724px) 100vw, 724px\" \/><\/figure>\n<\/figure>\n\n\n\n<p><\/p>\n\n\n\n<p>Ostatnia niedziela stycznia to dzie\u0144 szczeg\u00f3lny dla miasta i ca\u0142ego G\u00f3rnego \u015al\u0105ska. 29 stycznia mia\u0142o miejsce kolejne organizowane przez nas spotkanie. Z\u0142o\u017cenie kwiat\u00f3w oraz zapalenie zniczy pod pami\u0105tkow\u0105 tablic\u0105 to jeden z element\u00f3w piel\u0119gnowania pami\u0119ci o naszych przodkach. Tym razem okazj\u0105 spotkania w sali biblioteki by\u0142 Dzie\u0144 Pami\u0119ci o Tragedii G\u00f3rno\u015bl\u0105skiej. Wyk\u0142ady wprowadzaj\u0105ce w tematyk\u0119 wyg\u0142osili cz\u0142onkowie Towarzystwa, Panowie Tomasz Ratka oraz Arkadiusz Otr\u0119ba, a losami swego pradziadka Andrzeja Golka podzieli\u0142 si\u0119 ze wszystkimi zebranymi \u0142aziszczanin, Pan \u0141ukasz Tudzierz. Nie zabrak\u0142o osobistych wspomnie\u0144, wyg\u0142oszonych przez zebranych na sali, wymiany pogl\u0105d\u00f3w i dyskusji. Dzi\u0119kujemy za tak liczny udzia\u0142.<\/p>\n\n\n\n<p><\/p>\n\n\n\n<p>Wiecz\u00f3r kol\u0119dowo &#8211; noworoczny<\/p>\n\n\n\n<p>Dzisiaj, 4 stycznia, trwali\u015bmy w klimacie \u015bwi\u0105teczno-noworocznym, a to za spraw\u0105 Wieczoru Kol\u0119dowego, zorganizowanego przez nasze towarzystwo. Mogli\u015bmy &#8211; jak zawsze liczy\u0107 na wsp\u00f3\u0142prac\u0119 bibliotekarzy Miejskiej Biblioteki Publicznej w \u0141aziskach G\u00f3rnych.  Do wsp\u00f3lnego kol\u0119dowania zaprosi\u0142y zespo\u0142y ze Szko\u0142y Podstawowej nr 3 w \u0141aziskach G\u00f3rnych &#8211; Muzyka dla Kopernika oraz B\u0142\u0119kitne Anio\u0142ki. Dzieci zosta\u0142y przygotowane przez nauczycielki SP3 \u2013 Anet\u0119 Baron oraz Ma\u0142gorzat\u0119 Szolc. Kol\u0119dy i pastora\u0142ki za\u015bpiewali r\u00f3wnie\u017c cz\u0142onkowie diakoni muzycznej Wsp\u00f3lnota Ruchu \u015awiat\u0142o &#8211; \u017bycie w \u0141aziskach G\u00f3rnych. Pocz\u0119stunek sfinansowano ze \u015brodk\u00f3w Miasto \u0141aziska G\u00f3rne.<\/p>\n\n\n\n<p><\/p>\n\n\n\n<p>W \u0142aziskiej bibliotece &#8211; siedzibie TP\u0141 odby\u0142a si\u0119 II edycja konkursu dla przedszkolak\u00f3w pt. \u0141aziska G\u00f3rne-moje miejsce na ziemi. Najm\u0142odsi podczas zmaga\u0144 konkursowych musieli m.in. wykaza\u0107 si\u0119 umiej\u0119tno\u015bci\u0105 rozpoznania ciekawych miejsc miasta, wa\u017cnych os\u00f3b z miastem zwi\u0105zanych, a nawet popisa\u0107 znajomo\u015bci\u0105 gwary. S\u0142odziaki przedszkolaki prezentowa\u0142y przygotowane scenki i deklamowa\u0142y teksty. I miejsce w zmaganiach zaj\u0119\u0142o Przedszkole nr 3, II miejsce- Przedszkole nr 4, a III miejsce- Przedszkole nr 2. Serdecznie gratulujemy.<\/p>\n\n\n\n<p><\/p>\n\n\n\n<p>Zbli\u017camy si\u0119 do fina\u0142u projektu &#8211; \u0141aziska Kapsu\u0142a Czasu. Dzi\u0119kujemy ju\u017c teraz wszystkim zaanga\u017cowanym i wszystkim kibicuj\u0105cym naszemu przedsi\u0119wzi\u0119ciu\u2026<\/p>\n\n\n\n<figure class=\"wp-block-gallery has-nested-images columns-default is-cropped wp-block-gallery-11 is-layout-flex wp-block-gallery-is-layout-flex\">\n<figure class=\"wp-block-image size-large\"><img loading=\"lazy\" decoding=\"async\" width=\"768\" height=\"1024\" data-id=\"931\" src=\"https:\/\/tpl.laziska.pl\/wp-content\/uploads\/2023\/11\/400417457_318150024301174_9042383204692582595_n-768x1024.jpg\" alt=\"\" class=\"wp-image-931\" srcset=\"https:\/\/tpl.laziska.pl\/wp-content\/uploads\/2023\/11\/400417457_318150024301174_9042383204692582595_n-768x1024.jpg 768w, https:\/\/tpl.laziska.pl\/wp-content\/uploads\/2023\/11\/400417457_318150024301174_9042383204692582595_n-225x300.jpg 225w, https:\/\/tpl.laziska.pl\/wp-content\/uploads\/2023\/11\/400417457_318150024301174_9042383204692582595_n-1152x1536.jpg 1152w, https:\/\/tpl.laziska.pl\/wp-content\/uploads\/2023\/11\/400417457_318150024301174_9042383204692582595_n.jpg 1536w\" sizes=\"auto, (max-width: 768px) 100vw, 768px\" \/><\/figure>\n\n\n\n<figure class=\"wp-block-image size-large\"><img loading=\"lazy\" decoding=\"async\" width=\"768\" height=\"1024\" data-id=\"930\" src=\"https:\/\/tpl.laziska.pl\/wp-content\/uploads\/2023\/11\/400423257_318150200967823_9077680582002361305_n-768x1024.jpg\" alt=\"\" class=\"wp-image-930\" srcset=\"https:\/\/tpl.laziska.pl\/wp-content\/uploads\/2023\/11\/400423257_318150200967823_9077680582002361305_n-768x1024.jpg 768w, https:\/\/tpl.laziska.pl\/wp-content\/uploads\/2023\/11\/400423257_318150200967823_9077680582002361305_n-225x300.jpg 225w, https:\/\/tpl.laziska.pl\/wp-content\/uploads\/2023\/11\/400423257_318150200967823_9077680582002361305_n-1152x1536.jpg 1152w, https:\/\/tpl.laziska.pl\/wp-content\/uploads\/2023\/11\/400423257_318150200967823_9077680582002361305_n.jpg 1536w\" sizes=\"auto, (max-width: 768px) 100vw, 768px\" \/><\/figure>\n<\/figure>\n\n\n\n<p><\/p>\n\n\n\n<p>11 pa\u017adziernika odby\u0142a si\u0119 V edycja gry terenowej &#8222;Poznaj swoje miasto jeszcze lepiej&#8221;, organizowanej przez TP\u0141 we wsp\u00f3\u0142pracy z SP3 i SP4. Tegoroczna edycja przebieg\u0142a pod has\u0142em: &#8222;\u015aladami miejsc pami\u0119ci narodowej w \u0141aziskach G\u00f3rnych&#8221;. W zmaganiach wzi\u0119\u0142y udzia\u0142 wszystkie \u0142aziskie szko\u0142y. Trzyosobowe zespo\u0142y wraz z opiekunami. Poziom zmaga\u0144 by\u0142 bardzo wyr\u00f3wnany. Fina\u0142 gry odby\u0142 si\u0119 w SP3. Tam wszyscy zebrani wys\u0142uchali wyk\u0142adu cz\u0142onka Towarzystwa, Arkadiusza Otr\u0119by, na temat obszar\u00f3w warownych \u015al\u0105ska  jednego z pododcinka znajduj\u0105cego si\u0119 w  \u0141aziskach. Po wyk\u0142adzie nast\u0105pi\u0142o wr\u0119czenie nagr\u00f3d i podzi\u0119kowa\u0144 uczestnikom. I miejsce otrzyma\u0142a dru\u017cyna z SP6, II miejsce &#8211; S1, III miejsce &#8211; SP2.<\/p>\n\n\n\n<figure class=\"wp-block-gallery has-nested-images columns-default is-cropped wp-block-gallery-12 is-layout-flex wp-block-gallery-is-layout-flex\">\n<figure class=\"wp-block-image size-large\"><img loading=\"lazy\" decoding=\"async\" width=\"1024\" height=\"771\" data-id=\"920\" src=\"https:\/\/tpl.laziska.pl\/wp-content\/uploads\/2023\/11\/GRATPL1-1024x771.jpg\" alt=\"\" class=\"wp-image-920\" srcset=\"https:\/\/tpl.laziska.pl\/wp-content\/uploads\/2023\/11\/GRATPL1-1024x771.jpg 1024w, https:\/\/tpl.laziska.pl\/wp-content\/uploads\/2023\/11\/GRATPL1-300x226.jpg 300w, https:\/\/tpl.laziska.pl\/wp-content\/uploads\/2023\/11\/GRATPL1-768x578.jpg 768w, https:\/\/tpl.laziska.pl\/wp-content\/uploads\/2023\/11\/GRATPL1-1536x1156.jpg 1536w, https:\/\/tpl.laziska.pl\/wp-content\/uploads\/2023\/11\/GRATPL1.jpg 1600w\" sizes=\"auto, (max-width: 1024px) 100vw, 1024px\" \/><\/figure>\n\n\n\n<figure class=\"wp-block-image size-large\"><img loading=\"lazy\" decoding=\"async\" width=\"1024\" height=\"771\" data-id=\"919\" src=\"https:\/\/tpl.laziska.pl\/wp-content\/uploads\/2023\/11\/GRATPL2-1024x771.jpg\" alt=\"\" class=\"wp-image-919\" srcset=\"https:\/\/tpl.laziska.pl\/wp-content\/uploads\/2023\/11\/GRATPL2-1024x771.jpg 1024w, https:\/\/tpl.laziska.pl\/wp-content\/uploads\/2023\/11\/GRATPL2-300x226.jpg 300w, https:\/\/tpl.laziska.pl\/wp-content\/uploads\/2023\/11\/GRATPL2-768x578.jpg 768w, https:\/\/tpl.laziska.pl\/wp-content\/uploads\/2023\/11\/GRATPL2-1536x1156.jpg 1536w, https:\/\/tpl.laziska.pl\/wp-content\/uploads\/2023\/11\/GRATPL2.jpg 1600w\" sizes=\"auto, (max-width: 1024px) 100vw, 1024px\" \/><\/figure>\n<\/figure>\n\n\n\n<p><\/p>\n\n\n\n<p><strong>Uwaga<\/strong><\/p>\n\n\n<p><!-- \/wp:post-content --><!-- wp:paragraph --><\/p>\n<p>tylko do <strong>15 sierpnia<\/strong> z niecierpliwo\u015bci\u0105 czekamy na wspania\u0142e propozycje dotycz\u0105ce tego, co zawiera\u0107 mog\u0142aby nasza \u0142aziska kapsu\u0142a czasu, co powinno by\u0107 <span style=\"font-family: 'Cambria Math',serif; mso-bidi-font-family: 'Cambria Math';\">\ud835\udc33\ud835\udc1a\ud835\udc29\ud835\udc1a\ud835\udc26\ud835\udc22<\/span>\u0119<span style=\"font-family: 'Cambria Math',serif; mso-bidi-font-family: 'Cambria Math';\">\ud835\udc2d\ud835\udc1a\ud835\udc27\ud835\udc1e <\/span><span style=\"font-family: 'Cambria Math',serif; mso-bidi-font-family: 'Cambria Math';\">\ud835\udc22 <\/span><span style=\"font-family: 'Cambria Math',serif; mso-bidi-font-family: 'Cambria Math';\">\ud835\udc29\ud835\udc2b\ud835\udc33\ud835\udc1e\ud835\udc24\ud835\udc1a\ud835\udc33\ud835\udc1a\ud835\udc27\ud835\udc1e <\/span><span style=\"font-family: 'Cambria Math',serif; mso-bidi-font-family: 'Cambria Math';\">\ud835\udc24\ud835\udc28\ud835\udc25\ud835\udc1e\ud835\udc23\ud835\udc27\ud835\udc32\ud835\udc26 <\/span><span style=\"font-family: 'Cambria Math',serif; mso-bidi-font-family: 'Cambria Math';\">\ud835\udc29\ud835\udc28\ud835\udc24\ud835\udc28\ud835\udc25\ud835\udc1e\ud835\udc27\ud835\udc22\ud835\udc28\ud835\udc26<\/span>? Prosimy swoje niebanalne, ciekawe propozycje zg\u0142asza\u0107 do nas &#8211; a my ch\u0119tnie je rozpatrzymy&#8230;<\/p>\n<p><!-- \/wp:paragraph --><!-- wp:paragraph --><\/p>\n<p><!-- \/wp:paragraph --><!-- wp:paragraph -->Propozycje prosimy przesy\u0142a\u0107 do <span style=\"font-family: 'Cambria Math',serif; mso-bidi-font-family: 'Cambria Math';\">\ud835\udfcf\ud835\udfd3 <\/span><span style=\"font-family: 'Cambria Math',serif; mso-bidi-font-family: 'Cambria Math';\">\ud835\udc2c\ud835\udc22\ud835\udc1e\ud835\udc2b\ud835\udc29\ud835\udc27\ud835\udc22\ud835\udc1a <\/span>na adres r\u035fe\u035fd\u035fa\u035fk\u035fc\u035fj\u035fa\u035f@\u035fga\u035fz\u035fe\u035ft\u035fa\u035f.la\u035fz\u035fi\u035fs\u035fk\u035fa\u035f.p\u035fl\u035f lub&nbsp; tpl.laziska@gmail.com z tytu\u0142em <strong>Kapsu\u0142a czasu<\/strong>&#8230;<\/p>\n<p><!-- \/wp:paragraph --><!-- wp:paragraph --><\/p>\n<p><!-- \/wp:paragraph --><!-- wp:paragraph -->Z okazji 35. urodzin nasze Towarzystwo (nasze &#8211; czyli Wszystkich \u0142aziszczan), pilotuje projekt zwi\u0105zany z<br \/>kapsu\u0142\u0105 czasu, na kt\u00f3rej umieszczona zostanie grawerowana tablica z napisem &#8222;\u0141aziska kapsu\u0142a czasu. Wydarzy\u0142o si\u0119 1988-2023&#8221;. Towarzystwo intensywnie dzia\u0142a, aby w kapsule znalaz\u0142y si\u0119 pami\u0105tki naszych czas\u00f3w. W tym celu prezes TP\u0141 Monika Kukla spotka\u0142a si\u0119 z dyrektorami dw\u00f3ch najwi\u0119kszych zak\u0142ad\u00f3w pracy dzia\u0142aj\u0105cych na terenie naszego miasta &#8211; Grzegorzem Conradem &#8211; dyrektorem KWK Boles\u0142aw \u015amia\u0142y oraz Micha\u0142em Pa\u0144czyszynem -dyrektorem Tauron Wytwarzanie SA oddzia\u0142 Elektrownia \u0141aziska w \u0141aziskach G\u00f3rnych.<\/p>\n<p><!-- \/wp:paragraph --><!-- wp:paragraph --><\/p>\n<p>Dzi\u0119kujemy wszystkim za pomoc, inspiracj\u0119 i pe\u0142ne poparcie dla naszych dzia\u0142a\u0144.<\/p>\n<p><!-- \/wp:paragraph --><\/p>\n<p><!-- wp:paragraph --><\/p>\n<p><!-- \/wp:paragraph --><\/p>\n<p><!-- wp:paragraph --><\/p>\n<p><!-- \/wp:paragraph --><\/p>\n<p><!-- wp:paragraph --><\/p>\n<p><!-- \/wp:paragraph --><\/p>\n<p><!-- wp:paragraph --><\/p>\n<p>&nbsp;<\/p>\n<p><strong>\u0141aziskie towarzystwo w katowickim radio<\/strong>. Dzi\u015b dla Radia Katowice odkrywali\u015bmy tajemnice naszego miasta. Zebrany materia\u0142 pojawi si\u0119 w specjalnej radiowej audycji.<\/p>\n<p><!-- \/wp:paragraph --><\/p>\n<p><!-- wp:image {\"id\":821,\"sizeSlug\":\"large\",\"linkDestination\":\"none\"} --><\/p>\n<figure class=\"wp-block-image size-large\"><img loading=\"lazy\" decoding=\"async\" width=\"1024\" height=\"1024\" class=\"wp-image-821\" src=\"https:\/\/tpl.laziska.pl\/wp-content\/uploads\/2023\/07\/362214266_256013863848124_2502465763766377622_n-1024x1024.jpg\" alt=\"\" srcset=\"https:\/\/tpl.laziska.pl\/wp-content\/uploads\/2023\/07\/362214266_256013863848124_2502465763766377622_n-1024x1024.jpg 1024w, https:\/\/tpl.laziska.pl\/wp-content\/uploads\/2023\/07\/362214266_256013863848124_2502465763766377622_n-300x300.jpg 300w, https:\/\/tpl.laziska.pl\/wp-content\/uploads\/2023\/07\/362214266_256013863848124_2502465763766377622_n-150x150.jpg 150w, https:\/\/tpl.laziska.pl\/wp-content\/uploads\/2023\/07\/362214266_256013863848124_2502465763766377622_n-768x768.jpg 768w, https:\/\/tpl.laziska.pl\/wp-content\/uploads\/2023\/07\/362214266_256013863848124_2502465763766377622_n-1536x1536.jpg 1536w, https:\/\/tpl.laziska.pl\/wp-content\/uploads\/2023\/07\/362214266_256013863848124_2502465763766377622_n.jpg 2048w\" sizes=\"auto, (max-width: 1024px) 100vw, 1024px\" \/><\/figure>\n<p><!-- \/wp:image --><\/p>\n<p><!-- wp:paragraph --><\/p>\n<p><strong>Festiwal Aktywno\u015bci Senioralnej<\/strong> &#8211; Towarzystwo Przyjaci\u00f3\u0142 \u0141azisk wzi\u0119\u0142o udzia\u0142 w w\/w przedsi\u0119wzi\u0119ciu promuj\u0105c miasto i zapraszaj\u0105c do dzia\u0142a\u0144 na jego rzecz<\/p>\n<p><!-- \/wp:paragraph --><\/p>\n<p><!-- wp:paragraph --><\/p>\n<p><!-- \/wp:paragraph --><\/p>\n<p><!-- wp:image {\"id\":828,\"sizeSlug\":\"large\",\"linkDestination\":\"none\"} --><\/p>\n<figure class=\"wp-block-image size-large\"><img loading=\"lazy\" decoding=\"async\" width=\"1024\" height=\"1024\" class=\"wp-image-828\" src=\"https:\/\/tpl.laziska.pl\/wp-content\/uploads\/2023\/07\/348953146_2951570971639615_6039447505105052534_n-1024x1024.jpg\" alt=\"\" srcset=\"https:\/\/tpl.laziska.pl\/wp-content\/uploads\/2023\/07\/348953146_2951570971639615_6039447505105052534_n-1024x1024.jpg 1024w, https:\/\/tpl.laziska.pl\/wp-content\/uploads\/2023\/07\/348953146_2951570971639615_6039447505105052534_n-300x300.jpg 300w, https:\/\/tpl.laziska.pl\/wp-content\/uploads\/2023\/07\/348953146_2951570971639615_6039447505105052534_n-150x150.jpg 150w, https:\/\/tpl.laziska.pl\/wp-content\/uploads\/2023\/07\/348953146_2951570971639615_6039447505105052534_n-768x768.jpg 768w, https:\/\/tpl.laziska.pl\/wp-content\/uploads\/2023\/07\/348953146_2951570971639615_6039447505105052534_n-1536x1536.jpg 1536w, https:\/\/tpl.laziska.pl\/wp-content\/uploads\/2023\/07\/348953146_2951570971639615_6039447505105052534_n.jpg 2048w\" sizes=\"auto, (max-width: 1024px) 100vw, 1024px\" \/><\/figure>\n<p><!-- \/wp:image --><\/p>\n<p><!-- wp:paragraph --><\/p>\n<p>Uczestnicy <strong>festynu w \u0141aziskach \u015arednich<\/strong> mieli okazj\u0119 zapozna\u0107 si\u0119 z materia\u0142ami i wystawk\u0105 przygotowanymi na t\u0119 okazj\u0119, a dotycz\u0105c\u0105 historii naszego miasta.<\/p>\n<p><!-- \/wp:paragraph --><\/p>\n<p><!-- wp:image {\"id\":831,\"width\":837,\"height\":837,\"sizeSlug\":\"full\",\"linkDestination\":\"none\"} --><\/p>\n<figure class=\"wp-block-image size-full is-resized\"><img loading=\"lazy\" decoding=\"async\" class=\"wp-image-831\" src=\"https:\/\/tpl.laziska.pl\/wp-content\/uploads\/2023\/07\/349095969_178931261792432_3867468798210084922_n.jpg\" alt=\"\" width=\"837\" height=\"837\" srcset=\"https:\/\/tpl.laziska.pl\/wp-content\/uploads\/2023\/07\/349095969_178931261792432_3867468798210084922_n.jpg 600w, https:\/\/tpl.laziska.pl\/wp-content\/uploads\/2023\/07\/349095969_178931261792432_3867468798210084922_n-300x300.jpg 300w, https:\/\/tpl.laziska.pl\/wp-content\/uploads\/2023\/07\/349095969_178931261792432_3867468798210084922_n-150x150.jpg 150w\" sizes=\"auto, (max-width: 837px) 100vw, 837px\" \/><\/figure>\n<p><!-- \/wp:image --><\/p>\n<p><!-- wp:paragraph --><\/p>\n<p>Cz\u0142onk\u00f3w Towarzystwa Przyjaci\u00f3\u0142 \u0141azisk nie zabrak\u0142o tak\u017ce na <strong>szkolnym pikniku przy Szkole Podstawowej im. Przyjaci\u00f3\u0142 Ziemi<\/strong><\/p>\n<p><!-- \/wp:paragraph --><\/p>\n<p><!-- wp:image {\"id\":834,\"sizeSlug\":\"large\",\"linkDestination\":\"none\"} --><\/p>\n<figure class=\"wp-block-image size-large\"><img loading=\"lazy\" decoding=\"async\" width=\"1024\" height=\"1024\" class=\"wp-image-834\" src=\"https:\/\/tpl.laziska.pl\/wp-content\/uploads\/2023\/07\/350784541_765863885214978_3859544128714926946_n-1024x1024.jpg\" alt=\"\" srcset=\"https:\/\/tpl.laziska.pl\/wp-content\/uploads\/2023\/07\/350784541_765863885214978_3859544128714926946_n-1024x1024.jpg 1024w, https:\/\/tpl.laziska.pl\/wp-content\/uploads\/2023\/07\/350784541_765863885214978_3859544128714926946_n-300x300.jpg 300w, https:\/\/tpl.laziska.pl\/wp-content\/uploads\/2023\/07\/350784541_765863885214978_3859544128714926946_n-150x150.jpg 150w, https:\/\/tpl.laziska.pl\/wp-content\/uploads\/2023\/07\/350784541_765863885214978_3859544128714926946_n-768x768.jpg 768w, https:\/\/tpl.laziska.pl\/wp-content\/uploads\/2023\/07\/350784541_765863885214978_3859544128714926946_n-1536x1536.jpg 1536w, https:\/\/tpl.laziska.pl\/wp-content\/uploads\/2023\/07\/350784541_765863885214978_3859544128714926946_n.jpg 2048w\" sizes=\"auto, (max-width: 1024px) 100vw, 1024px\" \/><\/figure>\n<p><!-- \/wp:image --><\/p>\n<p><!-- wp:paragraph --><\/p>\n<p>Tym razem eksploracja<img alt=\"\ud83d\ude00\" width=\"16\" height=\"16\">\u0141azisk \u015arednich. <strong>Prace nad kartami i gr\u0105 planszow\u0105<\/strong> dotycz\u0105c\u0105 naszego miasta posuwaj\u0105 si\u0119 naprz\u00f3d. Ju\u017c niebawem, bo 5 czerwca br. Towarzystwo Przyjaci\u00f3\u0142 \u0141azisk zaprosi na fina\u0142 projektu i spotkaniu podsumowuj\u0105ce. \u0141aziski UTOPEK pozdrawia wszystkie osoby zaanga\u017cowane w projekt powstania gry planszowej i kart.<\/p>\n<p><!-- \/wp:paragraph --><\/p>\n<p><!-- wp:paragraph --><\/p>\n<p><!-- \/wp:paragraph --><\/p>\n<p><!-- wp:paragraph --><\/p>\n<p>Nasze TP\u0141 jest w trakcie realizacji ciekawych projekt\u00f3w &#8211; przedsi\u0119wzi\u0119\u0107. Jeden z nich dotyczy upami\u0119tnienia zas\u0142u\u017conych, wielkich kobiet naszego miasta; drugi ma na celu propagowanie wiedzy o mie\u015bcie i propagowanie \u0142aziskiej historii w\u015br\u00f3d m\u0142odych mieszka\u0144c\u00f3w. Ten projekt &#8221; \u0141aziskie tajemnice&#8221; wsp\u00f3\u0142tworzony jest z CSR i \u015al\u0105skiej Przestrzeni Wsp\u00f3\u0142pracy Lokalnej. Niebawem b\u0119dzie mo\u017cna pozna\u0107 jego efekty.<\/p>\n<p><!-- \/wp:paragraph --><\/p>\n<p><!-- wp:gallery {\"linkTo\":\"none\"} --><\/p>\n<figure class=\"wp-block-gallery has-nested-images columns-default is-cropped\"><!-- wp:image {\"id\":809,\"sizeSlug\":\"large\",\"linkDestination\":\"none\"} --> <img loading=\"lazy\" decoding=\"async\" class=\"wp-image-809 aligncenter\" src=\"https:\/\/tpl.laziska.pl\/wp-content\/uploads\/2023\/04\/342066201_1915136088830708_288358244658258099_n-1.jpg\" alt=\"\" width=\"296\" height=\"416\" srcset=\"https:\/\/tpl.laziska.pl\/wp-content\/uploads\/2023\/04\/342066201_1915136088830708_288358244658258099_n-1.jpg 513w, https:\/\/tpl.laziska.pl\/wp-content\/uploads\/2023\/04\/342066201_1915136088830708_288358244658258099_n-1-214x300.jpg 214w\" sizes=\"auto, (max-width: 296px) 100vw, 296px\" \/><\/figure>\n<p>22 lutego mieszka\u0144cy naszego miasta podczas spotkania zorganizowanego przez Towarzystwo oraz Miejsk\u0105 Bibliotek\u0119 Publiczn\u0105 rozmawiali o wci\u0105\u017c \u017cywym w pami\u0119ci spo\u0142ecznej wydarzeniu \u2013 o Tragedii G\u00f3rno\u015bl\u0105skiej i wyw\u00f3zce na Sybir mieszka\u0144c\u00f3w naszego miasta. Podczas spotkania by\u0142o mo\u017cna pos\u0142ucha\u0107 relacji \u0142aziskich ofiar deportacji za spraw\u0105 filmu Henryka Latuska pt. \u201eSkrywane biografie\u201d.<\/p>\n<div class=\"wp-block-columns\">\n<div class=\"wp-block-column\">\n<figure class=\"wp-block-image size-large\"><img loading=\"lazy\" decoding=\"async\" class=\"wp-image-765\" src=\"https:\/\/tpl.laziska.pl\/wp-content\/uploads\/2023\/03\/1-2-1024x680.jpg\" alt=\"\" width=\"408\" height=\"271\" srcset=\"https:\/\/tpl.laziska.pl\/wp-content\/uploads\/2023\/03\/1-2-1024x680.jpg 1024w, https:\/\/tpl.laziska.pl\/wp-content\/uploads\/2023\/03\/1-2-300x199.jpg 300w, https:\/\/tpl.laziska.pl\/wp-content\/uploads\/2023\/03\/1-2-768x510.jpg 768w, https:\/\/tpl.laziska.pl\/wp-content\/uploads\/2023\/03\/1-2-1536x1020.jpg 1536w, https:\/\/tpl.laziska.pl\/wp-content\/uploads\/2023\/03\/1-2.jpg 2048w\" sizes=\"auto, (max-width: 408px) 100vw, 408px\" \/> &nbsp; <img loading=\"lazy\" decoding=\"async\" class=\"wp-image-766\" src=\"https:\/\/tpl.laziska.pl\/wp-content\/uploads\/2023\/03\/2-1-1024x724.jpg\" alt=\"\" width=\"376\" height=\"266\" srcset=\"https:\/\/tpl.laziska.pl\/wp-content\/uploads\/2023\/03\/2-1-1024x724.jpg 1024w, https:\/\/tpl.laziska.pl\/wp-content\/uploads\/2023\/03\/2-1-300x212.jpg 300w, https:\/\/tpl.laziska.pl\/wp-content\/uploads\/2023\/03\/2-1-768x543.jpg 768w, https:\/\/tpl.laziska.pl\/wp-content\/uploads\/2023\/03\/2-1-1536x1085.jpg 1536w, https:\/\/tpl.laziska.pl\/wp-content\/uploads\/2023\/03\/2-1.jpg 2048w\" sizes=\"auto, (max-width: 376px) 100vw, 376px\" \/><\/figure>\n<p><!-- \/wp:image --><\/p>\n<\/div>\n<p><!-- \/wp:gallery --><\/p>\n<p><!-- wp:column --><\/p>\n<p><!-- \/wp:column --><\/p>\n<p><!-- wp:column --><\/p>\n<p><!-- \/wp:column --><\/p>\n<\/div>\n<p><!-- \/wp:columns --><\/p>\n<p><!-- wp:paragraph --><\/p>\n<p><!-- \/wp:paragraph --><\/p>\n<p><!-- wp:paragraph --><\/p>\n<p><!-- \/wp:paragraph --><\/p>\n<p><!-- wp:paragraph --><\/p>\n<p>W spotkaniu wzi\u0119li udzia\u0142 mieszka\u0144cy naszego miasta, osoby zainteresowane tematem i w og\u00f3le- histori\u0105 \u0141azisk G\u00f3rnych. W\u015br\u00f3d go\u015bci byli m.in. burmistrz Aleksander Wyra, radna powiatowa Iwona Gejdel, \u0142aziski radny Grzegorz Pieter.<\/p>\n<p><!-- \/wp:paragraph --><\/p>\n<p><!-- wp:paragraph --><\/p>\n<p>Arkadiusz Otr\u0119ba (cz\u0142onek Towarzystwa Przyjaci\u00f3\u0142 \u0141azisk) wprowadzi\u0142 uczestnik\u00f3w w temat, przedstawiaj\u0105c podstawowe informacje i nieco danych statystycznych. Jak wynika z danych zebranych przez Dariusza W\u0119grzynowicza w publikacji Ksi\u0119ga aresztowanych, internowanych i deportowanych w G\u00f3rnego \u015al\u0105ska do ZSRR w 1945 roku (wydanej w 2021 roku) z terenu naszego miasta deportowano 197 os\u00f3b \u2013 154 z nich na pewno trafi\u0142o do ZSRR \u2013 o 39 osobach nie ma informacji, 56 wywiezionych powr\u00f3ci\u0142o, 59 zmar\u0142o na zes\u0142aniu. Dwie z zatrzymanych os\u00f3b osadzono w polskich obozach i obie powr\u00f3ci\u0142y do domu. 41 os\u00f3b aresztowa\u0142a MO lub NKWD \u2013 wi\u0119kszo\u015b\u0107 z nich prawdopodobnie r\u00f3wnie\u017c deportowano w g\u0142\u0105b ZSRR.<\/p>\n<p><!-- \/wp:paragraph --><\/p>\n<p><!-- wp:paragraph --><\/p>\n<p>Podczas spotkania g\u0142os zabra\u0142 tak\u017ce Tomasz Ratka, pasjonat historii opowiadaj\u0105cy o swojej rodzinie od pokole\u0144 mieszkaj\u0105cej w \u0141aziskach. Przybli\u017cy\u0142 on skomplikowan\u0105 sytuacj\u0119 rodzin proniemieckich i propolskich na \u015al\u0105sku, czasami mieszkaj\u0105cych w jednej kamienicy obok siebie. W ten spos\u00f3b nakre\u015bli\u0142 t\u0142o polityczno-historyczne wydarze\u0144 z 1945 roku.<\/p>\n<p><!-- \/wp:paragraph --><\/p>\n<p><!-- wp:paragraph --><\/p>\n<p>Uczestnicy spotkania mieli okazj\u0119 pos\u0142ucha\u0107 relacji uczestnik\u00f3w deportacji \u2013 a to za spraw\u0105 filmu \u0142aziszczanina Henryka Latuska. W jego obrazie pt. \u201eSkrywane biografie\u201d o swoich prze\u017cyciach na zes\u0142aniu opowiedzieli nie\u017cyj\u0105cy ju\u017c \u0142aziszczanie \u2013 Franciszek Sosna z \u0141azisk \u015arednich i Bernard Ciszewski z \u0141azisk Dolnych. Na widowni obecna by\u0142a wnuczka pana Franciszka Katarzyna Wengerek, dla kt\u00f3rej pokaz filmu by\u0142 niezwykle wzruszaj\u0105cym momentem ca\u0142ego spotkania.<\/p>\n<p><!-- \/wp:paragraph --><\/p>\n<p><!-- wp:paragraph --><\/p>\n<p><em>Bardzo si\u0119 ciesz\u0119, \u017ce uda\u0142o nam si\u0119 spotka\u0107 i podj\u0105\u0107 tak trudny temat, tym bardziej \u017ce dotyczy miejsca, w kt\u00f3rym mieszkamy, naszych bliskich, s\u0105siad\u00f3w czy znajomych, kt\u00f3rych przodkowie byli \u015bwiadkami tych wydarze\u0144 <\/em>\u2013 podsumowa\u0142a przewodnicz\u0105ca TP\u0141 Monika Kukla.<\/p>\n<p><!-- \/wp:paragraph --><\/p>\n<p><!-- wp:paragraph --><\/p>\n<p>Deportacje \u015al\u0105zak\u00f3w na Sybir w 1945 roku by\u0142y d\u0142ugo tematem tabu. Dopiero po transformacji zacz\u0119to m\u00f3wi\u0107 g\u0142o\u015bno o tym szczeg\u00f3lnie trudnym okresie w historii mieszka\u0144c\u00f3w regionu i upami\u0119tnia\u0107 ofiary wyw\u00f3zek. W 2011 roku Sejmik Wojew\u00f3dztwa \u015al\u0105skiego przyj\u0105\u0142 uchwa\u0142\u0119 w sprawie ustanowienia ostatniej niedzieli stycznia Dniem Pami\u0119ci o Tragedii G\u00f3rno\u015bl\u0105skiej 1945 roku. Wcze\u015bniej \u2013 w lutym 2005 roku \u2013 na \u0142aziskim Urz\u0119dzie Miejskim zawis\u0142a tablica, upami\u0119tniaj\u0105ca ofiary deportacji z terenu naszego miasta.<\/p>\n<p>Po niezb\u0119dnych uzgodnieniach z Instytutem Pami\u0119ci Narodowej publikujemy list\u0119 nazwisk \u0142aziszczan deportowanych w g\u0142\u0105b ZSRR w 1945 roku.<\/p>\n<p><!-- \/wp:paragraph --><\/p>\n<p><!-- wp:paragraph --><\/p>\n<p><strong>Lista<\/strong> os\u00f3b &#8211; w zak\u0142adce <strong>DO POBRANIA<\/strong><\/p>\n<p><!-- \/wp:paragraph --><\/p>\n<p><!-- wp:paragraph --><\/p>\n<p>Je\u017celi jeste\u015bcie Pa\u0144stwo ciekawi biogram\u00f3w poszczeg\u00f3lnych os\u00f3b wyst\u0119puj\u0105cych na li\u015bcie prosimy o kontakt. <strong>Zdajemy sobie spraw\u0119 \u017ce powy\u017csza lista wymaga uzupe\u0142nie\u0144 i poprawek, zwracamy si\u0119 wi\u0119c z pro\u015bb\u0105 do <\/strong>wszystkich, kt\u00f3rzy maj\u0105 jakiekolwiek wiadomo\u015bci o deportowanych, fotografie i inne dokumenty, informacje zwi\u0105zane z osobami z listy , b\u0105d\u017a wiedz\u0119 o innych nie wymienionych ofiarach,<strong> o kontakt z nami &#8211; tak\u017ce przez adres e-mailowy.&nbsp;<\/strong><\/p>\n<p><!-- \/wp:paragraph --><\/p>\n<p><!-- wp:paragraph --><\/p>\n<p><!-- \/wp:paragraph --><\/p>\n<p><!-- wp:paragraph --><\/p>\n<p><!-- \/wp:paragraph --><\/p>\n<p><!-- wp:paragraph --><\/p>\n<p><strong>Zapraszamy<\/strong> <strong>bardzo serdecznie<\/strong><\/p>\n<p><!-- \/wp:paragraph --><\/p>\n<p><!-- wp:image {\"id\":739,\"width\":555,\"height\":416,\"sizeSlug\":\"large\",\"linkDestination\":\"none\",\"className\":\"is-style-default\"} --><\/p>\n<figure class=\"wp-block-image size-large is-resized is-style-default\"><img loading=\"lazy\" decoding=\"async\" class=\"wp-image-739 aligncenter\" src=\"https:\/\/tpl.laziska.pl\/wp-content\/uploads\/2023\/02\/Resized_20230211_151921-1024x768.jpg\" alt=\"\" width=\"555\" height=\"416\" srcset=\"https:\/\/tpl.laziska.pl\/wp-content\/uploads\/2023\/02\/Resized_20230211_151921-1024x768.jpg 1024w, https:\/\/tpl.laziska.pl\/wp-content\/uploads\/2023\/02\/Resized_20230211_151921-300x225.jpg 300w, https:\/\/tpl.laziska.pl\/wp-content\/uploads\/2023\/02\/Resized_20230211_151921-768x576.jpg 768w, https:\/\/tpl.laziska.pl\/wp-content\/uploads\/2023\/02\/Resized_20230211_151921-rotated.jpg 1156w\" sizes=\"auto, (max-width: 555px) 100vw, 555px\" \/><figcaption class=\"wp-element-caption\"><strong>Zapraszamy <\/strong><\/figcaption><\/figure>\n<p><!-- \/wp:image --><\/p>\n<p><!-- wp:paragraph --><\/p>\n<p><!-- \/wp:paragraph --><\/p>\n<p><!-- wp:paragraph --><\/p>\n<p>10 stycznia odby\u0142o si\u0119 w Miejskiej Bibliotece Publicznej cudowne spotkanie z kol\u0119d\u0105. Przy wsp\u00f3lnym stole w obecno\u015bci go\u015bci \u015bpiewali\u015bmy kol\u0119dy (w r\u00f3\u017cnych j\u0119zykach) oraz s\u0142uchali\u015bmy wykona\u0144 solowych (Julia Kowolik sw\u0105 gr\u0105 i \u015bpiewem poprowadzi\u0142a spotkanie) za\u015b zesp\u00f3\u0142 z II LO w Miko\u0142owie ubogaci\u0142 wiecz\u00f3r.<\/p>\n<p><!-- \/wp:paragraph --><\/p>\n<p><!-- wp:paragraph --><\/p>\n<p><strong>16 grudnia<\/strong> odby\u0142o si\u0119 kolejne spotkanie cz\u0142onk\u00f3w oraz sympatyk\u00f3w Towarzystwa Przyjaci\u00f3\u0142 \u0141azisk. Sw\u0105 obecno\u015bci\u0105 zaszczycili nas Burmistrz Miasta \u0141aziska G\u00f3rne Aleksander Wyra oraz Przewodnicz\u0105cy Rady Miasta Tadeusz Kr\u00f3l.<\/p>\n<p><!-- \/wp:paragraph --><\/p>\n<p><!-- wp:paragraph --><\/p>\n<p>Okazj\u0105 by\u0142o rozdanie nagr\u00f3d w konkursie fotograficznym &#8222;\u0141aziskie osiedla&#8221; w kt\u00f3rym 1 miejsce zdoby\u0142 Mateusz Szl\u0119zak, 2 miejsce Magdalena Krowiak, 3 miejsce Amelia Jarczyk. Wyr\u00f3\u017cnienia przypad\u0142y Magdalenie Staniek i Magdalenie Tkaczyk. Wszystkim Laureatom gratulujemy!<\/p>\n<p><!-- \/wp:paragraph --><\/p>\n<p><!-- wp:paragraph --><\/p>\n<p>Spotkanie u\u015bwietnili r\u00f3wnie\u017c sw\u0105 obecno\u015bci\u0105 Pani Zuzanna Truchlewska oraz Pan Henryk Latusek. Pani Zuzanna, laureatka wielu konkurs\u00f3w poetyckich i haiku, polskich i mi\u0119dzynarodowych, zaprezentowa\u0142a swe wiersze , natomiast Pan Henryk wprowadzi\u0142 uczestnik\u00f3w w dawne, \u0142aziskie klimaty, uwiecznione w filmach jego autorstwa. Po projekcji filmu-Wspomnienia ze \u015bl\u0105skiego familoka, odby\u0142a si\u0119 dyskusja. Nostalgiczne wspomnienia Pan\u00f3w Stanis\u0142awa Braszczoka i Bernarda Miczki, opowie\u015bci Burmistrza Aleksandra Wyry, dawne historie, by\u0142y powodem wielu wzrusze\u0144. To by\u0142o inspiruj\u0105ce spotkanie! Dzi\u0119kujemy! \/M.Kukla\/<\/p>\n<p><!-- \/wp:paragraph --><\/p>\n<p><!-- wp:paragraph --><\/p>\n<p><!-- \/wp:paragraph --><\/p>\n<p><!-- wp:paragraph --><\/p>\n<p><strong>24 listopada 2022 roku<\/strong> w sali MBP w \u0141aziskach G\u00f3rnych odby\u0142 si\u0119 konkurs \u201e\u0141aziska G\u00f3rne \u2013 moje miejsce na ziemi\u201d. Na starcie pojawili si\u0119 milusi\u0144scy z \u0142aziskich przedszkoli. Jury z\u0142o\u017cone z nauczycieli, mi\u0142o\u015bnik\u00f3w regionu i tradycji \u015bl\u0105skiej mia\u0142o bardzo trudne zadanie, bowiem wszystkie dru\u017cyny&nbsp; wykaza\u0142y si\u0119 spor\u0105 wiedz\u0105 na temat naszego miasta. Rozstrzygaj\u0105ce&nbsp;o werdykcie okaza\u0142y si\u0119 mini &#8211; scenki wykonywane&nbsp; z wielk\u0105 swad\u0105 (i to <em>po naszymu<\/em>). Us\u0142yszeli\u015bmy w gwarze \u201ePana Hilarego\u201d, \u015bl\u0105sk\u0105 wyliczank\u0119, \u201eOd\u0119 do krepla\u201d, obejrzeli\u015bmy scenki zwi\u0105zane z podawaniem do sto\u0142u i prezentuj\u0105ce zwyczaje rodzinne. Wszystkie prezentacje wzbogacono strojem, rekwizytami i innymi \u201e\u015bl\u0105skimi\u201d elementami.<\/p>\n<p><!-- \/wp:paragraph --><\/p>\n<p><!-- wp:paragraph --><\/p>\n<p>I miejsce w konkursie zdoby\u0142o Przedszkole nr 2 Integracyjne, II miejsce \u2013 oddzia\u0142 przedszkolny przy SP 6, III miejsce ex equo Przedszkole nr 4 im. \u201eKrainy U\u015bmiechu\u201d oraz Przedszkole nr 6 \u201ePod Topol\u0105\u201d. <strong>Gratulujemy<\/strong> i zapraszamy do galerii.<\/p>\n<p><!-- \/wp:paragraph --><\/p>\n<p><!-- wp:paragraph --><\/p>\n<p><!-- \/wp:paragraph --><\/p>\n<p><!-- wp:paragraph --><\/p>\n<p><strong>Uwaga!<\/strong><\/p>\n<p><!-- \/wp:paragraph --><\/p>\n<p><!-- wp:paragraph --><\/p>\n<p>Zapraszamy mieszka\u0144c\u00f3w miasta i jego sympatyk\u00f3w do dzielenia si\u0119 z Towarzystwem Przyjaci\u00f3\u0142 \u0141azisk zatrzyman\u0105 w starych fotografiach histori\u0105, zwi\u0105zan\u0105 z naszym miastem. Zdj\u0119cia mo\u017cna zeskanowa\u0107, zrobi\u0107 dobr\u0105 &#8222;fotografi\u0119&#8221; zdj\u0119cia, utrwali\u0107 w inny &#8211; dost\u0119pny spos\u00f3b i przekaza\u0107 do siedziby TP\u0141 lub przes\u0142a\u0107 w pliku za po\u015brednictwem poczty <strong>tpl.laziska@gmail.com<\/strong> z opisem tego,co przedstawiaj\u0105. Zdj\u0119cia b\u0119d\u0105 pi\u0119knym \u015bwiadectwem naszej pi\u0119knej historii &#8222;<strong>zakl\u0119tej w starej fotografii&#8221;<\/strong>. Gor\u0105co zapraszamy&#8230; do si\u0119gni\u0119cia po stare albumy i do wspomnie\u0144, w kt\u00f3rych ukryty <strong>jest czar<\/strong>.<\/p>\n<p><!-- \/wp:paragraph --><\/p>\n<p><!-- wp:paragraph --><\/p>\n<p><!-- \/wp:paragraph --><\/p>\n<p><!-- wp:paragraph --><\/p>\n<p>Przypominamy o <strong>kolejnej edycji \u0141aziskich \u015bcie\u017cek historycznych<\/strong> &#8211; ju\u017c <strong>26 listopada<\/strong> o godz. 10.00 spotykamy si\u0119 przed MDK w \u0141aziskach G\u00f3rnych<\/p>\n<p><!-- \/wp:paragraph --><\/p>\n<p><!-- wp:paragraph --><\/p>\n<p><!-- \/wp:paragraph --><\/p>\n<p><!-- wp:paragraph --><\/p>\n<p><strong>Konkurs Fotograficzny<\/strong><\/p>\n<p><!-- \/wp:paragraph --><\/p>\n<p><!-- wp:paragraph --><\/p>\n<p>17 listopada <strong>rozstrzygni\u0119ty zosta\u0142 Konkurs Fotograficzny<\/strong> &#8221; \u0141aziskie osiedla&#8221;. Jury podkre\u015blaj\u0105c walory prac, zwr\u00f3ci\u0142o uwag\u0119 na wykorzystanie \u015bwiat\u0142a, utrwalone uj\u0119cia przyrody. Uczestnicy jednak powinni zwr\u00f3ci\u0107 uwag\u0119 na poprawno\u015b\u0107 kadrowania w fotografii. W konkursie nagrodzeni zostali:<\/p>\n<p><!-- \/wp:paragraph --><\/p>\n<p><!-- wp:paragraph --><\/p>\n<p>I m. Mateusz Szl\u0119zak II m. Magdalena Krowiak III m. Amelia Jarczyk; przyznano tak\u017ce wyr\u00f3\u017cnienia &#8211; Magdalena Tkaczyk oraz Magdalena Staniek. <strong>Gratulujemy<\/strong>.<\/p>\n<p><!-- \/wp:paragraph --><\/p>\n<p><!-- wp:paragraph --><\/p>\n<p>Oficjalne rozdanie nagr\u00f3d odb\u0119dzie si\u0119 16 grudnia 2022 roku o godz. 16.30 w siedzibie MPB w \u0141aziskach G\u00f3rnych.<\/p>\n<p><!-- \/wp:paragraph --><\/p>\n<p><!-- wp:paragraph --><\/p>\n<p><!-- \/wp:paragraph --><\/p>\n<p><!-- wp:paragraph --><\/p>\n<p><strong>\u0141aziskie \u015bcie\u017cki historyczne<\/strong> ju\u017c 26.11. 2022 r. Zbi\u00f3rka uczestnik\u00f3w o godz.10.00 przed MDK w \u0141aziskach G\u00f3rnych. <strong>Zapraszamy<\/strong><\/p>\n<p><!-- \/wp:paragraph --><\/p>\n<p><!-- wp:paragraph --><\/p>\n<p><!-- \/wp:paragraph --><\/p>\n<p><!-- wp:paragraph --><\/p>\n<p><strong>\u0141aziskie \u015bcie\u017cki historyczne<\/strong><\/p>\n<p><!-- \/wp:paragraph --><\/p>\n<p><!-- wp:paragraph --><\/p>\n<p>Za nami kolejny z \u0142aziskich spacer\u00f3w w ramach <strong>&#8222;\u0141aziskich \u015bcie\u017cek historycznych&#8221;<\/strong>. <strong>29 pa\u017adziernika o 10.00. <\/strong>grupa \u0142aziszczan wyruszy\u0142a z placu autobusowego na przechadzk\u0119 po \u0141aziskach \u015arednich. <strong>Zapraszamy<\/strong> <strong>do galerii<\/strong>.<\/p>\n<p><!-- \/wp:paragraph --><\/p>\n<p><!-- wp:paragraph --><\/p>\n<p><!-- \/wp:paragraph --><\/p>\n<p><!-- wp:paragraph --><\/p>\n<p><strong>Spotkanie cz\u0142onk\u00f3w TP\u0141<\/strong><\/p>\n<p><!-- \/wp:paragraph --><\/p>\n<p><!-- wp:paragraph --><\/p>\n<p>Spotkanie cz\u0142onk\u00f3w TP\u0141, sympatyk\u00f3w i przedstawicieli w\u0142adz miasta rozpocz\u0119\u0142o si\u0119 od <strong>posadzenia drzewa przed siedzib\u0105 MBP.<\/strong> Nasze miasto ju\u017c czternasty raz bierze udzia\u0142 w ekologicznej akcji \u015awi\u0119to Drzewa. Podczas spotkania zdano spraw\u0119 z bie\u017c\u0105cej dzia\u0142alno\u015bci TP\u0141, dzielono si\u0119 planami na przysz\u0142o\u015b\u0107 i w przededniu Dnia Nauczyciela wys\u0142uchali\u015bmy kr\u00f3tkiej prelekcji na temat \u0142aziskich szk\u00f3\u0142. Na spotkaniu go\u015bcili\u015bmy przedstawicieli w\u0142adz, kt\u00f3rym dzi\u0119kujemy za przybycie i zainteresowanie nasz\u0105 dzia\u0142alno\u015bci\u0105.<\/p>\n<p><!-- \/wp:paragraph --><\/p>\n<p><!-- wp:gallery {\"linkTo\":\"none\"} --><\/p>\n<figure class=\"wp-block-gallery has-nested-images columns-default is-cropped\">\n<figure class=\"wp-block-image size-large\"><img loading=\"lazy\" decoding=\"async\" class=\"wp-image-490\" src=\"https:\/\/tpl.laziska.pl\/wp-content\/uploads\/2022\/10\/DSCN2077-1024x768.jpg\" alt=\"\" width=\"371\" height=\"278\" srcset=\"https:\/\/tpl.laziska.pl\/wp-content\/uploads\/2022\/10\/DSCN2077-1024x768.jpg 1024w, https:\/\/tpl.laziska.pl\/wp-content\/uploads\/2022\/10\/DSCN2077-300x225.jpg 300w, https:\/\/tpl.laziska.pl\/wp-content\/uploads\/2022\/10\/DSCN2077-768x576.jpg 768w, https:\/\/tpl.laziska.pl\/wp-content\/uploads\/2022\/10\/DSCN2077-1536x1152.jpg 1536w, https:\/\/tpl.laziska.pl\/wp-content\/uploads\/2022\/10\/DSCN2077-2048x1536.jpg 2048w\" sizes=\"auto, (max-width: 371px) 100vw, 371px\" \/><\/figure>\n<\/figure>\n<figure class=\"wp-block-gallery has-nested-images columns-default is-cropped\"><img loading=\"lazy\" decoding=\"async\" class=\"wp-image-479\" src=\"https:\/\/tpl.laziska.pl\/wp-content\/uploads\/2022\/10\/2-1024x768.jpg\" alt=\"\" width=\"383\" height=\"287\" srcset=\"https:\/\/tpl.laziska.pl\/wp-content\/uploads\/2022\/10\/2-1024x768.jpg 1024w, https:\/\/tpl.laziska.pl\/wp-content\/uploads\/2022\/10\/2-300x225.jpg 300w, https:\/\/tpl.laziska.pl\/wp-content\/uploads\/2022\/10\/2-768x576.jpg 768w, https:\/\/tpl.laziska.pl\/wp-content\/uploads\/2022\/10\/2-1536x1152.jpg 1536w, https:\/\/tpl.laziska.pl\/wp-content\/uploads\/2022\/10\/2.jpg 2000w\" sizes=\"auto, (max-width: 383px) 100vw, 383px\" \/><\/p>\n<p>&nbsp;<\/p>\n<p>&nbsp;<\/p>\n<figure class=\"wp-block-image size-large\"><\/figure>\n<\/figure>\n<p><!-- \/wp:gallery --><\/p>\n<p><!-- wp:paragraph --><\/p>\n<p><!-- \/wp:paragraph --><\/p>\n<p><!-- wp:paragraph --><\/p>\n<p><!-- \/wp:paragraph --><\/p>\n<p><!-- wp:paragraph --><\/p>\n<p><strong>Gra terenowa<\/strong><\/p>\n<p><!-- \/wp:paragraph --><\/p>\n<p><!-- wp:paragraph --><\/p>\n<p><strong>Gra terenowa ju\u017c za nami<\/strong>&#8230; 10 pa\u017adziernika odby\u0142a si\u0119 <strong>IV edycja gry terenowej dla uczni\u00f3w \u0142aziskich szk\u00f3\u0142 podstawowych \u2013 \u201ePoznaj swoje miasto jeszcze lepiej\u201d.<\/strong><\/p>\n<p><!-- \/wp:paragraph --><\/p>\n<p><!-- wp:paragraph --><\/p>\n<p>W grze wzi\u0119\u0142y udzia\u0142 zespo\u0142y z \u0142aziskich szk\u00f3\u0142 podstawowych. Uczniowie wraz z opiekunami zaczynali sw\u0105 tras\u0119 od Miejskiej Biblioteki Publicznej i docierali do wyznaczonych stanowisk, przy kt\u00f3rych czekali nauczyciele&nbsp;SP4, jak i cz\u0142onkowie Towarzystwa. Zespo\u0142y korzysta\u0142y z mapki terenu, z oznaczonymi punktami miejsc, w kt\u00f3rych rozwi\u0105zywali zadania. Przy ka\u017cdym stanowisku zbierali punkty. Liczy\u0142a si\u0119 spostrzegawczo\u015b\u0107, znajomo\u015b\u0107 fakt\u00f3w z historii \u0141azisk G\u00f3rnych. Ostatnie stanowisko ustawiono w MBP.&nbsp; Tam zespo\u0142y zmaga\u0142y si\u0119 z krzy\u017c\u00f3wk\u0105, gwar\u0105, rebusami, tworzyli rysunek \u0141aziszczoka. W bibliotece odby\u0142 si\u0119 te\u017c fina\u0142 gry. Gratulujemy wszystkim i dzi\u0119kujemy za wspania\u0142\u0105, integracyjn\u0105 zabaw\u0119.<\/p>\n<p><!-- \/wp:paragraph --><\/p>\n<p><!-- wp:paragraph --><\/p>\n<p>Wyniki: I miejsce dru\u017cyna z SP4, II miejsce dru\u017cyna z SP5, III miejsce dru\u017cyna z SP1.&nbsp; <img loading=\"lazy\" decoding=\"async\" width=\"1024\" height=\"576\" class=\"wp-image-458\" src=\"https:\/\/tpl.laziska.pl\/wp-content\/uploads\/2022\/10\/IMG-20221010-WA0012-1024x576.jpg\" alt=\"\" srcset=\"https:\/\/tpl.laziska.pl\/wp-content\/uploads\/2022\/10\/IMG-20221010-WA0012-1024x576.jpg 1024w, https:\/\/tpl.laziska.pl\/wp-content\/uploads\/2022\/10\/IMG-20221010-WA0012-300x169.jpg 300w, https:\/\/tpl.laziska.pl\/wp-content\/uploads\/2022\/10\/IMG-20221010-WA0012-768x432.jpg 768w, https:\/\/tpl.laziska.pl\/wp-content\/uploads\/2022\/10\/IMG-20221010-WA0012-1536x864.jpg 1536w, https:\/\/tpl.laziska.pl\/wp-content\/uploads\/2022\/10\/IMG-20221010-WA0012.jpg 1920w\" sizes=\"auto, (max-width: 1024px) 100vw, 1024px\" \/> A.. to tu!<\/p>\n<figure class=\"wp-block-gallery has-nested-images columns-default is-cropped\">\n<p><!-- \/wp:image --><\/p>\n<p><!-- wp:image {\"id\":453,\"sizeSlug\":\"full\",\"linkDestination\":\"none\"} --><\/p>\n<figure class=\"wp-block-image size-full\"><img loading=\"lazy\" decoding=\"async\" width=\"1024\" height=\"576\" class=\"wp-image-453\" src=\"https:\/\/tpl.laziska.pl\/wp-content\/uploads\/2022\/10\/IMG-20221010-WA0020-1024x576.jpg\" alt=\"\" srcset=\"https:\/\/tpl.laziska.pl\/wp-content\/uploads\/2022\/10\/IMG-20221010-WA0020-1024x576.jpg 1024w, https:\/\/tpl.laziska.pl\/wp-content\/uploads\/2022\/10\/IMG-20221010-WA0020-300x169.jpg 300w, https:\/\/tpl.laziska.pl\/wp-content\/uploads\/2022\/10\/IMG-20221010-WA0020-768x432.jpg 768w, https:\/\/tpl.laziska.pl\/wp-content\/uploads\/2022\/10\/IMG-20221010-WA0020-1536x864.jpg 1536w, https:\/\/tpl.laziska.pl\/wp-content\/uploads\/2022\/10\/IMG-20221010-WA0020.jpg 1599w\" sizes=\"auto, (max-width: 1024px) 100vw, 1024px\" \/><\/p>\n<p>&nbsp;<\/p>\n<p>&nbsp;<\/p>\n<p>&nbsp;<\/p>\n<figcaption class=\"wp-element-caption\">SOS!<\/figcaption>\n<\/figure>\n<p><!-- \/wp:image --><\/p>\n<p><!-- wp:image {\"id\":454,\"sizeSlug\":\"full\",\"linkDestination\":\"none\"} --><\/p>\n<figure class=\"wp-block-image size-full\"><img loading=\"lazy\" decoding=\"async\" width=\"1024\" height=\"576\" class=\"wp-image-454\" src=\"https:\/\/tpl.laziska.pl\/wp-content\/uploads\/2022\/10\/IMG-20221010-WA0007-1024x576.jpg\" alt=\"\" srcset=\"https:\/\/tpl.laziska.pl\/wp-content\/uploads\/2022\/10\/IMG-20221010-WA0007-1024x576.jpg 1024w, https:\/\/tpl.laziska.pl\/wp-content\/uploads\/2022\/10\/IMG-20221010-WA0007-300x169.jpg 300w, https:\/\/tpl.laziska.pl\/wp-content\/uploads\/2022\/10\/IMG-20221010-WA0007-768x432.jpg 768w, https:\/\/tpl.laziska.pl\/wp-content\/uploads\/2022\/10\/IMG-20221010-WA0007-1536x864.jpg 1536w, https:\/\/tpl.laziska.pl\/wp-content\/uploads\/2022\/10\/IMG-20221010-WA0007.jpg 1920w\" sizes=\"auto, (max-width: 1024px) 100vw, 1024px\" \/>&nbsp;<\/p>\n<p>&nbsp;<\/p>\n<p>&nbsp;<\/p>\n<figcaption class=\"wp-element-caption\">Chyba dotrzemy&#8230; To musi si\u0119 uda\u0107!<\/figcaption>\n<\/figure>\n<p><!-- \/wp:image --><\/p>\n<p><!-- wp:image {\"id\":452,\"sizeSlug\":\"full\",\"linkDestination\":\"none\"} --><\/p>\n<figure class=\"wp-block-image size-full\"><img loading=\"lazy\" decoding=\"async\" class=\"wp-image-452\" src=\"https:\/\/tpl.laziska.pl\/wp-content\/uploads\/2022\/10\/IMG-20221010-WA0043-768x1024.jpg\" alt=\"\" width=\"213\" height=\"284\" srcset=\"https:\/\/tpl.laziska.pl\/wp-content\/uploads\/2022\/10\/IMG-20221010-WA0043-768x1024.jpg 768w, https:\/\/tpl.laziska.pl\/wp-content\/uploads\/2022\/10\/IMG-20221010-WA0043-225x300.jpg 225w, https:\/\/tpl.laziska.pl\/wp-content\/uploads\/2022\/10\/IMG-20221010-WA0043-1152x1536.jpg 1152w, https:\/\/tpl.laziska.pl\/wp-content\/uploads\/2022\/10\/IMG-20221010-WA0043.jpg 1200w\" sizes=\"auto, (max-width: 213px) 100vw, 213px\" \/>&nbsp;<\/p>\n<p>&nbsp;<\/p>\n<p>&nbsp;<\/p>\n<figcaption class=\"wp-element-caption\">Chwila wytchnienia i&#8230;<\/figcaption>\n<\/figure>\n<p><!-- \/wp:image --><\/p>\n<p><!-- wp:image {\"id\":450,\"sizeSlug\":\"full\",\"linkDestination\":\"none\"} --><\/p>\n<figure class=\"wp-block-image size-full\"><img loading=\"lazy\" decoding=\"async\" width=\"1024\" height=\"768\" class=\"wp-image-450\" src=\"https:\/\/tpl.laziska.pl\/wp-content\/uploads\/2022\/10\/IMG-20221010-WA0057-2.jpg\" alt=\"\" srcset=\"https:\/\/tpl.laziska.pl\/wp-content\/uploads\/2022\/10\/IMG-20221010-WA0057-2.jpg 1024w, https:\/\/tpl.laziska.pl\/wp-content\/uploads\/2022\/10\/IMG-20221010-WA0057-2-300x225.jpg 300w, https:\/\/tpl.laziska.pl\/wp-content\/uploads\/2022\/10\/IMG-20221010-WA0057-2-768x576.jpg 768w\" sizes=\"auto, (max-width: 1024px) 100vw, 1024px\" \/><\/p>\n<p>&nbsp;<\/p>\n<p>&nbsp;<\/p>\n<figcaption class=\"wp-element-caption\">nagrody!<\/figcaption>\n<\/figure>\n<p><!-- \/wp:image --><\/p>\n<\/figure>\n<p><!-- \/wp:gallery --><\/p>\n<p><!-- wp:paragraph --><\/p>\n<p><!-- \/wp:paragraph --><\/p>\n<p><!-- wp:paragraph --><\/p>\n<p><!-- \/wp:paragraph --><\/p>\n<p><!-- wp:paragraph --><\/p>\n<p>2<strong>4 wrze\u015bnia 2022 r. o godz.10.00 kolejne spotkanie<\/strong> w terenie&#8230; Pod przewodnictwem pana <strong>Marcina Rudego<\/strong> grupa pozytywnie zakr\u0119conych mi\u0142o\u015bnik\u00f3w miasta wybra\u0142a si\u0119 na kolejny przedpo\u0142udniowy sentymentalny spacer. Fotografie odnajdziesz w galerii.<\/p>\n<p><!-- \/wp:paragraph --><\/p>\n<p><!-- wp:paragraph --><\/p>\n<p><!-- \/wp:paragraph --><\/p>\n<p><!-- wp:paragraph --><\/p>\n<p><strong>VI edycja konkursu fotograficznego<\/strong><\/p>\n<p><!-- \/wp:paragraph --><\/p>\n<p><!-- wp:paragraph --><\/p>\n<p>TOWARZYSTWO PRZYJACI\u00d3\u0141 \u0141AZISK og\u0142asza <strong>VI EDYCJ\u0118 KONKURSU FOTOGRAFICZNEGO<\/strong> pod has\u0142em: \u0141aziskie osiedla.<\/p>\n<p><!-- \/wp:paragraph --><\/p>\n<p><!-- wp:paragraph --><\/p>\n<p>Zadanie konkursowe polega\u0107 b\u0119dzie na wykonaniu dowoln\u0105 technik\u0105 fotografii prezentuj\u0105cej uroki \u0142aziskich osiedli, ciekawej ich architektury i miejsc. Fotografie musz\u0105 by\u0107 wykonane na terenie naszego miasta. Prace nades\u0142ane na konkurs oceniane b\u0119d\u0105 w dw\u00f3ch kategoriach:&nbsp;m\u0142odzie\u017cy (do lat 18) i os\u00f3b doros\u0142ych.<\/p>\n<p><!-- \/wp:paragraph --><\/p>\n<p><!-- wp:paragraph --><\/p>\n<p>Zapraszamy&#8230; regulamin w zak\u0142adce do pobrania<\/p>\n<p><!-- \/wp:paragraph --><\/p>\n<p><!-- wp:paragraph --><\/p>\n<p><!-- \/wp:paragraph --><\/p>\n<p><!-- wp:paragraph --><\/p>\n<p><strong>ROZDANIE NAGR\u00d3D<\/strong> UCZESTNIKOM KONKURSU WIEDZOWEGO<\/p>\n<p><!-- \/wp:paragraph --><\/p>\n<p><!-- wp:paragraph --><\/p>\n<p>22 czerwca 2022 r. TP\u0141 og\u0142osi\u0142o oficjalnie wyniki <strong>konkursu<\/strong>: \u015awi\u0119toja\u0144skiego Turnieju Wiedzy o \u0141aziskach. Laureaci odebrali upominki oraz nagrody i dyplomy. Spotkania dope\u0142ni\u0142 wyk\u0142ad pana <strong>Arkadiusza Otr\u0119by<\/strong>, kt\u00f3ry zaciekawi\u0142 obecnych informacjami na temat istniej\u0105cych na terenie \u0141azisk \u015arednich szko\u0142y katolickiej (a w w\u0142a\u015bciwie trzech szk\u00f3\u0142) oraz zach\u0119ci\u0142 do udzia\u0142u w planowanych i niebawem rozpoczynaj\u0105cych si\u0119 <strong>spacer\u00f3w historycznych<\/strong>, do <strong>kt\u00f3rych serdecznie zapraszamy<\/strong>. Bli\u017csze informacje o nich pojawi\u0105 si\u0119 niebawem.<\/p>\n<div class=\"wp-block-group has-white-background-color has-background\">\n<div class=\"wp-block-columns\">\n<div class=\"wp-block-column\">\n<figure class=\"wp-block-image size-large\"><img loading=\"lazy\" decoding=\"async\" class=\"wp-image-255\" src=\"https:\/\/tpl.laziska.pl\/wp-content\/uploads\/2022\/06\/DSCN0032-1-768x1024.jpg\" alt=\"\" width=\"251\" height=\"335\" srcset=\"https:\/\/tpl.laziska.pl\/wp-content\/uploads\/2022\/06\/DSCN0032-1-768x1024.jpg 768w, https:\/\/tpl.laziska.pl\/wp-content\/uploads\/2022\/06\/DSCN0032-1-225x300.jpg 225w, https:\/\/tpl.laziska.pl\/wp-content\/uploads\/2022\/06\/DSCN0032-1-1152x1536.jpg 1152w, https:\/\/tpl.laziska.pl\/wp-content\/uploads\/2022\/06\/DSCN0032-1-1536x2048.jpg 1536w, https:\/\/tpl.laziska.pl\/wp-content\/uploads\/2022\/06\/DSCN0032-1-scaled.jpg 1920w\" sizes=\"auto, (max-width: 251px) 100vw, 251px\" \/><\/figure>\n<p><!-- \/wp:image --><\/p>\n<\/div>\n<p><!-- \/wp:column --><\/p>\n<p><!-- wp:column --><\/p>\n<div class=\"wp-block-column\"><!-- wp:image {\"id\":254,\"sizeSlug\":\"large\",\"linkDestination\":\"none\"} -->&nbsp;&nbsp;&nbsp;&nbsp;<\/p>\n<p>&nbsp;<\/p>\n<p>&nbsp;<\/p>\n<figure class=\"wp-block-image size-large\"><img loading=\"lazy\" decoding=\"async\" class=\"wp-image-254\" src=\"https:\/\/tpl.laziska.pl\/wp-content\/uploads\/2022\/06\/DSCN0028-1-768x1024.jpg\" alt=\"\" width=\"243\" height=\"324\" srcset=\"https:\/\/tpl.laziska.pl\/wp-content\/uploads\/2022\/06\/DSCN0028-1-768x1024.jpg 768w, https:\/\/tpl.laziska.pl\/wp-content\/uploads\/2022\/06\/DSCN0028-1-225x300.jpg 225w, https:\/\/tpl.laziska.pl\/wp-content\/uploads\/2022\/06\/DSCN0028-1-1152x1536.jpg 1152w, https:\/\/tpl.laziska.pl\/wp-content\/uploads\/2022\/06\/DSCN0028-1-1536x2048.jpg 1536w, https:\/\/tpl.laziska.pl\/wp-content\/uploads\/2022\/06\/DSCN0028-1-scaled.jpg 1920w\" sizes=\"auto, (max-width: 243px) 100vw, 243px\" \/><\/figure>\n<p>&nbsp;<\/p>\n<p><!-- \/wp:image --><\/p>\n<\/div>\n<p><!-- \/wp:column --><\/p>\n<p><!-- wp:column --><\/p>\n<div class=\"wp-block-column\"><!-- wp:image {\"id\":253,\"width\":254,\"height\":191,\"sizeSlug\":\"large\",\"linkDestination\":\"none\"} -->&nbsp;&nbsp;&nbsp;&nbsp;<\/p>\n<p>&nbsp;<\/p>\n<p>&nbsp;<\/p>\n<figure class=\"wp-block-image size-large is-resized\"><img loading=\"lazy\" decoding=\"async\" class=\"wp-image-253\" src=\"https:\/\/tpl.laziska.pl\/wp-content\/uploads\/2022\/06\/DSCN0027-1-1024x768.jpg\" alt=\"\" width=\"299\" height=\"225\" srcset=\"https:\/\/tpl.laziska.pl\/wp-content\/uploads\/2022\/06\/DSCN0027-1-1024x768.jpg 1024w, https:\/\/tpl.laziska.pl\/wp-content\/uploads\/2022\/06\/DSCN0027-1-300x225.jpg 300w, https:\/\/tpl.laziska.pl\/wp-content\/uploads\/2022\/06\/DSCN0027-1-768x576.jpg 768w, https:\/\/tpl.laziska.pl\/wp-content\/uploads\/2022\/06\/DSCN0027-1-1536x1152.jpg 1536w, https:\/\/tpl.laziska.pl\/wp-content\/uploads\/2022\/06\/DSCN0027-1-2048x1536.jpg 2048w\" sizes=\"auto, (max-width: 299px) 100vw, 299px\" \/><\/figure>\n<p><!-- \/wp:image --><\/p>\n<\/div>\n<p><!-- \/wp:column --><\/p>\n<\/div>\n<p><!-- \/wp:columns --><\/p>\n<\/div>\n<p><!-- \/wp:group --><\/p>\n<p><!-- wp:paragraph --><\/p>\n<p><strong>\u015awi\u0119toja\u0144ski Turniej Wiedzy<\/strong><\/p>\n<div class=\"wp-block-group has-white-background-color has-background\">\n<div class=\"wp-block-columns\"><!-- wp:column {\"width\":\"50%\"} --><\/p>\n<p>&nbsp;<\/p>\n<p>&nbsp;<\/p>\n<p>&nbsp;<\/p>\n<p>&nbsp;<\/p>\n<p>&nbsp;<\/p>\n<p>&nbsp;<\/p>\n<p>&nbsp;<\/p>\n<p>&nbsp;<\/p>\n<p>&nbsp;<\/p>\n<p>&nbsp;<\/p>\n<p>&nbsp;<\/p>\n<p>&nbsp;<\/p>\n<p>&nbsp;<\/p>\n<p>&nbsp;<\/p>\n<p>&nbsp;<\/p>\n<p>&nbsp;<\/p>\n<p>&nbsp;<\/p>\n<p>&nbsp;<\/p>\n<p>&nbsp;<\/p>\n<p>&nbsp;<\/p>\n<p>&nbsp;<\/p>\n<div class=\"wp-block-column\" style=\"flex-basis: 50%;\"><!-- wp:image {\"id\":172,\"sizeSlug\":\"large\",\"linkDestination\":\"none\"} -->&nbsp;&nbsp;&nbsp;&nbsp;<\/p>\n<p>&nbsp;<\/p>\n<p>&nbsp;<\/p>\n<p>&nbsp;<\/p>\n<figure class=\"wp-block-image size-large\"><img loading=\"lazy\" decoding=\"async\" width=\"1024\" height=\"768\" class=\"wp-image-172\" src=\"https:\/\/tpl.laziska.pl\/wp-content\/uploads\/2022\/06\/20220607_153016-1024x768.jpg\" alt=\"\" srcset=\"https:\/\/tpl.laziska.pl\/wp-content\/uploads\/2022\/06\/20220607_153016-1024x768.jpg 1024w, https:\/\/tpl.laziska.pl\/wp-content\/uploads\/2022\/06\/20220607_153016-300x225.jpg 300w, https:\/\/tpl.laziska.pl\/wp-content\/uploads\/2022\/06\/20220607_153016-768x576.jpg 768w, https:\/\/tpl.laziska.pl\/wp-content\/uploads\/2022\/06\/20220607_153016-1536x1152.jpg 1536w, https:\/\/tpl.laziska.pl\/wp-content\/uploads\/2022\/06\/20220607_153016-2048x1536.jpg 2048w\" sizes=\"auto, (max-width: 1024px) 100vw, 1024px\" \/><\/figure>\n<p><!-- \/wp:image --><\/p>\n<\/div>\n<p><!-- \/wp:column --><\/p>\n<p><!-- wp:column {\"width\":\"50%\"} --><\/p>\n<div class=\"wp-block-column\" style=\"flex-basis: 50%;\"><!-- wp:image {\"id\":171,\"sizeSlug\":\"large\",\"linkDestination\":\"none\"} -->&nbsp;&nbsp;&nbsp;&nbsp;<\/p>\n<p>&nbsp;<\/p>\n<p>&nbsp;<\/p>\n<p>&nbsp;<\/p>\n<p>&nbsp;<\/p>\n<p>&nbsp;<\/p>\n<p>&nbsp;<\/p>\n<figure class=\"wp-block-image size-large\"><img loading=\"lazy\" decoding=\"async\" width=\"1024\" height=\"768\" class=\"wp-image-171\" src=\"https:\/\/tpl.laziska.pl\/wp-content\/uploads\/2022\/06\/20220607_160616-1024x768.jpg\" alt=\"\" srcset=\"https:\/\/tpl.laziska.pl\/wp-content\/uploads\/2022\/06\/20220607_160616-1024x768.jpg 1024w, https:\/\/tpl.laziska.pl\/wp-content\/uploads\/2022\/06\/20220607_160616-300x225.jpg 300w, https:\/\/tpl.laziska.pl\/wp-content\/uploads\/2022\/06\/20220607_160616-768x576.jpg 768w, https:\/\/tpl.laziska.pl\/wp-content\/uploads\/2022\/06\/20220607_160616-1536x1152.jpg 1536w, https:\/\/tpl.laziska.pl\/wp-content\/uploads\/2022\/06\/20220607_160616-2048x1536.jpg 2048w\" sizes=\"auto, (max-width: 1024px) 100vw, 1024px\" \/><\/figure>\n<p><!-- \/wp:image --><\/p>\n<\/div>\n<p><!-- \/wp:column --><\/p>\n<\/div>\n<p><!-- \/wp:columns --><\/p>\n<\/div>\n<p><!-- \/wp:group --><\/p>\n<p><!-- wp:paragraph --><\/p>\n<p>7 czerwca w sali MBP odby\u0142a si\u0119 kolejna edycja Konkursu promuj\u0105cego wiedz\u0119 o naszym mie\u015bcie. W \u015awi\u0119toja\u0144skim Turnieju Wiedzy o \u0141aziskach udzia\u0142 wzi\u0119\u0142o 33 m\u0142odych ludzi z klas IV &#8211; VIII &#8211; uczni\u00f3w \u0142aziskich szk\u00f3\u0142. W zmaganiach tych najlepszymi okazali si\u0119:<\/p>\n<p><!-- \/wp:paragraph --><\/p>\n<p><!-- wp:paragraph --><\/p>\n<p>(grupa starsza)<\/p>\n<p><!-- \/wp:paragraph --><\/p>\n<p><!-- wp:paragraph --><\/p>\n<p>I m. &#8211; Kinga Wojtkowiak z SP 4; II m. &#8211; Julia Otr\u0119ba z SP 4; III m. &#8211; Kinga Krawczyk z SP3;<\/p>\n<p><!-- \/wp:paragraph --><\/p>\n<p><!-- wp:paragraph --><\/p>\n<p>(grupa m\u0142odsza)<\/p>\n<p><!-- \/wp:paragraph --><\/p>\n<p><!-- wp:paragraph --><\/p>\n<p>I m.- Emilia Kocima z SP 2; II m. &#8211; Tymon \u0141agun z SP 4, III m. &#8211; Wiktor Hory\u0144 z SP 6.<\/p>\n<p><!-- \/wp:paragraph --><\/p>\n<p><!-- wp:paragraph --><\/p>\n<p>Uczestnikom oraz opiekunom serdecznie gratulujemy. O miejscu i sposobie wr\u0119czenia nagr\u00f3d uczestnicy zostan\u0105 poinformowani przez organizator\u00f3w.<\/p>\n<p><!-- \/wp:paragraph --><\/p>\n<p><!-- wp:paragraph --><\/p>\n<p><!-- \/wp:paragraph --><\/p>\n<p><!-- wp:paragraph --><\/p>\n<p><!-- \/wp:paragraph --><\/p>\n<p><!-- wp:paragraph --><\/p>\n<p><!-- \/wp:paragraph --><\/p>\n<p>&nbsp;<\/p>\n<p><!-- \/wp:image --><\/p>\n<p><!-- \/wp:gallery --><\/p>\n<p><!-- wp:paragraph --><\/p>\n<p><!-- \/wp:paragraph --><\/p>\n<p><!-- wp:paragraph --><\/p>\n<p>&nbsp;<\/p>\n<figure class=\"wp-block-image size-large is-resized is-style-default\">\n<figcaption class=\"wp-element-caption\"><strong>Zapraszamy <\/strong><\/figcaption>\n<\/figure>\n<p><!-- \/wp:image --><\/p>\n<p><!-- wp:paragraph --><\/p>\n<p><!-- \/wp:paragraph --><\/p>\n<p><!-- wp:paragraph --><\/p>\n<p>10 stycznia odby\u0142o si\u0119 w Miejskiej Bibliotece Publicznej cudowne spotkanie z kol\u0119d\u0105. Przy wsp\u00f3lnym stole w obecno\u015bci go\u015bci \u015bpiewali\u015bmy kol\u0119dy (w r\u00f3\u017cnych j\u0119zykach) oraz s\u0142uchali\u015bmy wykona\u0144 solowych (Julia Kowolik sw\u0105 gr\u0105 i \u015bpiewem poprowadzi\u0142a spotkanie) za\u015b zesp\u00f3\u0142 z II LO w Miko\u0142owie ubogaci\u0142 wiecz\u00f3r.<\/p>\n<p><!-- \/wp:paragraph --><\/p>\n<p><!-- wp:paragraph --><\/p>\n<p><strong>16 grudnia<\/strong> odby\u0142o si\u0119 kolejne spotkanie cz\u0142onk\u00f3w oraz sympatyk\u00f3w Towarzystwa Przyjaci\u00f3\u0142 \u0141azisk. Sw\u0105 obecno\u015bci\u0105 zaszczycili nas Burmistrz Miasta \u0141aziska G\u00f3rne Aleksander Wyra oraz Przewodnicz\u0105cy Rady Miasta Tadeusz Kr\u00f3l.<\/p>\n<p><!-- \/wp:paragraph --><\/p>\n<p><!-- wp:paragraph --><\/p>\n<p>Okazj\u0105 by\u0142o rozdanie nagr\u00f3d w konkursie fotograficznym &#8222;\u0141aziskie osiedla&#8221; w kt\u00f3rym 1 miejsce zdoby\u0142 Mateusz Szl\u0119zak, 2 miejsce Magdalena Krowiak, 3 miejsce Amelia Jarczyk. Wyr\u00f3\u017cnienia przypad\u0142y Magdalenie Staniek i Magdalenie Tkaczyk. Wszystkim Laureatom gratulujemy!<\/p>\n<p><!-- \/wp:paragraph --><\/p>\n<p><!-- wp:paragraph --><\/p>\n<p>Spotkanie u\u015bwietnili r\u00f3wnie\u017c sw\u0105 obecno\u015bci\u0105 Pani Zuzanna Truchlewska oraz Pan Henryk Latusek. Pani Zuzanna, laureatka wielu konkurs\u00f3w poetyckich i haiku, polskich i mi\u0119dzynarodowych, zaprezentowa\u0142a swe wiersze , natomiast Pan Henryk wprowadzi\u0142 uczestnik\u00f3w w dawne, \u0142aziskie klimaty, uwiecznione w filmach jego autorstwa. Po projekcji filmu-Wspomnienia ze \u015bl\u0105skiego familoka, odby\u0142a si\u0119 dyskusja. Nostalgiczne wspomnienia Pan\u00f3w Stanis\u0142awa Braszczoka i Bernarda Miczki, opowie\u015bci Burmistrza Aleksandra Wyry, dawne historie, by\u0142y powodem wielu wzrusze\u0144. To by\u0142o inspiruj\u0105ce spotkanie! Dzi\u0119kujemy! \/M.Kukla\/<\/p>\n<p><!-- \/wp:paragraph --><\/p>\n<p><!-- wp:paragraph --><\/p>\n<p><!-- \/wp:paragraph --><\/p>\n<p><!-- wp:paragraph --><\/p>\n<p><strong>24 listopada 2022 roku<\/strong> w sali MBP w \u0141aziskach G\u00f3rnych odby\u0142 si\u0119 konkurs \u201e\u0141aziska G\u00f3rne \u2013 moje miejsce na ziemi\u201d. Na starcie pojawili si\u0119 milusi\u0144scy z \u0142aziskich przedszkoli. Jury z\u0142o\u017cone z nauczycieli, mi\u0142o\u015bnik\u00f3w regionu i tradycji \u015bl\u0105skiej mia\u0142o bardzo trudne zadanie, bowiem wszystkie dru\u017cyny&nbsp; wykaza\u0142y si\u0119 spor\u0105 wiedz\u0105 na temat naszego miasta. Rozstrzygaj\u0105ce&nbsp;o werdykcie okaza\u0142y si\u0119 mini &#8211; scenki wykonywane&nbsp; z wielk\u0105 swad\u0105 (i to <em>po naszymu<\/em>). Us\u0142yszeli\u015bmy w gwarze \u201ePana Hilarego\u201d, \u015bl\u0105sk\u0105 wyliczank\u0119, \u201eOd\u0119 do krepla\u201d, obejrzeli\u015bmy scenki zwi\u0105zane z podawaniem do sto\u0142u i prezentuj\u0105ce zwyczaje rodzinne. Wszystkie prezentacje wzbogacono strojem, rekwizytami i innymi \u201e\u015bl\u0105skimi\u201d elementami.<\/p>\n<p><!-- \/wp:paragraph --><\/p>\n<p><!-- wp:paragraph --><\/p>\n<p>I miejsce w konkursie zdoby\u0142o Przedszkole nr 2 Integracyjne, II miejsce \u2013 oddzia\u0142 przedszkolny przy SP 6, III miejsce ex equo Przedszkole nr 4 im. \u201eKrainy U\u015bmiechu\u201d oraz Przedszkole nr 6 \u201ePod Topol\u0105\u201d. <strong>Gratulujemy<\/strong> i zapraszamy do galerii.<\/p>\n<p><!-- \/wp:paragraph --><\/p>\n<p><!-- wp:paragraph --><\/p>\n<p><!-- \/wp:paragraph --><\/p>\n<p><!-- wp:paragraph --><\/p>\n<p>&nbsp;<\/p>\n<p><!-- \/wp:paragraph --><\/p>\n<p><!-- wp:gallery {\"linkTo\":\"none\"} --><\/p>\n<figure class=\"wp-block-gallery has-nested-images columns-default is-cropped\"><\/figure>\n<p><!-- \/wp:gallery --><\/p>\n<p><!-- wp:gallery {\"linkTo\":\"none\"} --><\/p>\n<figure class=\"wp-block-gallery has-nested-images columns-default is-cropped\"><\/figure>\n<p><!-- \/wp:gallery --><\/p>\n<p><!-- wp:gallery {\"linkTo\":\"none\"} --><\/p>\n<figure class=\"wp-block-gallery has-nested-images columns-default is-cropped\"><\/figure>\n<p><!-- \/wp:gallery --><\/p>\n<p><!-- wp:paragraph --><\/p>\n<p><!-- \/wp:paragraph --><\/p>\n<p><!-- wp:paragraph --><\/p>\n<p><!-- \/wp:paragraph --><\/p>\n<p><!-- wp:paragraph --><\/p>\n<p><!-- \/wp:paragraph --><\/p>\n<p><!-- wp:paragraph --><\/p>\n<p><!-- \/wp:paragraph --><\/p>\n<p><!-- wp:paragraph --><\/p>\n<p><!-- \/wp:paragraph --><\/p>\n<p><!-- wp:gallery {\"linkTo\":\"none\"} --><\/p>\n<figure class=\"wp-block-gallery has-nested-images columns-default is-cropped\"><\/figure>\n<p><!-- \/wp:gallery --><\/p>\n<p><!-- wp:paragraph --><\/p>\n<p><!-- \/wp:paragraph --><\/p>\n<p><!-- wp:paragraph --><\/p>\n<p><!-- \/wp:paragraph --><\/p>\n<p><!-- wp:imagely\/nextgen-gallery \/--><\/p>\n<p><!-- wp:paragraph --><\/p>\n<p><!-- \/wp:paragraph --><\/p>\n<p><!-- wp:gallery {\"linkTo\":\"none\"} --><\/p>\n<figure class=\"wp-block-gallery has-nested-images columns-default is-cropped\"><\/figure>\n<p><!-- \/wp:gallery --><\/p>\n<p><!-- wp:paragraph --><\/p>\n<p><!-- \/wp:paragraph --><\/p>\n<p><!-- wp:separator --><\/p>\n<hr class=\"wp-block-separator has-alpha-channel-opacity\"><!-- \/wp:separator --><\/p>\n<p>&nbsp;<\/p>","protected":false},"excerpt":{"rendered":"<p>Spotkanie na BIS- \u0141aziska G\u00f3rne na starej ta\u015bmie to tytu\u0142 kolejnego wyj\u0105tkowego wieczoru zorganizowanego przez nas. Dzi\u0119kujemy za obecno\u015b\u0107 i entuzjazm. Cieszymy si\u0119, \u017ce zaszczepiamy zainteresowanie naszym miastem tak\u017ce w\u015br\u00f3d m\u0142odzie\u017cy. Pami\u0119tamy&#8230; W Dniu Pami\u0119ci o Tragedii G\u00f3rno\u015bl\u0105skiej tradycyjnie w naszym mie\u015bcie upami\u0119tniono ofiary deportacji do ZSRR. W\u0142adze miasta oraz powiatu, \u0142aziscy radni, mieszka\u0144cy, a [&hellip;]<\/p>\n","protected":false},"author":1,"featured_media":0,"parent":0,"menu_order":0,"comment_status":"closed","ping_status":"closed","template":"","meta":{"om_disable_all_campaigns":false,"_monsterinsights_skip_tracking":false,"_monsterinsights_sitenote_active":false,"_monsterinsights_sitenote_note":"","_monsterinsights_sitenote_category":0,"ngg_post_thumbnail":0,"footnotes":""},"class_list":["post-130","page","type-page","status-publish","hentry"],"aioseo_notices":[],"_links":{"self":[{"href":"https:\/\/tpl.laziska.pl\/index.php\/wp-json\/wp\/v2\/pages\/130","targetHints":{"allow":["GET"]}}],"collection":[{"href":"https:\/\/tpl.laziska.pl\/index.php\/wp-json\/wp\/v2\/pages"}],"about":[{"href":"https:\/\/tpl.laziska.pl\/index.php\/wp-json\/wp\/v2\/types\/page"}],"author":[{"embeddable":true,"href":"https:\/\/tpl.laziska.pl\/index.php\/wp-json\/wp\/v2\/users\/1"}],"replies":[{"embeddable":true,"href":"https:\/\/tpl.laziska.pl\/index.php\/wp-json\/wp\/v2\/comments?post=130"}],"version-history":[{"count":191,"href":"https:\/\/tpl.laziska.pl\/index.php\/wp-json\/wp\/v2\/pages\/130\/revisions"}],"predecessor-version":[{"id":1481,"href":"https:\/\/tpl.laziska.pl\/index.php\/wp-json\/wp\/v2\/pages\/130\/revisions\/1481"}],"wp:attachment":[{"href":"https:\/\/tpl.laziska.pl\/index.php\/wp-json\/wp\/v2\/media?parent=130"}],"curies":[{"name":"wp","href":"https:\/\/api.w.org\/{rel}","templated":true}]}}